{"id":2636,"date":"2025-01-30T18:40:50","date_gmt":"2025-01-30T17:40:50","guid":{"rendered":"https:\/\/www.pnl.ch\/college-coach\/?page_id=2636"},"modified":"2026-02-17T10:23:58","modified_gmt":"2026-02-17T09:23:58","slug":"dans-les-coulisses-de-la-formation-de-coach-professionnel-icf","status":"publish","type":"page","link":"https:\/\/www.pnl.ch\/college-coach\/webinaires\/dans-les-coulisses-de-la-formation-de-coach-professionnel-icf\/","title":{"rendered":"Dans les coulisses de la formation de Coach professionnel ICF"},"content":{"rendered":"<div class=\"wpb-content-wrapper\"><p>[vc_row margin_top=\u00a0\u00bb-40px\u00a0\u00bb][vc_column width=\u00a0\u00bb2\/3&Prime; css=\u00a0\u00bb.vc_custom_1511557211465{padding-right: 50px !important;}\u00a0\u00bb][vc_column_text css=\u00a0\u00bb\u00a0\u00bb]<\/p>\n<h2 style=\"text-transform: uppercase; font-size: 24px; margin-top: 0; color: #333333; letter-spacing: 1px; font-weight: bold;\">PR\u00c9SENTIEL &#8211; EN LIGNE &#8211; HYBRIDE<\/h2>\n<p><img data-dominant-color=\"ac9c97\" data-has-transparency=\"false\" style=\"--dominant-color: #ac9c97;\" decoding=\"async\" class=\"alignleft wp-image-2477 not-transparent\" src=\"https:\/\/www.pnl.ch\/college-coach\/wp-content\/uploads\/sites\/3\/2025\/01\/coach-icf-hybride-jpg.avif\" alt=\"Coach professionnel ICF hybride\" width=\"200\" height=\"200\" srcset=\"https:\/\/www.pnl.ch\/college-coach\/wp-content\/uploads\/sites\/3\/2025\/01\/coach-icf-hybride-jpg.avif 300w, https:\/\/www.pnl.ch\/college-coach\/wp-content\/uploads\/sites\/3\/2025\/01\/coach-icf-hybride-150x150.avif 150w\" sizes=\"(max-width: 200px) 100vw, 200px\" \/><\/p>\n<p>&nbsp;<\/p>\n<ul>\n<li>Vous vous sentez en d\u00e9calage dans votre entreprise et vous souhaiteriez <strong>faire un m\u00e9tier plus en accord avec des valeurs humanistes<\/strong>\u202f?<span class=\"Apple-converted-space\">\u00a0<\/span><\/li>\n<li>Vous aimeriez apporter <strong>plus de sens dans votre vie<\/strong> et voir <strong>votre contribution finalement reconnue<\/strong> ?<\/li>\n<\/ul>\n<p>&nbsp;<\/p>\n<p>Si le m\u00e9tier de coach vous fascine et vous voulez en savoir plus sur comment devenir un coach professionnel reconnu par la F\u00e9d\u00e9ration Internationale de Coaching (ICF), ce rendez-vous est pour vous !<span class=\"Apple-converted-space\">\u00a0<\/span><\/p>\n<p>Pour la premi\u00e8re fois, nous vous accueillons \u00e0 ce webinaire qui vous am\u00e8nera \u00e0 <strong>d\u00e9couvrir l\u2019univers fascinant de la formation de coach professionnel<\/strong>. Comment devient-on un vrai coach ? Quel sont les requis et le processus qui permettent de d\u00e9velopper le savoir faire et le savoir \u00eatre du coach ?<span class=\"Apple-converted-space\">\u00a0<\/span><\/p>\n<p><strong>Devenir un vrai coach reconnu par la f\u00e9d\u00e9ration internationale de coaching est un voyage qui vous am\u00e8nera \u00e0 incarner v\u00e9ritablement le coach que vous r\u00eavez d\u2019\u00eatre<\/strong>. Dans ce webinaire vous d\u00e9couvrirez les coulisses de la formation, ainsi que votre investissement personnel pour acqu\u00e9rir les outils et la vrai posture de coach.<span class=\"Apple-converted-space\">\u00a0<\/span><\/p>\n<p>La formation de coach professionnel ICF est con\u00e7ue pour vous fournir les comp\u00e9tences n\u00e9cessaires pour exercer ce m\u00e9tier avec efficacit\u00e9, professionalisme et \u00e9thique.<span class=\"Apple-converted-space\">\u00a0<\/span><\/p>\n<p>Si cela vous int\u00e9resse mais vous ne savez pas \u00e0 quoi vous attendre ni quels sont les d\u00e9bouch\u00e9s professionnels, voil\u00e0 l\u2019occasion parfaite pour vous. <strong>La formation de coach professionnel est un voyage fascinant qui vous pr\u00e9pare non seulement \u00e0 accompagner les autres, mais aussi \u00e0 \u00e9voluer personnellement.<\/strong><\/p>\n<p>Ce webinaire vous donnera un aper\u00e7u enrichissant et vous inspirera \u00e0 explorer davantage cette voie prometteuse.<\/p>\n<h3>Intervenante<\/h3>\n<p>[\/vc_column_text][vc_row_inner][vc_column_inner width=\u00a0\u00bb1\/4&Prime;][vc_single_image image=\u00a0\u00bb2367&Prime; img_size=\u00a0\u00bbfull\u00a0\u00bb add_caption=\u00a0\u00bbyes\u00a0\u00bb alignment=\u00a0\u00bbcenter\u00a0\u00bb css=\u00a0\u00bb.vc_custom_1540459099064{margin-right: 30px !important;}\u00a0\u00bb][\/vc_column_inner][vc_column_inner width=\u00a0\u00bb3\/4&Prime;][vc_column_text css=\u00a0\u00bb\u00a0\u00bb]<strong><span style=\"color: #ff6600;\">Anne-Marie Perri<\/span><\/strong><\/p>\n<p>Directrice et formatrice au Coll\u00e8ge Romand<\/p>\n<p>Anne-Marie Perri est la directrice du Coll\u00e8ge Romand. Elle est Master Trainer en PNL et assure l\u2019encadrement e la vision de l\u2019\u00e9cole. Elle suit et coache les participants pour les accompagner vers la r\u00e9ussite.<\/p>\n<p>Sp\u00e9cialement appr\u00e9ci\u00e9e pour sa bienveillance, son humanisme et sa passion pour la transmission, elle travaille \u00e0 plein temps dans le monde de la formation et de l\u2019accompagnement, en se focalisant sur comment la psychologie appliqu\u00e9e peut rendre notre vie priv\u00e9e et professionnelle plus simple. Elle anime r\u00e9guli\u00e8rement des s\u00e9minaires, webinaires et ateliers dans le cadre de son activit\u00e9 de mentor.[\/vc_column_text][\/vc_column_inner][\/vc_row_inner][\/vc_column][vc_column width=\u00a0\u00bb1\/3&Prime; css=\u00a0\u00bb.vc_custom_1511548436975{background-color: #333333 !important;}\u00a0\u00bb][vc_column_text css=\u00a0\u00bb.vc_custom_1745480844009{padding-left: 10px !important;}\u00a0\u00bb]<\/p>\n<h3 style=\"margin-top: 0;\"><strong>Inscription webinaire gratuit<\/strong><\/h3>\n<p><span style=\"color: #fff;\"><span class=\"soustitre\">\u00c9v\u00e9nement: <\/span>Webinaire<br \/>\n<span class=\"soustitre\">Date: <\/span> Date \u00e0 venir<br \/>\n<span class=\"soustitre\">Heure: <\/span> 18h30<br \/>\n<span class=\"soustitre\">Dur\u00e9e: <\/span>1h00<\/span>[\/vc_column_text][vc_raw_html css=\u00a0\u00bb\u00a0\u00bb]JTNDZm9ybSUyMGFjdGlvbiUzRCUyMmh0dHBzJTNBJTJGJTJGY3JwbmwuY2glMkZpbmRleC5waHAlMjIlMjBtZXRob2QlM0QlMjJwb3N0JTIyJTNFJTBBJTNDdGFibGUlMjBjbGFzcyUzRCUyMmFjeW1haWxpbmdfZm9ybSUyMiUyMHN0eWxlJTNEJTIyd2lkdGglM0ElMjAxMDAlMjUlM0IlMjBtYXglMjB3aWR0aCUzQSUyMDI2NXB4JTNCJTIwYmFja2dyb3VuZC1jb2xvciUzQSUyMCUyMzU1NTU1NSUzQiUyMiUzRSUwQSUzQ3Rib2R5JTNFJTBBJTNDdHIlM0UlMEElM0N0ZCUzRSUzQ2lucHV0JTIwaWQlM0QlMjJ1c2VyX25hbWUlMjIlMjBuYW1lJTNEJTIydXNlciU1Qm5hbWUlNUQlMjIlMjB0eXBlJTNEJTIydGV4dCUyMiUyMHZhbHVlJTNEJTIyJTIyJTIwcGxhY2Vob2xkZXIlM0QlMjJQciVDMyVBOW5vbSUyMiUyMCUyRiUzRSUzQyUyRnRkJTNFJTBBJTNDJTJGdHIlM0UlMEElM0N0ciUzRSUwQSUzQ3RkJTNFJTNDaW5wdXQlMjBpZCUzRCUyMnVzZXJfZW1haWwlMjIlMjBuYW1lJTNEJTIydXNlciU1QmVtYWlsJTVEJTIyJTIwdHlwZSUzRCUyMnRleHQlMjIlMjB2YWx1ZSUzRCUyMiUyMiUyMHBsYWNlaG9sZGVyJTNEJTIyQWRyZXNzZSUyMGUtbWFpbCUyMiUyMCUyRiUzRSUzQyUyRnRkJTNFJTBBJTNDJTJGdHIlM0UlMEElM0N0ciUzRSUwQSUzQ3RkJTNFJTNDaW5wdXQlMjBjbGFzcyUzRCUyMmR0LWJ0biUyMiUyMG5hbWUlM0QlMjJTdWJtaXQlMjIlMjB0eXBlJTNEJTIyc3VibWl0JTIyJTIwdmFsdWUlM0QlMjJKZSUyMG0lMjdpbnNjcmlzJTIyJTIwJTJGJTNFJTNDJTJGdGQlM0UlMEElM0MlMkZ0ciUzRSUwQSUzQ3RyJTNFJTBBJTNDdGQlMjBzdHlsZSUzRCUyMmZvbnQtc2l6ZSUzQSUyMDExcHglM0IlMjB0ZXh0LWFsaWduJTNBJTIwY2VudGVyJTNCJTIwdGV4dC1kZWNvcmF0aW9uJTNBJTIwdW5kZXJsaW5lJTNCJTIwcGFkZGluZy10b3AlM0ElMjA1cHglM0IlMjIlMjBjb2xzcGFuJTNEJTIyMiUyMiUzRSUzQ2ElMjBzdHlsZSUzRCUyMmNvbG9yJTNBJTIwJTIzZjYwJTNCJTIyJTIwaHJlZiUzRCUyMmh0dHBzJTNBJTJGJTJGd3d3LnBubC5jaCUyRmNvbmZpZGVudGlhbGl0ZS1wb2xpdGlxdWUtcHJvdGVjdGlvbi1kb25uZWVzJTJGJTIyJTIwdGFyZ2V0JTNEJTIyX2JsYW5rJTIyJTIwcmVsJTNEJTIybm9vcGVuZXIlMjBub3JlZmVycmVyJTIyJTNFTm91cyUyMG5lJTIwcGFydGFnZXJvbnMlMjBqYW1haXMlMjB2b3RyZSUyMGFkcmVzc2UlM0MlMkZhJTNFJTNDJTJGdGQlM0UlMEElM0MlMkZ0ciUzRSUwQSUzQyUyRnRib2R5JTNFJTBBJTNDJTJGdGFibGUlM0UlMEElMEElM0MlMjEtLSUyMEhvbmV5cG90JTIwYW50aS1ib3QlMjAtLSUzRSUwQSUzQ2RpdiUyMHN0eWxlJTNEJTIycG9zaXRpb24lM0FhYnNvbHV0ZSUzQiUyMGxlZnQlM0EtOTk5OXB4JTNCJTIwdG9wJTNBYXV0byUzQiUyMHdpZHRoJTNBMXB4JTNCJTIwaGVpZ2h0JTNBMXB4JTNCJTIwb3ZlcmZsb3clM0FoaWRkZW4lM0IlMjIlM0UlMEElMjAlMjAlM0NsYWJlbCUzRU5lJTIwcGFzJTIwcmVtcGxpciUyMGNlJTIwY2hhbXAlM0MlMkZsYWJlbCUzRSUwQSUyMCUyMCUzQ2lucHV0JTIwdHlwZSUzRCUyMnRleHQlMjIlMjBuYW1lJTNEJTIyd2Vic2l0ZSUyMiUyMHZhbHVlJTNEJTIyJTIyJTIwYXV0b2NvbXBsZXRlJTNEJTIyb2ZmJTIyJTIwdGFiaW5kZXglM0QlMjItMSUyMiUzRSUwQSUzQyUyRmRpdiUzRSUwQSUwQSUzQ2lucHV0JTIwdHlwZSUzRCUyMmhpZGRlbiUyMiUyMG5hbWUlM0QlMjJmb3JtX3RzJTIyJTIwdmFsdWUlM0QlMjIwJTIyJTIwaWQlM0QlMjJmb3JtX3RzJTIyJTNFJTBBJTNDc2NyaXB0JTNFJTBBJTIwJTIwJTJGJTJGJTIwVGltZXN0YW1wJTIwZW4lMjBzZWNvbmRlcyUyMGF1JTIwY2hhcmdlbWVudCUyMGRlJTIwbGElMjBwYWdlJTBBJTIwJTIwZG9jdW1lbnQuZ2V0RWxlbWVudEJ5SWQlMjglMjdmb3JtX3RzJTI3JTI5LnZhbHVlJTIwJTNEJTIwTWF0aC5mbG9vciUyOERhdGUubm93JTI4JTI5JTIwJTJGJTIwMTAwMCUyOSUzQiUwQSUzQyUyRnNjcmlwdCUzRSUwQSUwQSUwQSUzQ3NwYW4lMjBzdHlsZSUzRCUyMmRpc3BsYXklM0ElMjBub25lJTNCJTIyJTNFJTBBJTNDaW5wdXQlMjBuYW1lJTNEJTIyY3RybCUyMiUyMHR5cGUlM0QlMjJoaWRkZW4lMjIlMjB2YWx1ZSUzRCUyMmZyb250dXNlcnMlMjIlMjAlMkYlM0UlMEElM0NpbnB1dCUyMG5hbWUlM0QlMjJ0YXNrJTIyJTIwdHlwZSUzRCUyMmhpZGRlbiUyMiUyMHZhbHVlJTNEJTIyc3Vic2NyaWJlJTIyJTIwJTJGJTNFJTBBJTNDaW5wdXQlMjBuYW1lJTNEJTIycmVkaXJlY3QlMjIlMjB0eXBlJTNEJTIyaGlkZGVuJTIyJTIwdmFsdWUlM0QlMjJodHRwcyUzQSUyRiUyRnd3dy5wbmwuY2glMkZtZXJjaS1kZS1jb25maXJtZXIlMkYlMjIlMjAlMkYlM0UlMEElM0NpbnB1dCUyMG5hbWUlM0QlMjJoaWRkZW5saXN0cyUyMiUyMHR5cGUlM0QlMjJoaWRkZW4lMjIlMjB2YWx1ZSUzRCUyMjI5JTIyJTIwJTJGJTNFJTBBJTNDaW5wdXQlMjBuYW1lJTNEJTIyb3B0aW9uJTIyJTIwdHlwZSUzRCUyMmhpZGRlbiUyMiUyMHZhbHVlJTNEJTIyY29tX2FjeW0lMjIlMjAlMkYlM0UlMEElM0NpbnB1dCUyMG5hbWUlM0QlMjJzZWNrZXklMjIlMjB0eXBlJTNEJTIyaGlkZGVuJTIyJTIwdmFsdWUlM0QlMjJzQ1hZNnpPNExxV2dlTGI5emw5SnNEMFJyWlNlMm0lMjIlMjAlMkYlM0UlMEElM0MlMkZzcGFuJTNFJTBBJTBBJTNDJTJGZm9ybSUzRQ==[\/vc_raw_html][\/vc_column][\/vc_row]<\/p>\n<\/div>","protected":false},"excerpt":{"rendered":"<p>[vc_row margin_top=\u00a0\u00bb-40px\u00a0\u00bb][vc_column width=\u00a0\u00bb2\/3&Prime; css=\u00a0\u00bb.vc_custom_1511557211465{padding-right: 50px !important;}\u00a0\u00bb][vc_column_text css=\u00a0\u00bb\u00a0\u00bb] PR\u00c9SENTIEL &#8211; EN LIGNE &#8211; HYBRIDE &nbsp; Vous vous sentez en d\u00e9calage dans votre entreprise et vous souhaiteriez faire un m\u00e9tier plus en accord avec des valeurs humanistes\u202f?\u00a0 Vous aimeriez apporter plus de sens dans votre vie et voir votre contribution finalement reconnue ? &nbsp; Si le m\u00e9tier&hellip;<\/p>\n","protected":false},"author":1,"featured_media":2477,"parent":648,"menu_order":0,"comment_status":"closed","ping_status":"closed","template":"","meta":{"_acf_changed":false,"footnotes":""},"class_list":["post-2636","page","type-page","status-publish","has-post-thumbnail","hentry","description-off"],"acf":[],"yoast_head":"<!-- This site is optimized with the Yoast SEO Premium plugin v27.4 (Yoast SEO v27.4) - https:\/\/yoast.com\/product\/yoast-seo-premium-wordpress\/ -->\n<title>Dans les coulisses de la formation de coach ICF hybride<\/title>\n<meta name=\"description\" content=\"Webinaire: un vrai coach reconnu par la f\u00e9d\u00e9ration internationale de coaching est un voyage qui vous am\u00e8nera \u00e0 incarner v\u00e9ritablement le coach que vous r\u00eavez d\u2019\u00eatre.\" \/>\n<meta name=\"robots\" content=\"index, follow, max-snippet:-1, max-image-preview:large, max-video-preview:-1\" \/>\n<link rel=\"canonical\" href=\"https:\/\/www.pnl.ch\/college-coach\/webinaires\/dans-les-coulisses-de-la-formation-de-coach-professionnel-icf\/\" \/>\n<meta property=\"og:locale\" content=\"fr_FR\" \/>\n<meta property=\"og:type\" content=\"article\" \/>\n<meta property=\"og:title\" content=\"Dans les coulisses de la formation de coach\" \/>\n<meta property=\"og:description\" content=\"Devenir un vrai coach reconnu par la f\u00e9d\u00e9ration internationale de coaching est un voyage qui vous am\u00e8nera \u00e0 incarner v\u00e9ritablement le coach que vous r\u00eavez d\u2019\u00eatre. Dans ce webinaire vous d\u00e9couvrirez les coulisses de la formation, ainsi que votre investissement personnel pour acqu\u00e9rir les outils et la vrai posture de coach.\u00a0\" \/>\n<meta property=\"og:url\" content=\"https:\/\/www.pnl.ch\/college-coach\/webinaires\/dans-les-coulisses-de-la-formation-de-coach-professionnel-icf\/\" \/>\n<meta property=\"og:site_name\" content=\"Coll\u00e8ge Coach\" \/>\n<meta property=\"article:publisher\" content=\"https:\/\/www.facebook.com\/college.romand\/\" \/>\n<meta property=\"article:modified_time\" content=\"2026-02-17T09:23:58+00:00\" \/>\n<meta property=\"og:image\" content=\"http:\/\/www.pnl.ch\/college-coach\/wp-content\/uploads\/sites\/3\/2024\/03\/coach-icf-en-ligne-jpg.webp\" \/>\n\t<meta property=\"og:image:width\" content=\"1200\" \/>\n\t<meta property=\"og:image:height\" content=\"675\" \/>\n\t<meta property=\"og:image:type\" content=\"image\/jpeg\" \/>\n<meta name=\"twitter:card\" content=\"summary_large_image\" \/>\n<meta name=\"twitter:title\" content=\"Coach professionnel: comment passer d&#039;employ\u00e9 \u00e0 ind\u00e9pendant\" \/>\n<meta name=\"twitter:description\" content=\"Ce webinaire vous apprend \u00e0 identifier les erreurs \u00e0 \u00e9viter lors du passage d&#039;employ\u00e9 \u00e0 ind\u00e9pendant pour devenir coach professionnel ICF\" \/>\n<meta name=\"twitter:site\" content=\"@CollegeRomand\" \/>\n<meta name=\"twitter:label1\" content=\"Dur\u00e9e de lecture estim\u00e9e\" \/>\n\t<meta name=\"twitter:data1\" content=\"3 minutes\" \/>\n<script type=\"application\/ld+json\" class=\"yoast-schema-graph\">{\"@context\":\"https:\\\/\\\/schema.org\",\"@graph\":[{\"@type\":\"WebPage\",\"@id\":\"https:\\\/\\\/www.pnl.ch\\\/college-coach\\\/webinaires\\\/dans-les-coulisses-de-la-formation-de-coach-professionnel-icf\\\/\",\"url\":\"https:\\\/\\\/www.pnl.ch\\\/college-coach\\\/webinaires\\\/dans-les-coulisses-de-la-formation-de-coach-professionnel-icf\\\/\",\"name\":\"Dans les coulisses de la formation de coach ICF hybride\",\"isPartOf\":{\"@id\":\"https:\\\/\\\/www.pnl.ch\\\/college-coach\\\/#website\"},\"primaryImageOfPage\":{\"@id\":\"https:\\\/\\\/www.pnl.ch\\\/college-coach\\\/webinaires\\\/dans-les-coulisses-de-la-formation-de-coach-professionnel-icf\\\/#primaryimage\"},\"image\":{\"@id\":\"https:\\\/\\\/www.pnl.ch\\\/college-coach\\\/webinaires\\\/dans-les-coulisses-de-la-formation-de-coach-professionnel-icf\\\/#primaryimage\"},\"thumbnailUrl\":\"https:\\\/\\\/www.pnl.ch\\\/college-coach\\\/wp-content\\\/uploads\\\/sites\\\/3\\\/2025\\\/01\\\/coach-icf-hybride-jpg.avif\",\"datePublished\":\"2025-01-30T17:40:50+00:00\",\"dateModified\":\"2026-02-17T09:23:58+00:00\",\"description\":\"Webinaire: un vrai coach reconnu par la f\u00e9d\u00e9ration internationale de coaching est un voyage qui vous am\u00e8nera \u00e0 incarner v\u00e9ritablement le coach que vous r\u00eavez d\u2019\u00eatre.\",\"breadcrumb\":{\"@id\":\"https:\\\/\\\/www.pnl.ch\\\/college-coach\\\/webinaires\\\/dans-les-coulisses-de-la-formation-de-coach-professionnel-icf\\\/#breadcrumb\"},\"inLanguage\":\"fr-FR\",\"potentialAction\":[{\"@type\":\"ReadAction\",\"target\":[\"https:\\\/\\\/www.pnl.ch\\\/college-coach\\\/webinaires\\\/dans-les-coulisses-de-la-formation-de-coach-professionnel-icf\\\/\"]}]},{\"@type\":\"ImageObject\",\"inLanguage\":\"fr-FR\",\"@id\":\"https:\\\/\\\/www.pnl.ch\\\/college-coach\\\/webinaires\\\/dans-les-coulisses-de-la-formation-de-coach-professionnel-icf\\\/#primaryimage\",\"url\":\"https:\\\/\\\/www.pnl.ch\\\/college-coach\\\/wp-content\\\/uploads\\\/sites\\\/3\\\/2025\\\/01\\\/coach-icf-hybride-jpg.avif\",\"contentUrl\":\"https:\\\/\\\/www.pnl.ch\\\/college-coach\\\/wp-content\\\/uploads\\\/sites\\\/3\\\/2025\\\/01\\\/coach-icf-hybride-jpg.avif\",\"width\":300,\"height\":300,\"caption\":\"Coach professionnel ICF hybride\"},{\"@type\":\"BreadcrumbList\",\"@id\":\"https:\\\/\\\/www.pnl.ch\\\/college-coach\\\/webinaires\\\/dans-les-coulisses-de-la-formation-de-coach-professionnel-icf\\\/#breadcrumb\",\"itemListElement\":[{\"@type\":\"ListItem\",\"position\":1,\"name\":\"Accueil\",\"item\":\"https:\\\/\\\/www.pnl.ch\\\/college-coach\\\/\"},{\"@type\":\"ListItem\",\"position\":2,\"name\":\"Webinaires\",\"item\":\"https:\\\/\\\/www.pnl.ch\\\/college-coach\\\/webinaires\\\/\"},{\"@type\":\"ListItem\",\"position\":3,\"name\":\"Dans les coulisses de la formation de Coach professionnel ICF\"}]},{\"@type\":\"WebSite\",\"@id\":\"https:\\\/\\\/www.pnl.ch\\\/college-coach\\\/#website\",\"url\":\"https:\\\/\\\/www.pnl.ch\\\/college-coach\\\/\",\"name\":\"Coll\u00e8ge Coach\",\"description\":\"Formations certifiantes en Coaching ICF\",\"publisher\":{\"@id\":\"https:\\\/\\\/www.pnl.ch\\\/college-coach\\\/#organization\"},\"potentialAction\":[{\"@type\":\"SearchAction\",\"target\":{\"@type\":\"EntryPoint\",\"urlTemplate\":\"https:\\\/\\\/www.pnl.ch\\\/college-coach\\\/?s={search_term_string}\"},\"query-input\":{\"@type\":\"PropertyValueSpecification\",\"valueRequired\":true,\"valueName\":\"search_term_string\"}}],\"inLanguage\":\"fr-FR\"},{\"@type\":\"Organization\",\"@id\":\"https:\\\/\\\/www.pnl.ch\\\/college-coach\\\/#organization\",\"name\":\"Coll\u00e8ge Romand - Centre de formation d'adultes S\u00e0rl\",\"url\":\"https:\\\/\\\/www.pnl.ch\\\/college-coach\\\/\",\"logo\":{\"@type\":\"ImageObject\",\"inLanguage\":\"fr-FR\",\"@id\":\"https:\\\/\\\/www.pnl.ch\\\/college-coach\\\/#\\\/schema\\\/logo\\\/image\\\/\",\"url\":\"https:\\\/\\\/www.pnl.ch\\\/college-coach\\\/wp-content\\\/uploads\\\/sites\\\/3\\\/2017\\\/04\\\/college-coach-logo-nc.png\",\"contentUrl\":\"https:\\\/\\\/www.pnl.ch\\\/college-coach\\\/wp-content\\\/uploads\\\/sites\\\/3\\\/2017\\\/04\\\/college-coach-logo-nc.png\",\"width\":314,\"height\":200,\"caption\":\"Coll\u00e8ge Romand - Centre de formation d'adultes S\u00e0rl\"},\"image\":{\"@id\":\"https:\\\/\\\/www.pnl.ch\\\/college-coach\\\/#\\\/schema\\\/logo\\\/image\\\/\"},\"sameAs\":[\"https:\\\/\\\/www.facebook.com\\\/college.romand\\\/\",\"https:\\\/\\\/x.com\\\/CollegeRomand\",\"https:\\\/\\\/www.linkedin.com\\\/school\\\/college-romand\\\/\",\"https:\\\/\\\/www.instagram.com\\\/collegeromand\\\/\"]}]}<\/script>\n<!-- \/ Yoast SEO Premium plugin. -->","yoast_head_json":{"title":"Dans les coulisses de la formation de coach ICF hybride","description":"Webinaire: un vrai coach reconnu par la f\u00e9d\u00e9ration internationale de coaching est un voyage qui vous am\u00e8nera \u00e0 incarner v\u00e9ritablement le coach que vous r\u00eavez d\u2019\u00eatre.","robots":{"index":"index","follow":"follow","max-snippet":"max-snippet:-1","max-image-preview":"max-image-preview:large","max-video-preview":"max-video-preview:-1"},"canonical":"https:\/\/www.pnl.ch\/college-coach\/webinaires\/dans-les-coulisses-de-la-formation-de-coach-professionnel-icf\/","og_locale":"fr_FR","og_type":"article","og_title":"Dans les coulisses de la formation de coach","og_description":"Devenir un vrai coach reconnu par la f\u00e9d\u00e9ration internationale de coaching est un voyage qui vous am\u00e8nera \u00e0 incarner v\u00e9ritablement le coach que vous r\u00eavez d\u2019\u00eatre. Dans ce webinaire vous d\u00e9couvrirez les coulisses de la formation, ainsi que votre investissement personnel pour acqu\u00e9rir les outils et la vrai posture de coach.\u00a0","og_url":"https:\/\/www.pnl.ch\/college-coach\/webinaires\/dans-les-coulisses-de-la-formation-de-coach-professionnel-icf\/","og_site_name":"Coll\u00e8ge Coach","article_publisher":"https:\/\/www.facebook.com\/college.romand\/","article_modified_time":"2026-02-17T09:23:58+00:00","og_image":[{"width":1200,"height":675,"url":"http:\/\/www.pnl.ch\/college-coach\/wp-content\/uploads\/sites\/3\/2024\/03\/coach-icf-en-ligne-jpg.webp","type":"image\/jpeg"}],"twitter_card":"summary_large_image","twitter_title":"Coach professionnel: comment passer d'employ\u00e9 \u00e0 ind\u00e9pendant","twitter_description":"Ce webinaire vous apprend \u00e0 identifier les erreurs \u00e0 \u00e9viter lors du passage d'employ\u00e9 \u00e0 ind\u00e9pendant pour devenir coach professionnel ICF","twitter_site":"@CollegeRomand","twitter_misc":{"Dur\u00e9e de lecture estim\u00e9e":"3 minutes"},"schema":{"@context":"https:\/\/schema.org","@graph":[{"@type":"WebPage","@id":"https:\/\/www.pnl.ch\/college-coach\/webinaires\/dans-les-coulisses-de-la-formation-de-coach-professionnel-icf\/","url":"https:\/\/www.pnl.ch\/college-coach\/webinaires\/dans-les-coulisses-de-la-formation-de-coach-professionnel-icf\/","name":"Dans les coulisses de la formation de coach ICF hybride","isPartOf":{"@id":"https:\/\/www.pnl.ch\/college-coach\/#website"},"primaryImageOfPage":{"@id":"https:\/\/www.pnl.ch\/college-coach\/webinaires\/dans-les-coulisses-de-la-formation-de-coach-professionnel-icf\/#primaryimage"},"image":{"@id":"https:\/\/www.pnl.ch\/college-coach\/webinaires\/dans-les-coulisses-de-la-formation-de-coach-professionnel-icf\/#primaryimage"},"thumbnailUrl":"https:\/\/www.pnl.ch\/college-coach\/wp-content\/uploads\/sites\/3\/2025\/01\/coach-icf-hybride-jpg.avif","datePublished":"2025-01-30T17:40:50+00:00","dateModified":"2026-02-17T09:23:58+00:00","description":"Webinaire: un vrai coach reconnu par la f\u00e9d\u00e9ration internationale de coaching est un voyage qui vous am\u00e8nera \u00e0 incarner v\u00e9ritablement le coach que vous r\u00eavez d\u2019\u00eatre.","breadcrumb":{"@id":"https:\/\/www.pnl.ch\/college-coach\/webinaires\/dans-les-coulisses-de-la-formation-de-coach-professionnel-icf\/#breadcrumb"},"inLanguage":"fr-FR","potentialAction":[{"@type":"ReadAction","target":["https:\/\/www.pnl.ch\/college-coach\/webinaires\/dans-les-coulisses-de-la-formation-de-coach-professionnel-icf\/"]}]},{"@type":"ImageObject","inLanguage":"fr-FR","@id":"https:\/\/www.pnl.ch\/college-coach\/webinaires\/dans-les-coulisses-de-la-formation-de-coach-professionnel-icf\/#primaryimage","url":"https:\/\/www.pnl.ch\/college-coach\/wp-content\/uploads\/sites\/3\/2025\/01\/coach-icf-hybride-jpg.avif","contentUrl":"https:\/\/www.pnl.ch\/college-coach\/wp-content\/uploads\/sites\/3\/2025\/01\/coach-icf-hybride-jpg.avif","width":300,"height":300,"caption":"Coach professionnel ICF hybride"},{"@type":"BreadcrumbList","@id":"https:\/\/www.pnl.ch\/college-coach\/webinaires\/dans-les-coulisses-de-la-formation-de-coach-professionnel-icf\/#breadcrumb","itemListElement":[{"@type":"ListItem","position":1,"name":"Accueil","item":"https:\/\/www.pnl.ch\/college-coach\/"},{"@type":"ListItem","position":2,"name":"Webinaires","item":"https:\/\/www.pnl.ch\/college-coach\/webinaires\/"},{"@type":"ListItem","position":3,"name":"Dans les coulisses de la formation de Coach professionnel ICF"}]},{"@type":"WebSite","@id":"https:\/\/www.pnl.ch\/college-coach\/#website","url":"https:\/\/www.pnl.ch\/college-coach\/","name":"Coll\u00e8ge Coach","description":"Formations certifiantes en Coaching ICF","publisher":{"@id":"https:\/\/www.pnl.ch\/college-coach\/#organization"},"potentialAction":[{"@type":"SearchAction","target":{"@type":"EntryPoint","urlTemplate":"https:\/\/www.pnl.ch\/college-coach\/?s={search_term_string}"},"query-input":{"@type":"PropertyValueSpecification","valueRequired":true,"valueName":"search_term_string"}}],"inLanguage":"fr-FR"},{"@type":"Organization","@id":"https:\/\/www.pnl.ch\/college-coach\/#organization","name":"Coll\u00e8ge Romand - Centre de formation d'adultes S\u00e0rl","url":"https:\/\/www.pnl.ch\/college-coach\/","logo":{"@type":"ImageObject","inLanguage":"fr-FR","@id":"https:\/\/www.pnl.ch\/college-coach\/#\/schema\/logo\/image\/","url":"https:\/\/www.pnl.ch\/college-coach\/wp-content\/uploads\/sites\/3\/2017\/04\/college-coach-logo-nc.png","contentUrl":"https:\/\/www.pnl.ch\/college-coach\/wp-content\/uploads\/sites\/3\/2017\/04\/college-coach-logo-nc.png","width":314,"height":200,"caption":"Coll\u00e8ge Romand - Centre de formation d'adultes S\u00e0rl"},"image":{"@id":"https:\/\/www.pnl.ch\/college-coach\/#\/schema\/logo\/image\/"},"sameAs":["https:\/\/www.facebook.com\/college.romand\/","https:\/\/x.com\/CollegeRomand","https:\/\/www.linkedin.com\/school\/college-romand\/","https:\/\/www.instagram.com\/collegeromand\/"]}]}},"_links":{"self":[{"href":"https:\/\/www.pnl.ch\/college-coach\/wp-json\/wp\/v2\/pages\/2636","targetHints":{"allow":["GET"]}}],"collection":[{"href":"https:\/\/www.pnl.ch\/college-coach\/wp-json\/wp\/v2\/pages"}],"about":[{"href":"https:\/\/www.pnl.ch\/college-coach\/wp-json\/wp\/v2\/types\/page"}],"author":[{"embeddable":true,"href":"https:\/\/www.pnl.ch\/college-coach\/wp-json\/wp\/v2\/users\/1"}],"replies":[{"embeddable":true,"href":"https:\/\/www.pnl.ch\/college-coach\/wp-json\/wp\/v2\/comments?post=2636"}],"version-history":[{"count":34,"href":"https:\/\/www.pnl.ch\/college-coach\/wp-json\/wp\/v2\/pages\/2636\/revisions"}],"predecessor-version":[{"id":2993,"href":"https:\/\/www.pnl.ch\/college-coach\/wp-json\/wp\/v2\/pages\/2636\/revisions\/2993"}],"up":[{"embeddable":true,"href":"https:\/\/www.pnl.ch\/college-coach\/wp-json\/wp\/v2\/pages\/648"}],"wp:featuredmedia":[{"embeddable":true,"href":"https:\/\/www.pnl.ch\/college-coach\/wp-json\/wp\/v2\/media\/2477"}],"wp:attachment":[{"href":"https:\/\/www.pnl.ch\/college-coach\/wp-json\/wp\/v2\/media?parent=2636"}],"curies":[{"name":"wp","href":"https:\/\/api.w.org\/{rel}","templated":true}]}}