{"id":57,"date":"2017-04-06T16:02:40","date_gmt":"2017-04-06T14:02:40","guid":{"rendered":"https:\/\/www.pnl.ch\/college-entreprise\/?page_id=57"},"modified":"2025-09-01T11:52:13","modified_gmt":"2025-09-01T09:52:13","slug":"bases-de-la-pnl","status":"publish","type":"page","link":"https:\/\/www.pnl.ch\/college-entreprise\/formations-inter-entreprise\/bases-de-la-pnl\/","title":{"rendered":"Bases de la PNL: d\u00e9couverte et applications"},"content":{"rendered":"<div class=\"wpb-content-wrapper\"><p>[vc_row margin_top=\u00a0\u00bb-20&Prime;][vc_column width=\u00a0\u00bb1\/4&Prime;]<style type=\"text\/css\" data-type=\"the7_shortcodes-inline-css\">.shortcode-single-image-wrap.shortcode-single-image-e41a3859ab6fdde204447854d8053913.enable-bg-rollover .rollover i,\n.shortcode-single-image-wrap.shortcode-single-image-e41a3859ab6fdde204447854d8053913.enable-bg-rollover .rollover-video i {\n  background: -webkit-linear-gradient();\n  background: linear-gradient();\n}\n.shortcode-single-image-wrap.shortcode-single-image-e41a3859ab6fdde204447854d8053913 .rollover-icon {\n  font-size: 32px;\n  color: #ffffff;\n  min-width: 44px;\n  min-height: 44px;\n  line-height: 44px;\n  border-radius: 100px;\n  border-style: solid;\n  border-width: 0px;\n}\n.dt-icon-bg-on.shortcode-single-image-wrap.shortcode-single-image-e41a3859ab6fdde204447854d8053913 .rollover-icon {\n  background: rgba(255,255,255,0.3);\n  box-shadow: none;\n}<\/style><div class=\"shortcode-single-image-wrap shortcode-single-image-e41a3859ab6fdde204447854d8053913 alignnone zoomIn animate-element caption-on  enable-bg-rollover dt-icon-bg-off\" style=\"margin-top:0px; margin-bottom:0px; margin-left:0px; margin-right:0px; width:250px;\"><div class=\"shortcode-single-image\"><div class=\"fancy-media-wrap  layzr-bg\" style=\"\"><img fetchpriority=\"high\" decoding=\"async\" class=\"preload-me lazy-load aspect\" src=\"data:image\/svg+xml,%3Csvg%20xmlns%3D&#39;http%3A%2F%2Fwww.w3.org%2F2000%2Fsvg&#39;%20viewBox%3D&#39;0%200%20250%20250&#39;%2F%3E\" data-src=\"https:\/\/www.pnl.ch\/college-entreprise\/wp-content\/uploads\/sites\/5\/2017\/04\/decouverte-250x250.jpg\" data-srcset=\"https:\/\/www.pnl.ch\/college-entreprise\/wp-content\/uploads\/sites\/5\/2017\/04\/decouverte-250x250.jpg 250w, https:\/\/www.pnl.ch\/college-entreprise\/wp-content\/uploads\/sites\/5\/2017\/04\/decouverte.jpg 300w\" loading=\"eager\" sizes=\"(max-width: 250px) 100vw, 250px\" width=\"250\" height=\"250\"  data-dt-location=\"https:\/\/www.pnl.ch\/college-entreprise\/formations-inter-entreprise\/bases-de-la-pnl\/decouverte\/\" style=\"--ratio: 250 \/ 250;\" alt=\"Bases de la PNL: d\u00e9couverte et applications\" \/><\/div><\/div><div class=\"shortcode-single-caption\">S\u00e9minaire des Bases de la PNL: d\u00e9couverte et applications au Coll\u00e8ge Romand.<\/div><\/div>[\/vc_column][vc_column width=\u00a0\u00bb3\/4&Prime;][vc_column_text css=\u00a0\u00bb\u00a0\u00bb]<\/p>\n<p class=\"date-formation\"><strong>Prochaine session : Dates \u00e0 venir<\/strong><\/p>\n<h3>Relevez les d\u00e9fis professionnels avec des outils puissants et transformez vos interactions en entreprise.<\/h3>\n<p>Dans un monde professionnel en constante \u00e9volution, la capacit\u00e9 \u00e0 communiquer efficacement, \u00e0 g\u00e9rer les conflits et \u00e0 mobiliser les ressources de son \u00e9quipe est essentielle. La Programmation Neurolinguistique (PNL) propose des outils concrets et pratiques pour comprendre les dynamiques humaines et am\u00e9liorer vos performances dans des situations vari\u00e9es.<\/p>\n<h3>Pourquoi la PNL est-elle un atout en entreprise\u202f?<\/h3>\n<p>La PNL est bien plus qu\u2019une simple m\u00e9thode de d\u00e9veloppement personnel. Elle est utilis\u00e9e dans des contextes professionnels pour\u202f:<\/p>\n<ul>\n<li><strong>Optimiser la communication<\/strong>\u202f: \u00c9vitez les malentendus, inspirez la confiance et adaptez votre langage \u00e0 vos interlocuteurs.<\/li>\n<li><strong>G\u00e9rer les conflits<\/strong>\u202f: Transformez les tensions en opportunit\u00e9s d\u2019apprentissage et de collaboration.<\/li>\n<li><strong>Booster la collaboration<\/strong>\u202f: Alignez les objectifs de votre \u00e9quipe pour une efficacit\u00e9 accrue.<\/li>\n<li><strong>Renforcer le leadership<\/strong>\u202f: Influencez positivement et motivez vos collaborateurs en comprenant ce qui les anime.<\/li>\n<\/ul>\n<h3>Ce s\u00e9minaire d\u2019initiation \u00e0 la PNL vous permettra de\u202f:<\/h3>\n<ul>\n<li>D\u00e9couvrir les fondamentaux de la PNL et son \u00e9tat d\u2019esprit.<\/li>\n<li>Acqu\u00e9rir des techniques pour am\u00e9liorer vos relations professionnelles.<\/li>\n<li>Comprendre comment transformer des situations complexes en opportunit\u00e9s.<\/li>\n<li>Mettre en pratique des strat\u00e9gies applicables d\u00e8s le premier jour dans votre contexte professionnel.<\/li>\n<\/ul>\n<h3>\u00c0 qui s\u2019adresse cette formation\u202f?<\/h3>\n<p>Les managers et dirigeants souhaitant <strong>am\u00e9liorer leur leadership<\/strong>.<br \/>\nLes chefs de projet cherchant \u00e0 <strong>optimiser la collaboration<\/strong> au sein de leur \u00e9quipe.<br \/>\nLes professionnels d\u00e9sireux de <strong>d\u00e9velopper des comp\u00e9tences en communication<\/strong> et en gestion de relations.<br \/>\nToute personne aspirant \u00e0 <strong>transformer sa mani\u00e8re de travailler<\/strong> et de collaborer.<\/p>\n<h3>Une premi\u00e8re \u00e9tape vers des certifications internationales<\/h3>\n<p>Ce s\u00e9minaire introductif peut \u00e9galement \u00eatre le point de d\u00e9part d\u2019un parcours plus complet. Les formations ult\u00e9rieures permettent d\u2019obtenir des certifications internationales reconnues, d\u00e9livr\u00e9es par la <em>Society of Neuro-Linguistic Programming<\/em>, garantissant ainsi une reconnaissance mondiale de vos comp\u00e9tences en PNL.<\/p>\n<h3>Pourquoi choisir cette formation\u202f?<\/h3>\n<ul>\n<li><strong>Une approche pratique<\/strong>\u202f: Apprenez \u00e0 travers des exercices concrets et des mises en situation professionnelles.<\/li>\n<li><strong>Des r\u00e9sultats imm\u00e9diats<\/strong>\u202f: Appliquez directement les outils dans votre quotidien au travail.<\/li>\n<li><strong>Un investissement durable<\/strong>\u202f: Posez les bases d\u2019un d\u00e9veloppement professionnel align\u00e9 avec vos ambitions et celles de votre organisation.<\/li>\n<\/ul>\n<p>[\/vc_column_text][vc_btn title=\u00a0\u00bbProposer cette formation \u00e0 vos \u00e9quipes\u00a0\u00bb color=\u00a0\u00bbdanger\u00a0\u00bb align=\u00a0\u00bbleft\u00a0\u00bb css=\u00a0\u00bb\u00a0\u00bb link=\u00a0\u00bburl:https%3A%2F%2Fwww.pnl.ch%2Fcollege-entreprise%2Finscription%2F|title:Proposer%20cette%20formation%20%C3%A0%20vos%20%C3%A9quipes\u00a0\u00bb][\/vc_column][\/vc_row][vc_row margin_top=\u00a0\u00bb40&Prime; margin_bottom=\u00a0\u00bb40&Prime;][vc_column][vc_tta_tabs style=\u00a0\u00bbmodern\u00a0\u00bb spacing=\u00a0\u00bb4&Prime; gap=\u00a0\u00bb4&Prime; active_section=\u00a0\u00bb1&Prime;][vc_tta_section title=\u00a0\u00bbObjectifs\u00a0\u00bb tab_id=\u00a0\u00bb1499949446402-76c21520-cff4&Prime;][vc_column_text]<\/p>\n<ul>\n<li>Reconna\u00eetre les fondements de la PNL qui vont vous soutenir dans la cr\u00e9ation de votre succ\u00e8s.<\/li>\n<li>Cr\u00e9er un bon rapport avec n\u2019importe quel interlocuteur, m\u00eame avec les personnes avec qui vous n\u2019entrez pas en contact naturellement.<\/li>\n<li>Tester, par l\u2019observation, si le rapport est bien \u00e9tabli avec votre interlocuteur.<\/li>\n<li>Communiquer dans les diff\u00e9rents canaux sensoriels afin de mieux vous faire comprendre et enrichir votre discours.<\/li>\n<li>Visitez vos situations conflictuelles et d\u00e9couvrez des pistes pour les am\u00e9liorer, voire les solutionner compl\u00e8tement.<\/li>\n<li>Aligner vos valeurs, vos convictions, vos atouts, vos comportements et votre environnement pour r\u00e9ussir dans vos objectifs.<\/li>\n<\/ul>\n<p>[\/vc_column_text][\/vc_tta_section][vc_tta_section title=\u00a0\u00bbContenus\u00a0\u00bb tab_id=\u00a0\u00bb1499949446562-7b3f7298-3327&Prime;][vc_column_text]<\/p>\n<ul>\n<li>Postulats de la PNL.<\/li>\n<li>Rapport et synchronisation.<\/li>\n<li>Conduite.<\/li>\n<li>VAKOG et pr\u00e9dicats.<\/li>\n<li>Positions de perception.<\/li>\n<li>Alignement des niveaux logiques.<\/li>\n<\/ul>\n<p>[\/vc_column_text][\/vc_tta_section][vc_tta_section title=\u00a0\u00bbM\u00e9thode\u00a0\u00bb tab_id=\u00a0\u00bb1499949486747-cb16f9ff-947f\u00a0\u00bb][vc_column_text]<\/p>\n<h5 style=\"margin-top: 5px;\">Personnes concern\u00e9es<\/h5>\n<p>Personnes souhaitant d\u00e9couvrir la Programmation Neurolinguistique (PNL) et comment cette m\u00e9thodologie permet de d\u00e9velopper leurs capacit\u00e9s relationnelles et la connaissance d\u2019elles-m\u00eames.<\/p>\n<h5>P\u00e9dagogie<\/h5>\n<p>Notre approche\u00a0s&rsquo;inspire des techniques d\u2019apprentissage acc\u00e9l\u00e9r\u00e9. Elle favorise\u00a0l\u2019int\u00e9gration rapide des connaissances et des savoir-faire. Nous favorisons la mise en application imm\u00e9diate\u00a0des acquis gr\u00e2ce \u00e0 un\u00a0<a href=\"https:\/\/www.pnl.ch\/e-learning\/\">espace virtuel d\u2019apprentissage<\/a>.<\/p>\n<p>[\/vc_column_text][\/vc_tta_section][vc_tta_section title=\u00a0\u00bbInfos &amp; tarifs\u00a0\u00bb tab_id=\u00a0\u00bb1499949495737-c3aa93fc-a1ef\u00a0\u00bb][vc_column_text]<\/p>\n<h5 style=\"margin-top: 5px;\">ANIMATION<\/h5>\n<p><a title=\"Anne-Marie Perri\" href=\"https:\/\/www.pnl.ch\/formateurs\/anne-marie-perri\/\">Anne-Marie Perri<\/a><\/p>\n<h5>LANGUE<\/h5>\n<p>Fran\u00e7ais<\/p>\n<h5>PR\u00c9REQUIS<\/h5>\n<p>Aucun<\/p>\n<h5>PRIX<\/h5>\n<p>CHF 437.-. Si, apr\u00e8s avoir particip\u00e9 \u00e0 ce modules de D\u00e9couverte et applications de la PNL, vous d\u00e9cidez de vous inscrire \u00e0 une formation de Praticien en PNL, session week-ends, CHF 200.- seront d\u00e9ductibles de son prix.<\/p>\n<h5>LIEU<\/h5>\n<p>Centre de formation du <a title=\"Centre de formation du Coll\u00e8ge Romand\" href=\"https:\/\/www.pnl.ch\/lieux\/centre-de-formation-college-romand\/\">Coll\u00e8ge Romand<\/a>, Denges<\/p>\n<h5>CERTIFICATION<\/h5>\n<p>Cette formation est reconnue par <a href=\"http:\/\/asca.ch\/\" target=\"_blank\" rel=\"noopener noreferrer\">l&rsquo;asca<\/a> en tant que formation continue.[\/vc_column_text][\/vc_tta_section][vc_tta_section title=\u00a0\u00bbEt apr\u00e8s?\u00a0\u00bb tab_id=\u00a0\u00bb1499949521360-06383c56-3e51&Prime;][vc_column_text]<\/p>\n<h5 style=\"margin-top: 5px;\">Praticien en PNL<\/h5>\n<ul class=\"puce-entreprise\">\n<li>Le stress, les conflits, le manque de confiance p\u00e8sent sur votre vie?<\/li>\n<li>Vous aimeriez vous reconnecter avec le meilleur de vous-m\u00eame et acc\u00e9der \u00e0 la richesse de votre personnalit\u00e9?<\/li>\n<li>Vous d\u00e9sirez prendre les r\u00eanes de vos \u00e9motions et de vos comportements?<\/li>\n<\/ul>\n<h3>Apr\u00e8s les bases de la PNL, de nombreux outils vous apporteront une autonomie par rapport \u00e0 votre propre d\u00e9veloppement.<\/h3>\n<p>Gr\u00e2ce \u00e0 cette puissante m\u00e9thode d&rsquo;\u00e9volution, vous sortirez de cette spirale o\u00f9 vous subissez les \u00e9v\u00e9nements de votre vie. Vous obtiendrez des outils pour prendre les r\u00eanes de votre d\u00e9veloppement personnel et professionnel! <strong><a title=\"Praticien en PNL\" href=\"https:\/\/www.pnl.ch\/college-entreprise\/formations\/praticien-en-pnl\/\">D\u00e9couvrez les plus de cette formation\u2026<\/a><\/strong>[\/vc_column_text][\/vc_tta_section][\/vc_tta_tabs][\/vc_column][\/vc_row][vc_row margin_top=\u00a0\u00bb50&Prime;][vc_column][vc_column_text]Nous vous conseillons volontiers sur cette formation, contactez directement le Coll\u00e8ge Entreprise au <a href=\"tel:+41227369862\">+41 22 736 98 62<\/a> les lundi, mardi, jeudi et vendredi.[\/vc_column_text][vc_btn title=\u00a0\u00bbProposer cette formation \u00e0 vos \u00e9quipes\u00a0\u00bb color=\u00a0\u00bbdanger\u00a0\u00bb align=\u00a0\u00bbleft\u00a0\u00bb css=\u00a0\u00bb\u00a0\u00bb link=\u00a0\u00bburl:https%3A%2F%2Fwww.pnl.ch%2Fcollege-entreprise%2Finscription%2F|title:Proposer%20cette%20formation%20%C3%A0%20vos%20%C3%A9quipes\u00a0\u00bb][\/vc_column][\/vc_row][vc_column][\/vc_column]<\/p>\n<\/div>","protected":false},"excerpt":{"rendered":"<p>[vc_row margin_top=\u00a0\u00bb-20&Prime;][vc_column width=\u00a0\u00bb1\/4&Prime;][\/vc_column][vc_column width=\u00a0\u00bb3\/4&Prime;][vc_column_text css=\u00a0\u00bb\u00a0\u00bb] Prochaine session : Dates \u00e0 venir Relevez les d\u00e9fis professionnels avec des outils puissants et transformez vos interactions en entreprise. Dans un monde professionnel en constante \u00e9volution, la capacit\u00e9 \u00e0 communiquer efficacement, \u00e0 g\u00e9rer les conflits et \u00e0 mobiliser les ressources de son \u00e9quipe est essentielle. La Programmation Neurolinguistique (PNL)&hellip;<\/p>\n","protected":false},"author":1,"featured_media":130,"parent":43,"menu_order":0,"comment_status":"closed","ping_status":"closed","template":"","meta":{"_acf_changed":false,"footnotes":""},"class_list":["post-57","page","type-page","status-publish","has-post-thumbnail","hentry","description-off"],"acf":[],"yoast_head":"<!-- This site is optimized with the Yoast SEO Premium plugin v27.4 (Yoast SEO v27.4) - https:\/\/yoast.com\/product\/yoast-seo-premium-wordpress\/ -->\n<title>Bases de la PNL: d\u00e9couverte et applications | Coll\u00e8ge Entreprise<\/title>\n<meta name=\"description\" content=\"Agir sur vos pens\u00e9es et vos \u00e9motions afin d\u2019acc\u00e9der \u00e0 vos propres r\u00eaves, cela s\u2019apprend. S\u00e9minaire des Bases de la PNL: d\u00e9couverte et applications\u2026\" \/>\n<meta name=\"robots\" content=\"index, follow, max-snippet:-1, max-image-preview:large, max-video-preview:-1\" \/>\n<link rel=\"canonical\" href=\"https:\/\/www.pnl.ch\/college-entreprise\/formations-inter-entreprise\/bases-de-la-pnl\/\" \/>\n<meta property=\"og:locale\" content=\"fr_FR\" \/>\n<meta property=\"og:type\" content=\"article\" \/>\n<meta property=\"og:title\" content=\"Bases de la PNL: d\u00e9couverte et applications\" \/>\n<meta property=\"og:description\" content=\"Agir sur vos pens\u00e9es et vos \u00e9motions afin d\u2019acc\u00e9der \u00e0 vos propres r\u00eaves, cela s\u2019apprend. S\u00e9minaire des Bases de la PNL: d\u00e9couverte et applications\u2026\" \/>\n<meta property=\"og:url\" content=\"https:\/\/www.pnl.ch\/college-entreprise\/formations-inter-entreprise\/bases-de-la-pnl\/\" \/>\n<meta property=\"og:site_name\" content=\"Coll\u00e8ge Entreprise\" \/>\n<meta property=\"article:publisher\" content=\"https:\/\/www.facebook.com\/college.romand\/\" \/>\n<meta property=\"article:modified_time\" content=\"2025-09-01T09:52:13+00:00\" \/>\n<meta property=\"og:image\" content=\"http:\/\/www.pnl.ch\/college-entreprise\/wp-content\/uploads\/sites\/5\/2024\/03\/bases-de-la-pnl-jpg.webp\" \/>\n\t<meta property=\"og:image:width\" content=\"1200\" \/>\n\t<meta property=\"og:image:height\" content=\"675\" \/>\n\t<meta property=\"og:image:type\" content=\"image\/jpeg\" \/>\n<meta name=\"twitter:card\" content=\"summary_large_image\" \/>\n<meta name=\"twitter:description\" content=\"Agir sur vos pens\u00e9es et vos \u00e9motions afin d\u2019acc\u00e9der \u00e0 vos propres r\u00eaves, cela s\u2019apprend. S\u00e9minaire des Bases de la PNL: d\u00e9couverte et applications\u2026\" \/>\n<meta name=\"twitter:site\" content=\"@CollegeRomand\" \/>\n<meta name=\"twitter:label1\" content=\"Dur\u00e9e de lecture estim\u00e9e\" \/>\n\t<meta name=\"twitter:data1\" content=\"5 minutes\" \/>\n<script type=\"application\/ld+json\" class=\"yoast-schema-graph\">{\"@context\":\"https:\\\/\\\/schema.org\",\"@graph\":[{\"@type\":\"WebPage\",\"@id\":\"https:\\\/\\\/www.pnl.ch\\\/college-entreprise\\\/formations-inter-entreprise\\\/bases-de-la-pnl\\\/\",\"url\":\"https:\\\/\\\/www.pnl.ch\\\/college-entreprise\\\/formations-inter-entreprise\\\/bases-de-la-pnl\\\/\",\"name\":\"Bases de la PNL: d\u00e9couverte et applications | Coll\u00e8ge Entreprise\",\"isPartOf\":{\"@id\":\"https:\\\/\\\/www.pnl.ch\\\/college-entreprise\\\/#website\"},\"primaryImageOfPage\":{\"@id\":\"https:\\\/\\\/www.pnl.ch\\\/college-entreprise\\\/formations-inter-entreprise\\\/bases-de-la-pnl\\\/#primaryimage\"},\"image\":{\"@id\":\"https:\\\/\\\/www.pnl.ch\\\/college-entreprise\\\/formations-inter-entreprise\\\/bases-de-la-pnl\\\/#primaryimage\"},\"thumbnailUrl\":\"https:\\\/\\\/www.pnl.ch\\\/college-entreprise\\\/wp-content\\\/uploads\\\/sites\\\/5\\\/2017\\\/04\\\/decouverte.jpg\",\"datePublished\":\"2017-04-06T14:02:40+00:00\",\"dateModified\":\"2025-09-01T09:52:13+00:00\",\"description\":\"Agir sur vos pens\u00e9es et vos \u00e9motions afin d\u2019acc\u00e9der \u00e0 vos propres r\u00eaves, cela s\u2019apprend. S\u00e9minaire des Bases de la PNL: d\u00e9couverte et applications\u2026\",\"breadcrumb\":{\"@id\":\"https:\\\/\\\/www.pnl.ch\\\/college-entreprise\\\/formations-inter-entreprise\\\/bases-de-la-pnl\\\/#breadcrumb\"},\"inLanguage\":\"fr-FR\",\"potentialAction\":[{\"@type\":\"ReadAction\",\"target\":[\"https:\\\/\\\/www.pnl.ch\\\/college-entreprise\\\/formations-inter-entreprise\\\/bases-de-la-pnl\\\/\"]}]},{\"@type\":\"ImageObject\",\"inLanguage\":\"fr-FR\",\"@id\":\"https:\\\/\\\/www.pnl.ch\\\/college-entreprise\\\/formations-inter-entreprise\\\/bases-de-la-pnl\\\/#primaryimage\",\"url\":\"https:\\\/\\\/www.pnl.ch\\\/college-entreprise\\\/wp-content\\\/uploads\\\/sites\\\/5\\\/2017\\\/04\\\/decouverte.jpg\",\"contentUrl\":\"https:\\\/\\\/www.pnl.ch\\\/college-entreprise\\\/wp-content\\\/uploads\\\/sites\\\/5\\\/2017\\\/04\\\/decouverte.jpg\",\"width\":300,\"height\":300,\"caption\":\"Bases de la PNL: d\u00e9couverte et applications\"},{\"@type\":\"BreadcrumbList\",\"@id\":\"https:\\\/\\\/www.pnl.ch\\\/college-entreprise\\\/formations-inter-entreprise\\\/bases-de-la-pnl\\\/#breadcrumb\",\"itemListElement\":[{\"@type\":\"ListItem\",\"position\":1,\"name\":\"Accueil\",\"item\":\"https:\\\/\\\/www.pnl.ch\\\/college-entreprise\\\/\"},{\"@type\":\"ListItem\",\"position\":2,\"name\":\"Formations inter-entreprise\",\"item\":\"http:\\\/\\\/www.pnl.ch\\\/college-entreprise\\\/formations-inter-entreprise\\\/\"},{\"@type\":\"ListItem\",\"position\":3,\"name\":\"Bases de la PNL: d\u00e9couverte et applications\"}]},{\"@type\":\"WebSite\",\"@id\":\"https:\\\/\\\/www.pnl.ch\\\/college-entreprise\\\/#website\",\"url\":\"https:\\\/\\\/www.pnl.ch\\\/college-entreprise\\\/\",\"name\":\"Coll\u00e8ge Entreprise\",\"description\":\"Formations certifiantes en d\u00e9veloppement de l\u2019Humain dans l\u2019Entreprise\",\"publisher\":{\"@id\":\"https:\\\/\\\/www.pnl.ch\\\/college-entreprise\\\/#organization\"},\"potentialAction\":[{\"@type\":\"SearchAction\",\"target\":{\"@type\":\"EntryPoint\",\"urlTemplate\":\"https:\\\/\\\/www.pnl.ch\\\/college-entreprise\\\/?s={search_term_string}\"},\"query-input\":{\"@type\":\"PropertyValueSpecification\",\"valueRequired\":true,\"valueName\":\"search_term_string\"}}],\"inLanguage\":\"fr-FR\"},{\"@type\":\"Organization\",\"@id\":\"https:\\\/\\\/www.pnl.ch\\\/college-entreprise\\\/#organization\",\"name\":\"Coll\u00e8ge Romand - Centre de formation d'adultes S\u00e0rl\",\"url\":\"https:\\\/\\\/www.pnl.ch\\\/college-entreprise\\\/\",\"logo\":{\"@type\":\"ImageObject\",\"inLanguage\":\"fr-FR\",\"@id\":\"https:\\\/\\\/www.pnl.ch\\\/college-entreprise\\\/#\\\/schema\\\/logo\\\/image\\\/\",\"url\":\"https:\\\/\\\/www.pnl.ch\\\/college-entreprise\\\/wp-content\\\/uploads\\\/sites\\\/5\\\/2017\\\/04\\\/college-entreprise-logo-nc.png\",\"contentUrl\":\"https:\\\/\\\/www.pnl.ch\\\/college-entreprise\\\/wp-content\\\/uploads\\\/sites\\\/5\\\/2017\\\/04\\\/college-entreprise-logo-nc.png\",\"width\":314,\"height\":200,\"caption\":\"Coll\u00e8ge Romand - Centre de formation d'adultes S\u00e0rl\"},\"image\":{\"@id\":\"https:\\\/\\\/www.pnl.ch\\\/college-entreprise\\\/#\\\/schema\\\/logo\\\/image\\\/\"},\"sameAs\":[\"https:\\\/\\\/www.facebook.com\\\/college.romand\\\/\",\"https:\\\/\\\/x.com\\\/CollegeRomand\",\"https:\\\/\\\/www.linkedin.com\\\/school\\\/college-romand\\\/\",\"https:\\\/\\\/www.instagram.com\\\/collegeromand\\\/\"]}]}<\/script>\n<!-- \/ Yoast SEO Premium plugin. -->","yoast_head_json":{"title":"Bases de la PNL: d\u00e9couverte et applications | Coll\u00e8ge Entreprise","description":"Agir sur vos pens\u00e9es et vos \u00e9motions afin d\u2019acc\u00e9der \u00e0 vos propres r\u00eaves, cela s\u2019apprend. S\u00e9minaire des Bases de la PNL: d\u00e9couverte et applications\u2026","robots":{"index":"index","follow":"follow","max-snippet":"max-snippet:-1","max-image-preview":"max-image-preview:large","max-video-preview":"max-video-preview:-1"},"canonical":"https:\/\/www.pnl.ch\/college-entreprise\/formations-inter-entreprise\/bases-de-la-pnl\/","og_locale":"fr_FR","og_type":"article","og_title":"Bases de la PNL: d\u00e9couverte et applications","og_description":"Agir sur vos pens\u00e9es et vos \u00e9motions afin d\u2019acc\u00e9der \u00e0 vos propres r\u00eaves, cela s\u2019apprend. S\u00e9minaire des Bases de la PNL: d\u00e9couverte et applications\u2026","og_url":"https:\/\/www.pnl.ch\/college-entreprise\/formations-inter-entreprise\/bases-de-la-pnl\/","og_site_name":"Coll\u00e8ge Entreprise","article_publisher":"https:\/\/www.facebook.com\/college.romand\/","article_modified_time":"2025-09-01T09:52:13+00:00","og_image":[{"width":1200,"height":675,"url":"http:\/\/www.pnl.ch\/college-entreprise\/wp-content\/uploads\/sites\/5\/2024\/03\/bases-de-la-pnl-jpg.webp","type":"image\/jpeg"}],"twitter_card":"summary_large_image","twitter_description":"Agir sur vos pens\u00e9es et vos \u00e9motions afin d\u2019acc\u00e9der \u00e0 vos propres r\u00eaves, cela s\u2019apprend. S\u00e9minaire des Bases de la PNL: d\u00e9couverte et applications\u2026","twitter_site":"@CollegeRomand","twitter_misc":{"Dur\u00e9e de lecture estim\u00e9e":"5 minutes"},"schema":{"@context":"https:\/\/schema.org","@graph":[{"@type":"WebPage","@id":"https:\/\/www.pnl.ch\/college-entreprise\/formations-inter-entreprise\/bases-de-la-pnl\/","url":"https:\/\/www.pnl.ch\/college-entreprise\/formations-inter-entreprise\/bases-de-la-pnl\/","name":"Bases de la PNL: d\u00e9couverte et applications | Coll\u00e8ge Entreprise","isPartOf":{"@id":"https:\/\/www.pnl.ch\/college-entreprise\/#website"},"primaryImageOfPage":{"@id":"https:\/\/www.pnl.ch\/college-entreprise\/formations-inter-entreprise\/bases-de-la-pnl\/#primaryimage"},"image":{"@id":"https:\/\/www.pnl.ch\/college-entreprise\/formations-inter-entreprise\/bases-de-la-pnl\/#primaryimage"},"thumbnailUrl":"https:\/\/www.pnl.ch\/college-entreprise\/wp-content\/uploads\/sites\/5\/2017\/04\/decouverte.jpg","datePublished":"2017-04-06T14:02:40+00:00","dateModified":"2025-09-01T09:52:13+00:00","description":"Agir sur vos pens\u00e9es et vos \u00e9motions afin d\u2019acc\u00e9der \u00e0 vos propres r\u00eaves, cela s\u2019apprend. S\u00e9minaire des Bases de la PNL: d\u00e9couverte et applications\u2026","breadcrumb":{"@id":"https:\/\/www.pnl.ch\/college-entreprise\/formations-inter-entreprise\/bases-de-la-pnl\/#breadcrumb"},"inLanguage":"fr-FR","potentialAction":[{"@type":"ReadAction","target":["https:\/\/www.pnl.ch\/college-entreprise\/formations-inter-entreprise\/bases-de-la-pnl\/"]}]},{"@type":"ImageObject","inLanguage":"fr-FR","@id":"https:\/\/www.pnl.ch\/college-entreprise\/formations-inter-entreprise\/bases-de-la-pnl\/#primaryimage","url":"https:\/\/www.pnl.ch\/college-entreprise\/wp-content\/uploads\/sites\/5\/2017\/04\/decouverte.jpg","contentUrl":"https:\/\/www.pnl.ch\/college-entreprise\/wp-content\/uploads\/sites\/5\/2017\/04\/decouverte.jpg","width":300,"height":300,"caption":"Bases de la PNL: d\u00e9couverte et applications"},{"@type":"BreadcrumbList","@id":"https:\/\/www.pnl.ch\/college-entreprise\/formations-inter-entreprise\/bases-de-la-pnl\/#breadcrumb","itemListElement":[{"@type":"ListItem","position":1,"name":"Accueil","item":"https:\/\/www.pnl.ch\/college-entreprise\/"},{"@type":"ListItem","position":2,"name":"Formations inter-entreprise","item":"http:\/\/www.pnl.ch\/college-entreprise\/formations-inter-entreprise\/"},{"@type":"ListItem","position":3,"name":"Bases de la PNL: d\u00e9couverte et applications"}]},{"@type":"WebSite","@id":"https:\/\/www.pnl.ch\/college-entreprise\/#website","url":"https:\/\/www.pnl.ch\/college-entreprise\/","name":"Coll\u00e8ge Entreprise","description":"Formations certifiantes en d\u00e9veloppement de l\u2019Humain dans l\u2019Entreprise","publisher":{"@id":"https:\/\/www.pnl.ch\/college-entreprise\/#organization"},"potentialAction":[{"@type":"SearchAction","target":{"@type":"EntryPoint","urlTemplate":"https:\/\/www.pnl.ch\/college-entreprise\/?s={search_term_string}"},"query-input":{"@type":"PropertyValueSpecification","valueRequired":true,"valueName":"search_term_string"}}],"inLanguage":"fr-FR"},{"@type":"Organization","@id":"https:\/\/www.pnl.ch\/college-entreprise\/#organization","name":"Coll\u00e8ge Romand - Centre de formation d'adultes S\u00e0rl","url":"https:\/\/www.pnl.ch\/college-entreprise\/","logo":{"@type":"ImageObject","inLanguage":"fr-FR","@id":"https:\/\/www.pnl.ch\/college-entreprise\/#\/schema\/logo\/image\/","url":"https:\/\/www.pnl.ch\/college-entreprise\/wp-content\/uploads\/sites\/5\/2017\/04\/college-entreprise-logo-nc.png","contentUrl":"https:\/\/www.pnl.ch\/college-entreprise\/wp-content\/uploads\/sites\/5\/2017\/04\/college-entreprise-logo-nc.png","width":314,"height":200,"caption":"Coll\u00e8ge Romand - Centre de formation d'adultes S\u00e0rl"},"image":{"@id":"https:\/\/www.pnl.ch\/college-entreprise\/#\/schema\/logo\/image\/"},"sameAs":["https:\/\/www.facebook.com\/college.romand\/","https:\/\/x.com\/CollegeRomand","https:\/\/www.linkedin.com\/school\/college-romand\/","https:\/\/www.instagram.com\/collegeromand\/"]}]}},"_links":{"self":[{"href":"https:\/\/www.pnl.ch\/college-entreprise\/wp-json\/wp\/v2\/pages\/57","targetHints":{"allow":["GET"]}}],"collection":[{"href":"https:\/\/www.pnl.ch\/college-entreprise\/wp-json\/wp\/v2\/pages"}],"about":[{"href":"https:\/\/www.pnl.ch\/college-entreprise\/wp-json\/wp\/v2\/types\/page"}],"author":[{"embeddable":true,"href":"https:\/\/www.pnl.ch\/college-entreprise\/wp-json\/wp\/v2\/users\/1"}],"replies":[{"embeddable":true,"href":"https:\/\/www.pnl.ch\/college-entreprise\/wp-json\/wp\/v2\/comments?post=57"}],"version-history":[{"count":22,"href":"https:\/\/www.pnl.ch\/college-entreprise\/wp-json\/wp\/v2\/pages\/57\/revisions"}],"predecessor-version":[{"id":1571,"href":"https:\/\/www.pnl.ch\/college-entreprise\/wp-json\/wp\/v2\/pages\/57\/revisions\/1571"}],"up":[{"embeddable":true,"href":"https:\/\/www.pnl.ch\/college-entreprise\/wp-json\/wp\/v2\/pages\/43"}],"wp:featuredmedia":[{"embeddable":true,"href":"https:\/\/www.pnl.ch\/college-entreprise\/wp-json\/wp\/v2\/media\/130"}],"wp:attachment":[{"href":"https:\/\/www.pnl.ch\/college-entreprise\/wp-json\/wp\/v2\/media?parent=57"}],"curies":[{"name":"wp","href":"https:\/\/api.w.org\/{rel}","templated":true}]}}