{"id":669,"date":"2020-05-19T09:55:32","date_gmt":"2020-05-19T07:55:32","guid":{"rendered":"https:\/\/www.pnl.ch\/college-entreprise\/?page_id=669"},"modified":"2024-11-11T19:06:22","modified_gmt":"2024-11-11T18:06:22","slug":"intelligence-emotionnelle","status":"publish","type":"page","link":"https:\/\/www.pnl.ch\/college-entreprise\/formations-intra-entreprise\/intelligence-emotionnelle\/","title":{"rendered":"Cultiver votre intelligence \u00e9motionnelle au service de votre leadership"},"content":{"rendered":"<div class=\"wpb-content-wrapper\"><p>[vc_row margin_top=\u00a0\u00bb-20&Prime;][vc_column width=\u00a0\u00bb1\/4&Prime;]<style type=\"text\/css\" data-type=\"the7_shortcodes-inline-css\">.shortcode-single-image-wrap.shortcode-single-image-da03deb4f4c66adbff0a0afe11c62f35.enable-bg-rollover .rollover i,\n.shortcode-single-image-wrap.shortcode-single-image-da03deb4f4c66adbff0a0afe11c62f35.enable-bg-rollover .rollover-video i {\n  background: -webkit-linear-gradient();\n  background: linear-gradient();\n}\n.shortcode-single-image-wrap.shortcode-single-image-da03deb4f4c66adbff0a0afe11c62f35 .rollover-icon {\n  font-size: 32px;\n  color: #ffffff;\n  min-width: 44px;\n  min-height: 44px;\n  line-height: 44px;\n  border-radius: 100px;\n  border-style: solid;\n  border-width: 0px;\n}\n.dt-icon-bg-on.shortcode-single-image-wrap.shortcode-single-image-da03deb4f4c66adbff0a0afe11c62f35 .rollover-icon {\n  background: rgba(255,255,255,0.3);\n  box-shadow: none;\n}<\/style><div class=\"shortcode-single-image-wrap shortcode-single-image-da03deb4f4c66adbff0a0afe11c62f35 alignnone zoomIn animate-element caption-on  enable-bg-rollover dt-icon-bg-off\" style=\"margin-top:0px; margin-bottom:0px; margin-left:0px; margin-right:0px; width:250px;\"><div class=\"shortcode-single-image\"><div class=\"fancy-media-wrap  layzr-bg\" style=\"\"><img fetchpriority=\"high\" decoding=\"async\" class=\"preload-me lazy-load aspect\" src=\"data:image\/svg+xml,%3Csvg%20xmlns%3D&#39;http%3A%2F%2Fwww.w3.org%2F2000%2Fsvg&#39;%20viewBox%3D&#39;0%200%20250%20250&#39;%2F%3E\" data-src=\"https:\/\/www.pnl.ch\/college-entreprise\/wp-content\/uploads\/sites\/5\/2019\/10\/intelligence-emotionnelle-250x250.jpg\" data-srcset=\"https:\/\/www.pnl.ch\/college-entreprise\/wp-content\/uploads\/sites\/5\/2019\/10\/intelligence-emotionnelle-250x250.jpg 250w, https:\/\/www.pnl.ch\/college-entreprise\/wp-content\/uploads\/sites\/5\/2019\/10\/intelligence-emotionnelle.jpg 300w\" loading=\"eager\" sizes=\"(max-width: 250px) 100vw, 250px\" width=\"250\" height=\"250\"  data-dt-location=\"https:\/\/www.pnl.ch\/college-entreprise\/intelligence-emotionnelle-2\/\" style=\"--ratio: 250 \/ 250;\" alt=\"Cultiver votre intelligence \u00e9motionnelle au service de votre leadership\" \/><\/div><\/div><div class=\"shortcode-single-caption\">S\u00e9minaire sur demande:  Cultiver votre intelligence \u00e9motionnelle au service de votre leadership<\/div><\/div>[\/vc_column][vc_column width=\u00a0\u00bb3\/4&Prime;][vc_column_text css=\u00a0\u00bb\u00a0\u00bb]<\/p>\n<p class=\"date-formation\">Formation intra-entreprise sur demande<\/p>\n<ul class=\"puce-entreprise\">\n<li>Avez-vous des difficult\u00e9s \u00e0 ma\u00eetriser vos \u00e9motions dans les situations de tension?<\/li>\n<li>Vos \u00e9tats \u00e9motionnels impactent-ils n\u00e9gativement votre leadership?<\/li>\n<li>Voyez-vous les \u00e9motions comme un obstacle plut\u00f4t que comme une ressource?<\/li>\n<li>Souhaitez-vous utiliser vos \u00e9motions en tant qu\u2019outil de management?<\/li>\n<\/ul>\n<p>Vos \u00e9motions peuvent \u00eatre votre meilleur ami ou votre pire ennemi, tout d\u00e9pend de la relation que vous entretenez avec elles. <strong>En tant que leader, savoir utiliser vos \u00e9motions comme une ressource vous permet d\u2019en faire un outil de management et d\u2019agir avec justesse.<\/strong> Vous pourrez ainsi entra\u00eener votre autorit\u00e9 int\u00e9rieure en sollicitant l\u2019\u00e9nergie des \u00e9motions utiles au contexte.<\/p>\n<p>Utiliser vos \u00e9motions comme une ressource est la cl\u00e9 pour rester ancr\u00e9 en vous-m\u00eame dans toute situation et choisir une posture de puissance plut\u00f4t que de force.<\/p>\n<p>Au travers de ce s\u00e9minaire, vous apprendrez \u00e0 comprendre les \u00e9motions et leur influence sur vous et sur les autres pour les utiliser diff\u00e9remment. Cela vous permettra de mieux n\u00e9gocier les tensions et les diff\u00e9rends, d\u2019utiliser un langage \u00e9motionnel qui favorise le dialogue et la coop\u00e9ration et d\u2019augmenter le plaisir et la performance au travail au sein de votre \u00e9quipe.<\/p>\n<p>De plus, conna\u00eetre votre profil avec vos 8 intelligences vous permettra d\u2019am\u00e9liorer votre \u00e9quilibre de vie, d\u2019\u00eatre align\u00e9 et de rester dans une \u00e9nergie tonique qui est propice \u00e0 la r\u00e9ussite dans chaque domaine de votre vie.[\/vc_column_text][vc_btn title=\u00a0\u00bbProposer cette formation \u00e0 vos \u00e9quipes\u00a0\u00bb color=\u00a0\u00bbdanger\u00a0\u00bb align=\u00a0\u00bbleft\u00a0\u00bb css=\u00a0\u00bb\u00a0\u00bb link=\u00a0\u00bburl:https%3A%2F%2Fwww.pnl.ch%2Fcollege-entreprise%2Finscription%2F|title:Proposer%20cette%20formation%20%C3%A0%20vos%20%C3%A9quipes\u00a0\u00bb][\/vc_column][\/vc_row][vc_row margin_top=\u00a0\u00bb40&Prime; margin_bottom=\u00a0\u00bb40&Prime;][vc_column][vc_tta_tabs style=\u00a0\u00bbmodern\u00a0\u00bb spacing=\u00a0\u00bb4&Prime; gap=\u00a0\u00bb4&Prime; active_section=\u00a0\u00bb1&Prime;][vc_tta_section title=\u00a0\u00bbObjectifs\u00a0\u00bb tab_id=\u00a0\u00bb1499949651115-968014be-752f\u00a0\u00bb][vc_column_text]<\/p>\n<ul class=\"puce-entreprise\">\n<li style=\"font-weight: 400;\"><span style=\"font-weight: 400;\">Comprendre les \u00e9motions et leur influence chez soi et chez les autres.<\/span><\/li>\n<li style=\"font-weight: 400;\"><span style=\"font-weight: 400;\">Utiliser les 5 dimensions de l\u2019intelligence \u00e9motionnelle dans les relations.<\/span><\/li>\n<li style=\"font-weight: 400;\"><span style=\"font-weight: 400;\">Rechercher le \u00abFlow\u00bb dans l\u2019activit\u00e9 pour une coh\u00e9rence plaisir \/ performance.<\/span><\/li>\n<li style=\"font-weight: 400;\"><span style=\"font-weight: 400;\">Utiliser un langage \u00e9motionnel donnant envie \u00e0 son interlocuteur de dialoguer et\/ou de coop\u00e9rer.<\/span><\/li>\n<\/ul>\n<p>[\/vc_column_text][\/vc_tta_section][vc_tta_section title=\u00a0\u00bbTh\u00e8mes possibles\u00a0\u00bb tab_id=\u00a0\u00bb1499949651299-38565a1d-e13b\u00a0\u00bb][vc_column_text]<\/p>\n<ul>\n<li style=\"font-weight: 400;\"><span style=\"font-weight: 400;\">Reconna\u00eetre et prendre en compte vos \u00e9motions de mani\u00e8re ad\u00e9quate \u00e0 la situation.<\/span><\/li>\n<li style=\"font-weight: 400;\"><span style=\"font-weight: 400;\">Accueillir les \u00e9motions et les ressentis des autres afin de mieux n\u00e9gocier les tensions et diff\u00e9rents.<\/span><\/li>\n<li style=\"font-weight: 400;\"><span style=\"font-weight: 400;\">R\u00e9guler votre respiration, votre voix, votre gestuelle afin de permettre une coh\u00e9rence dans le discours.<\/span><\/li>\n<li style=\"font-weight: 400;\"><span style=\"font-weight: 400;\">Utiliser un langage \u00e9motionnel donnant envie \u00e0 votre interlocuteur de dialoguer et de coop\u00e9rer.<\/span><\/li>\n<li style=\"font-weight: 400;\"><span style=\"font-weight: 400;\">\u00catre apte \u00e0 vivre avec une plus grande s\u00e9r\u00e9nit\u00e9 en toutes circonstances.<\/span><\/li>\n<li style=\"font-weight: 400;\"><span style=\"font-weight: 400;\">Accompagner et conduire les \u00e9motions collectives.<\/span><\/li>\n<li style=\"font-weight: 400;\"><span style=\"font-weight: 400;\">G\u00e9n\u00e9rer le \u00abFLOW\u00bb pour une performance durable.<\/span><\/li>\n<li style=\"font-weight: 400;\"><span style=\"font-weight: 400;\">Les m\u00e9canismes \u00e9motionnels et leur influence chez soi et chez les autres.<\/span><\/li>\n<li style=\"font-weight: 400;\"><span style=\"font-weight: 400;\">La diff\u00e9rence entre les \u00e9motions primaires et secondaires dans la gestion des comportements.<\/span><\/li>\n<li style=\"font-weight: 400;\"><span style=\"font-weight: 400;\">Les 5 dimensions de l\u2019intelligence \u00e9motionnelle dans la conduite de votre Leadership.<\/span><\/li>\n<li style=\"font-weight: 400;\"><span style=\"font-weight: 400;\">Les 8 types d\u2019intelligence \u00e0 prendre en compte, afin de cr\u00e9er des relations de qualit\u00e9.<\/span><\/li>\n<li style=\"font-weight: 400;\"><span style=\"font-weight: 400;\">Entra\u00eener les 5 comp\u00e9tences n\u00e9cessaires \u00e0 une bonne utilisation de son potentiel.<\/span><\/li>\n<li style=\"font-weight: 400;\"><span style=\"font-weight: 400;\">La relation \u00e0 l\u2019autre, pour entrer en contact, cr\u00e9er la confiance et d\u00e9velopper la compr\u00e9hension.<\/span><\/li>\n<li style=\"font-weight: 400;\"><span style=\"font-weight: 400;\">La relation au son et au rythme, pour ajuster le ton, moduler votre voix et varier votre cadence.<\/span><\/li>\n<li style=\"font-weight: 400;\"><span style=\"font-weight: 400;\">La relation au corps, exploiter votre physiologie, d\u00e9velopper votre impact et la coh\u00e9rence de vos gestes.<\/span><\/li>\n<li style=\"font-weight: 400;\"><span style=\"font-weight: 400;\">La relation avec vous-m\u00eame, pour l\u2019estime de soi, vous affirmer et \u00e9largir vos choix.<\/span><\/li>\n<li style=\"font-weight: 400;\"><span style=\"font-weight: 400;\">Utilisation des mots dans le langage, pour d\u00e9couvrir la force des paroles et comprendre l\u2019autre.<\/span><\/li>\n<li style=\"font-weight: 400;\"><span style=\"font-weight: 400;\">Utilisation de l\u2019analyse et de la synth\u00e8se, pour d\u00e9velopper l\u2019information et g\u00e9n\u00e9rer des strat\u00e9gies.<\/span><\/li>\n<li style=\"font-weight: 400;\"><span style=\"font-weight: 400;\">Mobiliser sa physiologie afin de solliciter les bonnes \u00e9motions permettant la performance voulue.<\/span><\/li>\n<li style=\"font-weight: 400;\"><span style=\"font-weight: 400;\">L\u2019utilisation des valeurs afin de prendre en compte les \u00e9motions de votre \u00e9quipe et de cr\u00e9er un \u00e9tat d\u2019esprit constructif.<\/span><\/li>\n<li style=\"font-weight: 400;\"><span style=\"font-weight: 400;\">La mesure des \u00e9tats de sant\u00e9 \u00e9motionnelle, l\u2019int\u00e9gration de cette dimension dans la conduite de vos activit\u00e9s.<\/span><\/li>\n<\/ul>\n<p>[\/vc_column_text][\/vc_tta_section][vc_tta_section title=\u00a0\u00bbM\u00e9thode\u00a0\u00bb tab_id=\u00a0\u00bb1499949687566-f7a7de3f-75ef\u00a0\u00bb][vc_column_text]<\/p>\n<h5 style=\"margin-top: 5px;\">Personnes concern\u00e9es<\/h5>\n<p>Managers, responsables RH, n\u00e9gociateurs, formateurs, consultants, coachs, th\u00e9rapeutes, etc.<\/p>\n<h5>P\u00e9dagogie<\/h5>\n<p>Notre approche\u00a0s&rsquo;inspire des techniques d\u2019apprentissage acc\u00e9l\u00e9r\u00e9. Elle favorise\u00a0l\u2019int\u00e9gration rapide des connaissances et des savoir-faire. Nous favorisons la mise en application imm\u00e9diate\u00a0des acquis gr\u00e2ce \u00e0 un\u00a0<a href=\"https:\/\/www.pnl.ch\/e-learning\/\">espace virtuel d\u2019apprentissage<\/a>.[\/vc_column_text][\/vc_tta_section][vc_tta_section title=\u00a0\u00bbInfos et tarifs\u00a0\u00bb tab_id=\u00a0\u00bb1499949703604-6ba23e01-f490&Prime;][vc_column_text]<\/p>\n<h5 style=\"margin-top: 5px;\">ANIMATION<\/h5>\n<p><a href=\"https:\/\/www.pnl.ch\/formateurs\/roger-blumenthal\/\">Roger Blumenthal.<\/a> Enseignant en PNL, Coach ICF PCC, formateur et conf\u00e9rencier international, MAS en Human System Engineering.<\/p>\n<h5>LANGUE<\/h5>\n<p>Francais<\/p>\n<h5>PR\u00c9REQUIS<\/h5>\n<p>Aucun. Entretien t\u00e9l\u00e9phonique conseill\u00e9.<\/p>\n<h5>PRIX<\/h5>\n<p>Sur demande<\/p>\n<h5>LIEU<\/h5>\n<p>Centre de formation\u00a0<a title=\"Coll\u00e8ge Romand, Denges\" href=\"https:\/\/www.pnl.ch\/lieux\/centre-de-formation-college-romand\/\">Coll\u00e8ge Romand<\/a>, Denges[\/vc_column_text][\/vc_tta_section][vc_tta_section title=\u00a0\u00bbEt apr\u00e8s?\u00a0\u00bb tab_id=\u00a0\u00bb1499949723953-225590d7-63b1&Prime;][vc_column_text]<\/p>\n<h5 style=\"margin-top: 5px;\">Praticien en PNL<\/h5>\n<ul class=\"puce-entreprise\">\n<li>Le stress, les conflits, le manque de confiance p\u00e8sent sur votre vie?<\/li>\n<li>Vous aimeriez vous reconnecter avec le meilleur de vous-m\u00eame et acc\u00e9der \u00e0 la richesse de votre personnalit\u00e9?<\/li>\n<li>Vous d\u00e9sirez prendre les r\u00eanes de vos \u00e9motions et de vos comportements?<\/li>\n<\/ul>\n<h3>De nombreux outils vous apporteront une autonomie par rapport \u00e0 votre propre d\u00e9veloppement.<\/h3>\n<p>Gr\u00e2ce \u00e0 cette puissante m\u00e9thode d&rsquo;\u00e9volution, vous sortirez de cette spirale o\u00f9 vous subissez les \u00e9v\u00e9nements de votre vie. Vous obtiendrez des outils pour prendre les r\u00eanes de votre d\u00e9veloppement personnel et professionnel! <strong><a title=\"Praticien en PNL\" href=\"https:\/\/www.pnl.ch\/college-entreprise\/formations\/praticien-en-pnl\/\">D\u00e9couvrez les plus de cette formation\u2026<\/a><\/strong>[\/vc_column_text][\/vc_tta_section][\/vc_tta_tabs][\/vc_column][\/vc_row][vc_row margin_top=\u00a0\u00bb50&Prime;][vc_column][vc_column_text]Nous vous conseillons volontiers sur cette formation, contactez directement le Coll\u00e8ge Entreprise au <a href=\"tel:+41227369862\">+41 22 736 98 62<\/a> les lundi, mardis, jeudis et vendredis.[\/vc_column_text][vc_btn title=\u00a0\u00bbProposer cette formation \u00e0 vos \u00e9quipes\u00a0\u00bb color=\u00a0\u00bbdanger\u00a0\u00bb align=\u00a0\u00bbleft\u00a0\u00bb css=\u00a0\u00bb\u00a0\u00bb link=\u00a0\u00bburl:https%3A%2F%2Fwww.pnl.ch%2Fcollege-entreprise%2Finscription%2F|title:Proposer%20cette%20formation%20%C3%A0%20vos%20%C3%A9quipes\u00a0\u00bb][\/vc_column][\/vc_row][vc_column][\/vc_column]<\/p>\n<\/div>","protected":false},"excerpt":{"rendered":"<p>[vc_row margin_top=\u00a0\u00bb-20&Prime;][vc_column width=\u00a0\u00bb1\/4&Prime;][\/vc_column][vc_column width=\u00a0\u00bb3\/4&Prime;][vc_column_text css=\u00a0\u00bb\u00a0\u00bb] Formation intra-entreprise sur demande Avez-vous des difficult\u00e9s \u00e0 ma\u00eetriser vos \u00e9motions dans les situations de tension? Vos \u00e9tats \u00e9motionnels impactent-ils n\u00e9gativement votre leadership? Voyez-vous les \u00e9motions comme un obstacle plut\u00f4t que comme une ressource? Souhaitez-vous utiliser vos \u00e9motions en tant qu\u2019outil de management? Vos \u00e9motions peuvent \u00eatre votre meilleur ami&hellip;<\/p>\n","protected":false},"author":1,"featured_media":712,"parent":46,"menu_order":0,"comment_status":"closed","ping_status":"closed","template":"","meta":{"_acf_changed":false,"footnotes":""},"class_list":["post-669","page","type-page","status-publish","has-post-thumbnail","hentry","description-off"],"acf":[],"yoast_head":"<!-- This site is optimized with the Yoast SEO Premium plugin v27.4 (Yoast SEO v27.4) - https:\/\/yoast.com\/product\/yoast-seo-premium-wordpress\/ -->\n<title>Cultivez votre intelligence \u00e9motionnelle au service du leadership<\/title>\n<meta name=\"description\" content=\"En tant que leader, avoir une intelligence \u00e9motionnelle est une ressource qui vous permet d\u2019en faire un outil de management et d\u2019agir avec justesse.\" \/>\n<meta name=\"robots\" content=\"index, follow, max-snippet:-1, max-image-preview:large, max-video-preview:-1\" \/>\n<link rel=\"canonical\" href=\"http:\/\/www.pnl.ch\/college-entreprise\/formations-intra-entreprise\/intelligence-emotionnelle\/\" \/>\n<meta property=\"og:locale\" content=\"fr_FR\" \/>\n<meta property=\"og:type\" content=\"article\" \/>\n<meta property=\"og:title\" content=\"Cultivez votre intelligence \u00e9motionnelle au service du leadership\" \/>\n<meta property=\"og:description\" content=\"En tant que leader, avoir une bonne intelligence \u00e9motionnelle est une ressource qui vous permet d\u2019en faire un outil de management et d\u2019agir avec justesse.\" \/>\n<meta property=\"og:url\" content=\"http:\/\/www.pnl.ch\/college-entreprise\/formations-intra-entreprise\/intelligence-emotionnelle\/\" \/>\n<meta property=\"og:site_name\" content=\"Coll\u00e8ge Entreprise\" \/>\n<meta property=\"article:publisher\" content=\"https:\/\/www.facebook.com\/college.romand\/\" \/>\n<meta property=\"article:modified_time\" content=\"2024-11-11T18:06:22+00:00\" \/>\n<meta property=\"og:image\" content=\"http:\/\/www.pnl.ch\/college-entreprise\/wp-content\/uploads\/sites\/5\/2024\/03\/intelligence-emotionnelle-jpg.webp\" \/>\n\t<meta property=\"og:image:width\" content=\"1200\" \/>\n\t<meta property=\"og:image:height\" content=\"675\" \/>\n\t<meta property=\"og:image:type\" content=\"image\/jpeg\" \/>\n<meta name=\"twitter:card\" content=\"summary_large_image\" \/>\n<meta name=\"twitter:title\" content=\"Cultivez votre intelligence \u00e9motionnelle au service du leadership\" \/>\n<meta name=\"twitter:description\" content=\"En tant que leader, avoir une bonne intelligence \u00e9motionnelle est une ressource qui vous permet d\u2019en faire un outil de management et d\u2019agir avec justesse.\" \/>\n<meta name=\"twitter:site\" content=\"@CollegeRomand\" \/>\n<meta name=\"twitter:label1\" content=\"Dur\u00e9e de lecture estim\u00e9e\" \/>\n\t<meta name=\"twitter:data1\" content=\"5 minutes\" \/>\n<script type=\"application\/ld+json\" class=\"yoast-schema-graph\">{\"@context\":\"https:\\\/\\\/schema.org\",\"@graph\":[{\"@type\":\"WebPage\",\"@id\":\"http:\\\/\\\/www.pnl.ch\\\/college-entreprise\\\/formations-intra-entreprise\\\/intelligence-emotionnelle\\\/\",\"url\":\"http:\\\/\\\/www.pnl.ch\\\/college-entreprise\\\/formations-intra-entreprise\\\/intelligence-emotionnelle\\\/\",\"name\":\"Cultivez votre intelligence \u00e9motionnelle au service du leadership\",\"isPartOf\":{\"@id\":\"https:\\\/\\\/www.pnl.ch\\\/college-entreprise\\\/#website\"},\"primaryImageOfPage\":{\"@id\":\"http:\\\/\\\/www.pnl.ch\\\/college-entreprise\\\/formations-intra-entreprise\\\/intelligence-emotionnelle\\\/#primaryimage\"},\"image\":{\"@id\":\"http:\\\/\\\/www.pnl.ch\\\/college-entreprise\\\/formations-intra-entreprise\\\/intelligence-emotionnelle\\\/#primaryimage\"},\"thumbnailUrl\":\"https:\\\/\\\/www.pnl.ch\\\/college-entreprise\\\/wp-content\\\/uploads\\\/sites\\\/5\\\/2019\\\/10\\\/intelligence-emotionnelle.jpg\",\"datePublished\":\"2020-05-19T07:55:32+00:00\",\"dateModified\":\"2024-11-11T18:06:22+00:00\",\"description\":\"En tant que leader, avoir une intelligence \u00e9motionnelle est une ressource qui vous permet d\u2019en faire un outil de management et d\u2019agir avec justesse.\",\"breadcrumb\":{\"@id\":\"http:\\\/\\\/www.pnl.ch\\\/college-entreprise\\\/formations-intra-entreprise\\\/intelligence-emotionnelle\\\/#breadcrumb\"},\"inLanguage\":\"fr-FR\",\"potentialAction\":[{\"@type\":\"ReadAction\",\"target\":[\"http:\\\/\\\/www.pnl.ch\\\/college-entreprise\\\/formations-intra-entreprise\\\/intelligence-emotionnelle\\\/\"]}]},{\"@type\":\"ImageObject\",\"inLanguage\":\"fr-FR\",\"@id\":\"http:\\\/\\\/www.pnl.ch\\\/college-entreprise\\\/formations-intra-entreprise\\\/intelligence-emotionnelle\\\/#primaryimage\",\"url\":\"https:\\\/\\\/www.pnl.ch\\\/college-entreprise\\\/wp-content\\\/uploads\\\/sites\\\/5\\\/2019\\\/10\\\/intelligence-emotionnelle.jpg\",\"contentUrl\":\"https:\\\/\\\/www.pnl.ch\\\/college-entreprise\\\/wp-content\\\/uploads\\\/sites\\\/5\\\/2019\\\/10\\\/intelligence-emotionnelle.jpg\",\"width\":300,\"height\":300,\"caption\":\"Cultiver votre intelligence \u00e9motionnelle au service de votre leadership\"},{\"@type\":\"BreadcrumbList\",\"@id\":\"http:\\\/\\\/www.pnl.ch\\\/college-entreprise\\\/formations-intra-entreprise\\\/intelligence-emotionnelle\\\/#breadcrumb\",\"itemListElement\":[{\"@type\":\"ListItem\",\"position\":1,\"name\":\"Accueil\",\"item\":\"https:\\\/\\\/www.pnl.ch\\\/college-entreprise\\\/\"},{\"@type\":\"ListItem\",\"position\":2,\"name\":\"Formations intra-entreprise\",\"item\":\"http:\\\/\\\/www.pnl.ch\\\/college-entreprise\\\/formations-intra-entreprise\\\/\"},{\"@type\":\"ListItem\",\"position\":3,\"name\":\"Cultiver votre intelligence \u00e9motionnelle au service de votre leadership\"}]},{\"@type\":\"WebSite\",\"@id\":\"https:\\\/\\\/www.pnl.ch\\\/college-entreprise\\\/#website\",\"url\":\"https:\\\/\\\/www.pnl.ch\\\/college-entreprise\\\/\",\"name\":\"Coll\u00e8ge Entreprise\",\"description\":\"Formations certifiantes en d\u00e9veloppement de l\u2019Humain dans l\u2019Entreprise\",\"publisher\":{\"@id\":\"https:\\\/\\\/www.pnl.ch\\\/college-entreprise\\\/#organization\"},\"potentialAction\":[{\"@type\":\"SearchAction\",\"target\":{\"@type\":\"EntryPoint\",\"urlTemplate\":\"https:\\\/\\\/www.pnl.ch\\\/college-entreprise\\\/?s={search_term_string}\"},\"query-input\":{\"@type\":\"PropertyValueSpecification\",\"valueRequired\":true,\"valueName\":\"search_term_string\"}}],\"inLanguage\":\"fr-FR\"},{\"@type\":\"Organization\",\"@id\":\"https:\\\/\\\/www.pnl.ch\\\/college-entreprise\\\/#organization\",\"name\":\"Coll\u00e8ge Romand - Centre de formation d'adultes S\u00e0rl\",\"url\":\"https:\\\/\\\/www.pnl.ch\\\/college-entreprise\\\/\",\"logo\":{\"@type\":\"ImageObject\",\"inLanguage\":\"fr-FR\",\"@id\":\"https:\\\/\\\/www.pnl.ch\\\/college-entreprise\\\/#\\\/schema\\\/logo\\\/image\\\/\",\"url\":\"https:\\\/\\\/www.pnl.ch\\\/college-entreprise\\\/wp-content\\\/uploads\\\/sites\\\/5\\\/2017\\\/04\\\/college-entreprise-logo-nc.png\",\"contentUrl\":\"https:\\\/\\\/www.pnl.ch\\\/college-entreprise\\\/wp-content\\\/uploads\\\/sites\\\/5\\\/2017\\\/04\\\/college-entreprise-logo-nc.png\",\"width\":314,\"height\":200,\"caption\":\"Coll\u00e8ge Romand - Centre de formation d'adultes S\u00e0rl\"},\"image\":{\"@id\":\"https:\\\/\\\/www.pnl.ch\\\/college-entreprise\\\/#\\\/schema\\\/logo\\\/image\\\/\"},\"sameAs\":[\"https:\\\/\\\/www.facebook.com\\\/college.romand\\\/\",\"https:\\\/\\\/x.com\\\/CollegeRomand\",\"https:\\\/\\\/www.linkedin.com\\\/school\\\/college-romand\\\/\",\"https:\\\/\\\/www.instagram.com\\\/collegeromand\\\/\"]}]}<\/script>\n<!-- \/ Yoast SEO Premium plugin. -->","yoast_head_json":{"title":"Cultivez votre intelligence \u00e9motionnelle au service du leadership","description":"En tant que leader, avoir une intelligence \u00e9motionnelle est une ressource qui vous permet d\u2019en faire un outil de management et d\u2019agir avec justesse.","robots":{"index":"index","follow":"follow","max-snippet":"max-snippet:-1","max-image-preview":"max-image-preview:large","max-video-preview":"max-video-preview:-1"},"canonical":"http:\/\/www.pnl.ch\/college-entreprise\/formations-intra-entreprise\/intelligence-emotionnelle\/","og_locale":"fr_FR","og_type":"article","og_title":"Cultivez votre intelligence \u00e9motionnelle au service du leadership","og_description":"En tant que leader, avoir une bonne intelligence \u00e9motionnelle est une ressource qui vous permet d\u2019en faire un outil de management et d\u2019agir avec justesse.","og_url":"http:\/\/www.pnl.ch\/college-entreprise\/formations-intra-entreprise\/intelligence-emotionnelle\/","og_site_name":"Coll\u00e8ge Entreprise","article_publisher":"https:\/\/www.facebook.com\/college.romand\/","article_modified_time":"2024-11-11T18:06:22+00:00","og_image":[{"width":1200,"height":675,"url":"http:\/\/www.pnl.ch\/college-entreprise\/wp-content\/uploads\/sites\/5\/2024\/03\/intelligence-emotionnelle-jpg.webp","type":"image\/jpeg"}],"twitter_card":"summary_large_image","twitter_title":"Cultivez votre intelligence \u00e9motionnelle au service du leadership","twitter_description":"En tant que leader, avoir une bonne intelligence \u00e9motionnelle est une ressource qui vous permet d\u2019en faire un outil de management et d\u2019agir avec justesse.","twitter_site":"@CollegeRomand","twitter_misc":{"Dur\u00e9e de lecture estim\u00e9e":"5 minutes"},"schema":{"@context":"https:\/\/schema.org","@graph":[{"@type":"WebPage","@id":"http:\/\/www.pnl.ch\/college-entreprise\/formations-intra-entreprise\/intelligence-emotionnelle\/","url":"http:\/\/www.pnl.ch\/college-entreprise\/formations-intra-entreprise\/intelligence-emotionnelle\/","name":"Cultivez votre intelligence \u00e9motionnelle au service du leadership","isPartOf":{"@id":"https:\/\/www.pnl.ch\/college-entreprise\/#website"},"primaryImageOfPage":{"@id":"http:\/\/www.pnl.ch\/college-entreprise\/formations-intra-entreprise\/intelligence-emotionnelle\/#primaryimage"},"image":{"@id":"http:\/\/www.pnl.ch\/college-entreprise\/formations-intra-entreprise\/intelligence-emotionnelle\/#primaryimage"},"thumbnailUrl":"https:\/\/www.pnl.ch\/college-entreprise\/wp-content\/uploads\/sites\/5\/2019\/10\/intelligence-emotionnelle.jpg","datePublished":"2020-05-19T07:55:32+00:00","dateModified":"2024-11-11T18:06:22+00:00","description":"En tant que leader, avoir une intelligence \u00e9motionnelle est une ressource qui vous permet d\u2019en faire un outil de management et d\u2019agir avec justesse.","breadcrumb":{"@id":"http:\/\/www.pnl.ch\/college-entreprise\/formations-intra-entreprise\/intelligence-emotionnelle\/#breadcrumb"},"inLanguage":"fr-FR","potentialAction":[{"@type":"ReadAction","target":["http:\/\/www.pnl.ch\/college-entreprise\/formations-intra-entreprise\/intelligence-emotionnelle\/"]}]},{"@type":"ImageObject","inLanguage":"fr-FR","@id":"http:\/\/www.pnl.ch\/college-entreprise\/formations-intra-entreprise\/intelligence-emotionnelle\/#primaryimage","url":"https:\/\/www.pnl.ch\/college-entreprise\/wp-content\/uploads\/sites\/5\/2019\/10\/intelligence-emotionnelle.jpg","contentUrl":"https:\/\/www.pnl.ch\/college-entreprise\/wp-content\/uploads\/sites\/5\/2019\/10\/intelligence-emotionnelle.jpg","width":300,"height":300,"caption":"Cultiver votre intelligence \u00e9motionnelle au service de votre leadership"},{"@type":"BreadcrumbList","@id":"http:\/\/www.pnl.ch\/college-entreprise\/formations-intra-entreprise\/intelligence-emotionnelle\/#breadcrumb","itemListElement":[{"@type":"ListItem","position":1,"name":"Accueil","item":"https:\/\/www.pnl.ch\/college-entreprise\/"},{"@type":"ListItem","position":2,"name":"Formations intra-entreprise","item":"http:\/\/www.pnl.ch\/college-entreprise\/formations-intra-entreprise\/"},{"@type":"ListItem","position":3,"name":"Cultiver votre intelligence \u00e9motionnelle au service de votre leadership"}]},{"@type":"WebSite","@id":"https:\/\/www.pnl.ch\/college-entreprise\/#website","url":"https:\/\/www.pnl.ch\/college-entreprise\/","name":"Coll\u00e8ge Entreprise","description":"Formations certifiantes en d\u00e9veloppement de l\u2019Humain dans l\u2019Entreprise","publisher":{"@id":"https:\/\/www.pnl.ch\/college-entreprise\/#organization"},"potentialAction":[{"@type":"SearchAction","target":{"@type":"EntryPoint","urlTemplate":"https:\/\/www.pnl.ch\/college-entreprise\/?s={search_term_string}"},"query-input":{"@type":"PropertyValueSpecification","valueRequired":true,"valueName":"search_term_string"}}],"inLanguage":"fr-FR"},{"@type":"Organization","@id":"https:\/\/www.pnl.ch\/college-entreprise\/#organization","name":"Coll\u00e8ge Romand - Centre de formation d'adultes S\u00e0rl","url":"https:\/\/www.pnl.ch\/college-entreprise\/","logo":{"@type":"ImageObject","inLanguage":"fr-FR","@id":"https:\/\/www.pnl.ch\/college-entreprise\/#\/schema\/logo\/image\/","url":"https:\/\/www.pnl.ch\/college-entreprise\/wp-content\/uploads\/sites\/5\/2017\/04\/college-entreprise-logo-nc.png","contentUrl":"https:\/\/www.pnl.ch\/college-entreprise\/wp-content\/uploads\/sites\/5\/2017\/04\/college-entreprise-logo-nc.png","width":314,"height":200,"caption":"Coll\u00e8ge Romand - Centre de formation d'adultes S\u00e0rl"},"image":{"@id":"https:\/\/www.pnl.ch\/college-entreprise\/#\/schema\/logo\/image\/"},"sameAs":["https:\/\/www.facebook.com\/college.romand\/","https:\/\/x.com\/CollegeRomand","https:\/\/www.linkedin.com\/school\/college-romand\/","https:\/\/www.instagram.com\/collegeromand\/"]}]}},"_links":{"self":[{"href":"https:\/\/www.pnl.ch\/college-entreprise\/wp-json\/wp\/v2\/pages\/669","targetHints":{"allow":["GET"]}}],"collection":[{"href":"https:\/\/www.pnl.ch\/college-entreprise\/wp-json\/wp\/v2\/pages"}],"about":[{"href":"https:\/\/www.pnl.ch\/college-entreprise\/wp-json\/wp\/v2\/types\/page"}],"author":[{"embeddable":true,"href":"https:\/\/www.pnl.ch\/college-entreprise\/wp-json\/wp\/v2\/users\/1"}],"replies":[{"embeddable":true,"href":"https:\/\/www.pnl.ch\/college-entreprise\/wp-json\/wp\/v2\/comments?post=669"}],"version-history":[{"count":20,"href":"https:\/\/www.pnl.ch\/college-entreprise\/wp-json\/wp\/v2\/pages\/669\/revisions"}],"predecessor-version":[{"id":1145,"href":"https:\/\/www.pnl.ch\/college-entreprise\/wp-json\/wp\/v2\/pages\/669\/revisions\/1145"}],"up":[{"embeddable":true,"href":"https:\/\/www.pnl.ch\/college-entreprise\/wp-json\/wp\/v2\/pages\/46"}],"wp:featuredmedia":[{"embeddable":true,"href":"https:\/\/www.pnl.ch\/college-entreprise\/wp-json\/wp\/v2\/media\/712"}],"wp:attachment":[{"href":"https:\/\/www.pnl.ch\/college-entreprise\/wp-json\/wp\/v2\/media?parent=669"}],"curies":[{"name":"wp","href":"https:\/\/api.w.org\/{rel}","templated":true}]}}