{"id":679,"date":"2020-05-19T10:30:05","date_gmt":"2020-05-19T08:30:05","guid":{"rendered":"https:\/\/www.pnl.ch\/college-entreprise\/?page_id=679"},"modified":"2024-11-11T19:06:08","modified_gmt":"2024-11-11T18:06:08","slug":"serenite-monde-en-transformation","status":"publish","type":"page","link":"https:\/\/www.pnl.ch\/college-entreprise\/formations-intra-entreprise\/serenite-monde-en-transformation\/","title":{"rendered":"Agir avec s\u00e9r\u00e9nit\u00e9 dans un monde en transformation"},"content":{"rendered":"<div class=\"wpb-content-wrapper\"><p>[vc_row margin_top=\u00a0\u00bb-20&Prime;][vc_column width=\u00a0\u00bb1\/4&Prime;]<style type=\"text\/css\" data-type=\"the7_shortcodes-inline-css\">.shortcode-single-image-wrap.shortcode-single-image-b5d93c2447f5ac6627173fbe2c72f13f.enable-bg-rollover .rollover i,\n.shortcode-single-image-wrap.shortcode-single-image-b5d93c2447f5ac6627173fbe2c72f13f.enable-bg-rollover .rollover-video i {\n  background: -webkit-linear-gradient();\n  background: linear-gradient();\n}\n.shortcode-single-image-wrap.shortcode-single-image-b5d93c2447f5ac6627173fbe2c72f13f .rollover-icon {\n  font-size: 32px;\n  color: #ffffff;\n  min-width: 44px;\n  min-height: 44px;\n  line-height: 44px;\n  border-radius: 100px;\n  border-style: solid;\n  border-width: 0px;\n}\n.dt-icon-bg-on.shortcode-single-image-wrap.shortcode-single-image-b5d93c2447f5ac6627173fbe2c72f13f .rollover-icon {\n  background: rgba(255,255,255,0.3);\n  box-shadow: none;\n}<\/style><div class=\"shortcode-single-image-wrap shortcode-single-image-b5d93c2447f5ac6627173fbe2c72f13f alignnone zoomIn animate-element caption-on  enable-bg-rollover dt-icon-bg-off\" style=\"margin-top:0px; margin-bottom:0px; margin-left:0px; margin-right:0px; width:250px;\"><div class=\"shortcode-single-image\"><div class=\"fancy-media-wrap  layzr-bg\" style=\"\"><img fetchpriority=\"high\" decoding=\"async\" class=\"preload-me lazy-load aspect\" src=\"data:image\/svg+xml,%3Csvg%20xmlns%3D&#39;http%3A%2F%2Fwww.w3.org%2F2000%2Fsvg&#39;%20viewBox%3D&#39;0%200%20250%20250&#39;%2F%3E\" data-src=\"https:\/\/www.pnl.ch\/college-entreprise\/wp-content\/uploads\/sites\/5\/2019\/10\/monde-en-transformation-250x250.jpg\" data-srcset=\"https:\/\/www.pnl.ch\/college-entreprise\/wp-content\/uploads\/sites\/5\/2019\/10\/monde-en-transformation-250x250.jpg 250w, https:\/\/www.pnl.ch\/college-entreprise\/wp-content\/uploads\/sites\/5\/2019\/10\/monde-en-transformation.jpg 300w\" loading=\"eager\" sizes=\"(max-width: 250px) 100vw, 250px\" width=\"250\" height=\"250\"  data-dt-location=\"https:\/\/www.pnl.ch\/college-entreprise\/monde-en-transformation\/\" style=\"--ratio: 250 \/ 250;\" alt=\"Agir avec s\u00e9r\u00e9nit\u00e9 dans un monde en transformation\" \/><\/div><\/div><div class=\"shortcode-single-caption\">S\u00e9minaire sur demande:  Agir avec s\u00e9r\u00e9nit\u00e9 dans un monde en transformation<\/div><\/div>[\/vc_column][vc_column width=\u00a0\u00bb3\/4&Prime;][vc_column_text css=\u00a0\u00bb\u00a0\u00bb]<\/p>\n<p class=\"date-formation\">Formation intra-entreprise sur demande<\/p>\n<ul class=\"puce-entreprise\">\n<li>Avez-vous des difficult\u00e9s \u00e0 ma\u00eetriser vos \u00e9motions?<\/li>\n<li>Manquez-vous d\u2019\u00e9nergie, vous sentez-vous en surmenage \u00e0 cause de surcharges de travail?<\/li>\n<li>Ressentez-vous une sensation de perte de sens dans votre vie, un manque d\u2019alignement?<\/li>\n<li>Souffrez-vous d\u2019un manque d\u2019\u00e9coute de vous-m\u00eame ou d\u2019un mauvais \u00e9quilibre de vie?<\/li>\n<\/ul>\n<p>Il n\u2019est pas facile de g\u00e9rer les pressions li\u00e9es \u00e0 un monde VUCA caract\u00e9ris\u00e9 par la volatilit\u00e9, l\u2019incertitude, la complexit\u00e9 et l&rsquo;ambigu\u00eft\u00e9. Dans un contexte de changement continu, de manque de stabilit\u00e9, de complexit\u00e9 croissante, rester ancr\u00e9 et align\u00e9 avec soi-m\u00eame peut se r\u00e9v\u00e9ler un vrai d\u00e9fi. Les pressions quotidiennes, le manque d&rsquo;\u00e9coute de soi peuvent nous amener \u00e0 une mauvaise gestion de notre \u00e9nergie, \u00e0 une perte de contact avec nous-m\u00eame voir une perte de sens par rapport \u00e0 la vie.<\/p>\n<p>Dans ce contexte, il est essentiel de mieux se conna\u00eetre afin d&rsquo;\u00eatre bien avec soi-m\u00eame et mieux interagir avec les autres. \u00c0 travers ce s\u00e9minaire, vous apprendrez \u00e0 agir avec s\u00e9r\u00e9nit\u00e9 dans un monde en transformation constante. Capter les signaux de votre corps pour l\u2019\u00e9couter vraiment, acqu\u00e9rir des outils pour activer vos ressources personnelles, identifier, compl\u00e9ter et enrichir votre chemin de d\u00e9veloppement.<\/p>\n<p>Gr\u00e2ce \u00e0 cette approche humaniste et appr\u00e9ciative, vous vous connecterez \u00e0 toutes vos ressources et gagnerez en adaptabilit\u00e9 pour un vrai alignement \u201cT\u00eate &#8211; Coeur &#8211; Corps\u201d.<\/p>\n<p>Sous forme d\u2019exercices ludiques et interactifs, ce s\u00e9minaire est une belle occasion de tester des pratiques visant un \u00e9quilibre r\u00e9aliste dans les diff\u00e9rents domaines de vie (personnelle, familiale, sociale, professionnelle). Il permettra de prendre du recul et de la hauteur, ou encore d&rsquo;identifier les comportements qui permettent d\u2019incarner un leadership authentique, lucide, optimiste et impactant.[\/vc_column_text][vc_btn title=\u00a0\u00bbProposer cette formation \u00e0 vos \u00e9quipes\u00a0\u00bb color=\u00a0\u00bbdanger\u00a0\u00bb align=\u00a0\u00bbleft\u00a0\u00bb css=\u00a0\u00bb\u00a0\u00bb link=\u00a0\u00bburl:https%3A%2F%2Fwww.pnl.ch%2Fcollege-entreprise%2Finscription%2F|title:Proposer%20cette%20formation%20%C3%A0%20vos%20%C3%A9quipes\u00a0\u00bb][\/vc_column][\/vc_row][vc_row margin_top=\u00a0\u00bb40&Prime; margin_bottom=\u00a0\u00bb40&Prime;][vc_column][vc_tta_tabs style=\u00a0\u00bbmodern\u00a0\u00bb spacing=\u00a0\u00bb4&Prime; gap=\u00a0\u00bb4&Prime; active_section=\u00a0\u00bb1&Prime;][vc_tta_section title=\u00a0\u00bbObjectifs\u00a0\u00bb tab_id=\u00a0\u00bb1499949651115-968014be-752f\u00a0\u00bb][vc_column_text]<\/p>\n<ul class=\"puce-entreprise\">\n<li style=\"font-weight: 400;\"><span style=\"font-weight: 400;\">Conna\u00eetre les cl\u00e9s pour gagner en s\u00e9r\u00e9nit\u00e9 au travail.<\/span><\/li>\n<li style=\"font-weight: 400;\"><span style=\"font-weight: 400;\">Agir sur les habitudes pour cr\u00e9er un quotidien plus gratifiant.<\/span><\/li>\n<li style=\"font-weight: 400;\"><span style=\"font-weight: 400;\">Pr\u00e9server son \u00e9nergie tout en agissant sur ses habitudes.<\/span><\/li>\n<li style=\"font-weight: 400;\"><span style=\"font-weight: 400;\">D\u00e9velopper un \u00e9tat d\u2019esprit orient\u00e9 sur les possibles et les opportunit\u00e9s face au changement.<\/span><\/li>\n<li><span style=\"font-weight: 400;\">D\u00e9cider d\u2019un plan individuel d\u2019action et d\u2019am\u00e9lioration du bien-\u00eatre.<\/span><\/li>\n<\/ul>\n<p>[\/vc_column_text][\/vc_tta_section][vc_tta_section title=\u00a0\u00bbTh\u00e8mes possibles\u00a0\u00bb tab_id=\u00a0\u00bb1499949651299-38565a1d-e13b\u00a0\u00bb][vc_column_text]<\/p>\n<ul>\n<li style=\"font-weight: 400;\"><span style=\"font-weight: 400;\">Mettre \u00e0 jour son profil, avec les points \u00e0 pr\u00e9server et les points \u00e0 stimuler afin de progresser vers un meilleur \u00e9quilibre et impact.<\/span><\/li>\n<li style=\"font-weight: 400;\"><span style=\"font-weight: 400;\">D\u00e9couvrir ses pr\u00e9f\u00e9rences et ses zones d\u2019ombre.<\/span><\/li>\n<li style=\"font-weight: 400;\"><span style=\"font-weight: 400;\">L\u2019adaptation relationnelle pour une meilleure qualit\u00e9 relationnelle avec soi et les autres.<\/span><\/li>\n<li style=\"font-weight: 400;\"><span style=\"font-weight: 400;\">Agir en conscience de soi.<\/span><\/li>\n<li style=\"font-weight: 400;\"><span style=\"font-weight: 400;\">Coh\u00e9rence cardiaque.<\/span><\/li>\n<li style=\"font-weight: 400;\"><span style=\"font-weight: 400;\">M\u00e9ditation.\u00a0<\/span><\/li>\n<li style=\"font-weight: 400;\"><span style=\"font-weight: 400;\">Adaptation relationnelle, mieux communiquer avec Leonardo 3.4.5.<\/span><\/li>\n<li style=\"font-weight: 400;\"><span style=\"font-weight: 400;\">Construire la confiance\/la confiance relationnelle.<\/span><\/li>\n<li style=\"font-weight: 400;\"><span style=\"font-weight: 400;\">La flexibilit\u00e9 relationnelle.<\/span><\/li>\n<li style=\"font-weight: 400;\"><span style=\"font-weight: 400;\">Le mod\u00e8le d&rsquo;Offman pour comprendre mes allergies et g\u00e9rer les tensions dans les relations.<\/span><\/li>\n<li style=\"font-weight: 400;\"><span style=\"font-weight: 400;\">D\u00e9velopper l\u2019auto-empathie.<\/span><\/li>\n<li style=\"font-weight: 400;\"><span style=\"font-weight: 400;\">Renforcer son impact par l\u2019\u00e9nergie corporelle.<\/span><\/li>\n<li style=\"font-weight: 400;\"><span style=\"font-weight: 400;\">Le cercle vicieux et le cercle vertueux de l\u2019estime de soi.<\/span><\/li>\n<li style=\"font-weight: 400;\"><span style=\"font-weight: 400;\">Les strat\u00e9gies gagnantes: se relier \u00e0 soi.<\/span><\/li>\n<li style=\"font-weight: 400;\"><span style=\"font-weight: 400;\">Agir avec ses \u00e9motions: incarner et vivre son \u00e9motion.<\/span><\/li>\n<li style=\"font-weight: 400;\"><span style=\"font-weight: 400;\">Faire le lien entre l\u2019\u00e9motion et le besoin d&rsquo;avoir plus d\u2019efficacit\u00e9.<\/span><\/li>\n<li style=\"font-weight: 400;\"><span style=\"font-weight: 400;\">S\u2019adapter \u00e0 un monde incertain.<\/span><\/li>\n<li style=\"font-weight: 400;\"><span style=\"font-weight: 400;\">Prise de d\u00e9cision et gouvernance adaptative.<\/span><\/li>\n<li style=\"font-weight: 400;\"><span style=\"font-weight: 400;\">Exp\u00e9rimenter les marqueurs physiologique comme ressources.<\/span><\/li>\n<li style=\"font-weight: 400;\"><span style=\"font-weight: 400;\">Affirmer sa singularit\u00e9.<\/span><\/li>\n<li style=\"font-weight: 400;\"><span style=\"font-weight: 400;\">S\u2019aligner avec congruence.<\/span><\/li>\n<\/ul>\n<p>[\/vc_column_text][\/vc_tta_section][vc_tta_section title=\u00a0\u00bbM\u00e9thode\u00a0\u00bb tab_id=\u00a0\u00bb1499949687566-f7a7de3f-75ef\u00a0\u00bb][vc_column_text]<\/p>\n<h5 style=\"margin-top: 5px;\">Personnes concern\u00e9es<\/h5>\n<p>Managers, responsables RH, n\u00e9gociateurs, formateurs, consultants, coachs, th\u00e9rapeutes, etc.<\/p>\n<h5>P\u00e9dagogie<\/h5>\n<p>Notre approche\u00a0s&rsquo;inspire des techniques d\u2019apprentissage acc\u00e9l\u00e9r\u00e9. Elle favorise\u00a0l\u2019int\u00e9gration rapide des connaissances et des savoir-faire. Nous favorisons la mise en application imm\u00e9diate\u00a0des acquis gr\u00e2ce \u00e0 un\u00a0<a href=\"https:\/\/www.pnl.ch\/e-learning\/\">espace virtuel d\u2019apprentissage<\/a>.[\/vc_column_text][\/vc_tta_section][vc_tta_section title=\u00a0\u00bbInfos et tarifs\u00a0\u00bb tab_id=\u00a0\u00bb1499949703604-6ba23e01-f490&Prime;][vc_column_text]<\/p>\n<h5 style=\"margin-top: 5px;\">ANIMATION<\/h5>\n<p><a href=\"https:\/\/www.pnl.ch\/formateurs\/roger-blumenthal\/\">Roger Blumenthal.<\/a> Enseignant en PNL, Coach ICF PCC, formateur et conf\u00e9rencier international, MAS en Human System Engineering.<\/p>\n<h5>LANGUE<\/h5>\n<p>Francais<\/p>\n<h5>PR\u00c9REQUIS<\/h5>\n<p>Aucun. Entretien t\u00e9l\u00e9phonique conseill\u00e9.<\/p>\n<h5>PRIX<\/h5>\n<p>Sur demande<\/p>\n<h5>LIEU<\/h5>\n<p>Centre de formation\u00a0<a title=\"Coll\u00e8ge Romand, Denges\" href=\"https:\/\/www.pnl.ch\/lieux\/centre-de-formation-college-romand\/\">Coll\u00e8ge Romand<\/a>, Denges[\/vc_column_text][\/vc_tta_section][vc_tta_section title=\u00a0\u00bbEt apr\u00e8s?\u00a0\u00bb tab_id=\u00a0\u00bb1499949723953-225590d7-63b1&Prime;][vc_column_text]<\/p>\n<h5 style=\"margin-top: 5px;\">Praticien en PNL<\/h5>\n<ul class=\"puce-entreprise\">\n<li>Le stress, les conflits, le manque de confiance p\u00e8sent sur votre vie?<\/li>\n<li>Vous aimeriez vous reconnecter avec le meilleur de vous-m\u00eame et acc\u00e9der \u00e0 la richesse de votre personnalit\u00e9?<\/li>\n<li>Vous d\u00e9sirez prendre les r\u00eanes de vos \u00e9motions et de vos comportements?<\/li>\n<\/ul>\n<h3>De nombreux outils vous apporteront une autonomie par rapport \u00e0 votre propre d\u00e9veloppement.<\/h3>\n<p>Gr\u00e2ce \u00e0 cette puissante m\u00e9thode d&rsquo;\u00e9volution, vous sortirez de cette spirale o\u00f9 vous subissez les \u00e9v\u00e9nements de votre vie. Vous obtiendrez des outils pour prendre les r\u00eanes de votre d\u00e9veloppement personnel et professionnel! <strong><a title=\"Praticien en PNL\" href=\"https:\/\/www.pnl.ch\/college-entreprise\/formations\/praticien-en-pnl\/\">D\u00e9couvrez les plus de cette formation\u2026<\/a><\/strong>[\/vc_column_text][\/vc_tta_section][\/vc_tta_tabs][\/vc_column][\/vc_row][vc_row margin_top=\u00a0\u00bb50&Prime;][vc_column][vc_column_text]Nous vous conseillons volontiers sur cette formation, contactez directement le Coll\u00e8ge Entreprise au <a href=\"tel:+41227369862\">+41 22 736 98 62<\/a> les lundi, mardis, jeudis et vendredis.[\/vc_column_text][vc_btn title=\u00a0\u00bbProposer cette formation \u00e0 vos \u00e9quipes\u00a0\u00bb color=\u00a0\u00bbdanger\u00a0\u00bb align=\u00a0\u00bbleft\u00a0\u00bb css=\u00a0\u00bb\u00a0\u00bb link=\u00a0\u00bburl:https%3A%2F%2Fwww.pnl.ch%2Fcollege-entreprise%2Finscription%2F|title:Proposer%20cette%20formation%20%C3%A0%20vos%20%C3%A9quipes\u00a0\u00bb][\/vc_column][\/vc_row][vc_column][\/vc_column]<\/p>\n<\/div>","protected":false},"excerpt":{"rendered":"<p>[vc_row margin_top=\u00a0\u00bb-20&Prime;][vc_column width=\u00a0\u00bb1\/4&Prime;][\/vc_column][vc_column width=\u00a0\u00bb3\/4&Prime;][vc_column_text css=\u00a0\u00bb\u00a0\u00bb] Formation intra-entreprise sur demande Avez-vous des difficult\u00e9s \u00e0 ma\u00eetriser vos \u00e9motions? Manquez-vous d\u2019\u00e9nergie, vous sentez-vous en surmenage \u00e0 cause de surcharges de travail? Ressentez-vous une sensation de perte de sens dans votre vie, un manque d\u2019alignement? Souffrez-vous d\u2019un manque d\u2019\u00e9coute de vous-m\u00eame ou d\u2019un mauvais \u00e9quilibre de vie? Il n\u2019est&hellip;<\/p>\n","protected":false},"author":1,"featured_media":714,"parent":46,"menu_order":0,"comment_status":"closed","ping_status":"closed","template":"","meta":{"_acf_changed":false,"footnotes":""},"class_list":["post-679","page","type-page","status-publish","has-post-thumbnail","hentry","description-off"],"acf":[],"yoast_head":"<!-- This site is optimized with the Yoast SEO Premium plugin v27.4 (Yoast SEO v27.4) - https:\/\/yoast.com\/product\/yoast-seo-premium-wordpress\/ -->\n<title>Agir avec s\u00e9r\u00e9nit\u00e9 dans un monde en transformation | Coll\u00e8ge Entreprise<\/title>\n<meta name=\"description\" content=\"Ce s\u00e9minaire vous guide \u00e0 agir avec s\u00e9r\u00e9nit\u00e9 dans un monde en transformation en modifiant les habitudes et l&#039;\u00e9tat d&#039;esprit\u2026\" \/>\n<meta name=\"robots\" content=\"index, follow, max-snippet:-1, max-image-preview:large, max-video-preview:-1\" \/>\n<link rel=\"canonical\" href=\"http:\/\/www.pnl.ch\/college-entreprise\/formations-intra-entreprise\/serenite-monde-en-transformation\/\" \/>\n<meta property=\"og:locale\" content=\"fr_FR\" \/>\n<meta property=\"og:type\" content=\"article\" \/>\n<meta property=\"og:title\" content=\"Agir avec s\u00e9r\u00e9nit\u00e9 dans un monde en transformation\" \/>\n<meta property=\"og:description\" content=\"Dans un contexte de changement continu, de manque de stabilit\u00e9, de complexit\u00e9 croissante, rester ancr\u00e9 et align\u00e9 avec soi-m\u00eame peut se r\u00e9v\u00e9ler un vrai d\u00e9fi. Ce s\u00e9minaire vous guide \u00e0 agir avec s\u00e9r\u00e9nit\u00e9 dans un monde en transformation en modifiant les habitudes et l&#039;\u00e9tat d&#039;esprit\u2026\" \/>\n<meta property=\"og:url\" content=\"http:\/\/www.pnl.ch\/college-entreprise\/formations-intra-entreprise\/serenite-monde-en-transformation\/\" \/>\n<meta property=\"og:site_name\" content=\"Coll\u00e8ge Entreprise\" \/>\n<meta property=\"article:publisher\" content=\"https:\/\/www.facebook.com\/college.romand\/\" \/>\n<meta property=\"article:modified_time\" content=\"2024-11-11T18:06:08+00:00\" \/>\n<meta property=\"og:image\" content=\"http:\/\/www.pnl.ch\/college-entreprise\/wp-content\/uploads\/sites\/5\/2024\/03\/monde-en-transformation-jpg.webp\" \/>\n\t<meta property=\"og:image:width\" content=\"1200\" \/>\n\t<meta property=\"og:image:height\" content=\"675\" \/>\n\t<meta property=\"og:image:type\" content=\"image\/jpeg\" \/>\n<meta name=\"twitter:card\" content=\"summary_large_image\" \/>\n<meta name=\"twitter:description\" content=\"Ce s\u00e9minaire vous guide \u00e0 agir avec s\u00e9r\u00e9nit\u00e9 dans un monde en transformation en modifiant les habitudes et l&#039;\u00e9tat d&#039;esprit\u2026\" \/>\n<meta name=\"twitter:site\" content=\"@CollegeRomand\" \/>\n<meta name=\"twitter:label1\" content=\"Dur\u00e9e de lecture estim\u00e9e\" \/>\n\t<meta name=\"twitter:data1\" content=\"5 minutes\" \/>\n<script type=\"application\/ld+json\" class=\"yoast-schema-graph\">{\"@context\":\"https:\\\/\\\/schema.org\",\"@graph\":[{\"@type\":\"WebPage\",\"@id\":\"http:\\\/\\\/www.pnl.ch\\\/college-entreprise\\\/formations-intra-entreprise\\\/serenite-monde-en-transformation\\\/\",\"url\":\"http:\\\/\\\/www.pnl.ch\\\/college-entreprise\\\/formations-intra-entreprise\\\/serenite-monde-en-transformation\\\/\",\"name\":\"Agir avec s\u00e9r\u00e9nit\u00e9 dans un monde en transformation | Coll\u00e8ge Entreprise\",\"isPartOf\":{\"@id\":\"https:\\\/\\\/www.pnl.ch\\\/college-entreprise\\\/#website\"},\"primaryImageOfPage\":{\"@id\":\"http:\\\/\\\/www.pnl.ch\\\/college-entreprise\\\/formations-intra-entreprise\\\/serenite-monde-en-transformation\\\/#primaryimage\"},\"image\":{\"@id\":\"http:\\\/\\\/www.pnl.ch\\\/college-entreprise\\\/formations-intra-entreprise\\\/serenite-monde-en-transformation\\\/#primaryimage\"},\"thumbnailUrl\":\"https:\\\/\\\/www.pnl.ch\\\/college-entreprise\\\/wp-content\\\/uploads\\\/sites\\\/5\\\/2019\\\/10\\\/monde-en-transformation.jpg\",\"datePublished\":\"2020-05-19T08:30:05+00:00\",\"dateModified\":\"2024-11-11T18:06:08+00:00\",\"description\":\"Ce s\u00e9minaire vous guide \u00e0 agir avec s\u00e9r\u00e9nit\u00e9 dans un monde en transformation en modifiant les habitudes et l'\u00e9tat d'esprit\u2026\",\"breadcrumb\":{\"@id\":\"http:\\\/\\\/www.pnl.ch\\\/college-entreprise\\\/formations-intra-entreprise\\\/serenite-monde-en-transformation\\\/#breadcrumb\"},\"inLanguage\":\"fr-FR\",\"potentialAction\":[{\"@type\":\"ReadAction\",\"target\":[\"http:\\\/\\\/www.pnl.ch\\\/college-entreprise\\\/formations-intra-entreprise\\\/serenite-monde-en-transformation\\\/\"]}]},{\"@type\":\"ImageObject\",\"inLanguage\":\"fr-FR\",\"@id\":\"http:\\\/\\\/www.pnl.ch\\\/college-entreprise\\\/formations-intra-entreprise\\\/serenite-monde-en-transformation\\\/#primaryimage\",\"url\":\"https:\\\/\\\/www.pnl.ch\\\/college-entreprise\\\/wp-content\\\/uploads\\\/sites\\\/5\\\/2019\\\/10\\\/monde-en-transformation.jpg\",\"contentUrl\":\"https:\\\/\\\/www.pnl.ch\\\/college-entreprise\\\/wp-content\\\/uploads\\\/sites\\\/5\\\/2019\\\/10\\\/monde-en-transformation.jpg\",\"width\":300,\"height\":300,\"caption\":\"Agir avec s\u00e9r\u00e9nit\u00e9 dans un monde en transformation\"},{\"@type\":\"BreadcrumbList\",\"@id\":\"http:\\\/\\\/www.pnl.ch\\\/college-entreprise\\\/formations-intra-entreprise\\\/serenite-monde-en-transformation\\\/#breadcrumb\",\"itemListElement\":[{\"@type\":\"ListItem\",\"position\":1,\"name\":\"Accueil\",\"item\":\"https:\\\/\\\/www.pnl.ch\\\/college-entreprise\\\/\"},{\"@type\":\"ListItem\",\"position\":2,\"name\":\"Formations intra-entreprise\",\"item\":\"http:\\\/\\\/www.pnl.ch\\\/college-entreprise\\\/formations-intra-entreprise\\\/\"},{\"@type\":\"ListItem\",\"position\":3,\"name\":\"Agir avec s\u00e9r\u00e9nit\u00e9 dans un monde en transformation\"}]},{\"@type\":\"WebSite\",\"@id\":\"https:\\\/\\\/www.pnl.ch\\\/college-entreprise\\\/#website\",\"url\":\"https:\\\/\\\/www.pnl.ch\\\/college-entreprise\\\/\",\"name\":\"Coll\u00e8ge Entreprise\",\"description\":\"Formations certifiantes en d\u00e9veloppement de l\u2019Humain dans l\u2019Entreprise\",\"publisher\":{\"@id\":\"https:\\\/\\\/www.pnl.ch\\\/college-entreprise\\\/#organization\"},\"potentialAction\":[{\"@type\":\"SearchAction\",\"target\":{\"@type\":\"EntryPoint\",\"urlTemplate\":\"https:\\\/\\\/www.pnl.ch\\\/college-entreprise\\\/?s={search_term_string}\"},\"query-input\":{\"@type\":\"PropertyValueSpecification\",\"valueRequired\":true,\"valueName\":\"search_term_string\"}}],\"inLanguage\":\"fr-FR\"},{\"@type\":\"Organization\",\"@id\":\"https:\\\/\\\/www.pnl.ch\\\/college-entreprise\\\/#organization\",\"name\":\"Coll\u00e8ge Romand - Centre de formation d'adultes S\u00e0rl\",\"url\":\"https:\\\/\\\/www.pnl.ch\\\/college-entreprise\\\/\",\"logo\":{\"@type\":\"ImageObject\",\"inLanguage\":\"fr-FR\",\"@id\":\"https:\\\/\\\/www.pnl.ch\\\/college-entreprise\\\/#\\\/schema\\\/logo\\\/image\\\/\",\"url\":\"https:\\\/\\\/www.pnl.ch\\\/college-entreprise\\\/wp-content\\\/uploads\\\/sites\\\/5\\\/2017\\\/04\\\/college-entreprise-logo-nc.png\",\"contentUrl\":\"https:\\\/\\\/www.pnl.ch\\\/college-entreprise\\\/wp-content\\\/uploads\\\/sites\\\/5\\\/2017\\\/04\\\/college-entreprise-logo-nc.png\",\"width\":314,\"height\":200,\"caption\":\"Coll\u00e8ge Romand - Centre de formation d'adultes S\u00e0rl\"},\"image\":{\"@id\":\"https:\\\/\\\/www.pnl.ch\\\/college-entreprise\\\/#\\\/schema\\\/logo\\\/image\\\/\"},\"sameAs\":[\"https:\\\/\\\/www.facebook.com\\\/college.romand\\\/\",\"https:\\\/\\\/x.com\\\/CollegeRomand\",\"https:\\\/\\\/www.linkedin.com\\\/school\\\/college-romand\\\/\",\"https:\\\/\\\/www.instagram.com\\\/collegeromand\\\/\"]}]}<\/script>\n<!-- \/ Yoast SEO Premium plugin. -->","yoast_head_json":{"title":"Agir avec s\u00e9r\u00e9nit\u00e9 dans un monde en transformation | Coll\u00e8ge Entreprise","description":"Ce s\u00e9minaire vous guide \u00e0 agir avec s\u00e9r\u00e9nit\u00e9 dans un monde en transformation en modifiant les habitudes et l'\u00e9tat d'esprit\u2026","robots":{"index":"index","follow":"follow","max-snippet":"max-snippet:-1","max-image-preview":"max-image-preview:large","max-video-preview":"max-video-preview:-1"},"canonical":"http:\/\/www.pnl.ch\/college-entreprise\/formations-intra-entreprise\/serenite-monde-en-transformation\/","og_locale":"fr_FR","og_type":"article","og_title":"Agir avec s\u00e9r\u00e9nit\u00e9 dans un monde en transformation","og_description":"Dans un contexte de changement continu, de manque de stabilit\u00e9, de complexit\u00e9 croissante, rester ancr\u00e9 et align\u00e9 avec soi-m\u00eame peut se r\u00e9v\u00e9ler un vrai d\u00e9fi. Ce s\u00e9minaire vous guide \u00e0 agir avec s\u00e9r\u00e9nit\u00e9 dans un monde en transformation en modifiant les habitudes et l'\u00e9tat d'esprit\u2026","og_url":"http:\/\/www.pnl.ch\/college-entreprise\/formations-intra-entreprise\/serenite-monde-en-transformation\/","og_site_name":"Coll\u00e8ge Entreprise","article_publisher":"https:\/\/www.facebook.com\/college.romand\/","article_modified_time":"2024-11-11T18:06:08+00:00","og_image":[{"width":1200,"height":675,"url":"http:\/\/www.pnl.ch\/college-entreprise\/wp-content\/uploads\/sites\/5\/2024\/03\/monde-en-transformation-jpg.webp","type":"image\/jpeg"}],"twitter_card":"summary_large_image","twitter_description":"Ce s\u00e9minaire vous guide \u00e0 agir avec s\u00e9r\u00e9nit\u00e9 dans un monde en transformation en modifiant les habitudes et l'\u00e9tat d'esprit\u2026","twitter_site":"@CollegeRomand","twitter_misc":{"Dur\u00e9e de lecture estim\u00e9e":"5 minutes"},"schema":{"@context":"https:\/\/schema.org","@graph":[{"@type":"WebPage","@id":"http:\/\/www.pnl.ch\/college-entreprise\/formations-intra-entreprise\/serenite-monde-en-transformation\/","url":"http:\/\/www.pnl.ch\/college-entreprise\/formations-intra-entreprise\/serenite-monde-en-transformation\/","name":"Agir avec s\u00e9r\u00e9nit\u00e9 dans un monde en transformation | Coll\u00e8ge Entreprise","isPartOf":{"@id":"https:\/\/www.pnl.ch\/college-entreprise\/#website"},"primaryImageOfPage":{"@id":"http:\/\/www.pnl.ch\/college-entreprise\/formations-intra-entreprise\/serenite-monde-en-transformation\/#primaryimage"},"image":{"@id":"http:\/\/www.pnl.ch\/college-entreprise\/formations-intra-entreprise\/serenite-monde-en-transformation\/#primaryimage"},"thumbnailUrl":"https:\/\/www.pnl.ch\/college-entreprise\/wp-content\/uploads\/sites\/5\/2019\/10\/monde-en-transformation.jpg","datePublished":"2020-05-19T08:30:05+00:00","dateModified":"2024-11-11T18:06:08+00:00","description":"Ce s\u00e9minaire vous guide \u00e0 agir avec s\u00e9r\u00e9nit\u00e9 dans un monde en transformation en modifiant les habitudes et l'\u00e9tat d'esprit\u2026","breadcrumb":{"@id":"http:\/\/www.pnl.ch\/college-entreprise\/formations-intra-entreprise\/serenite-monde-en-transformation\/#breadcrumb"},"inLanguage":"fr-FR","potentialAction":[{"@type":"ReadAction","target":["http:\/\/www.pnl.ch\/college-entreprise\/formations-intra-entreprise\/serenite-monde-en-transformation\/"]}]},{"@type":"ImageObject","inLanguage":"fr-FR","@id":"http:\/\/www.pnl.ch\/college-entreprise\/formations-intra-entreprise\/serenite-monde-en-transformation\/#primaryimage","url":"https:\/\/www.pnl.ch\/college-entreprise\/wp-content\/uploads\/sites\/5\/2019\/10\/monde-en-transformation.jpg","contentUrl":"https:\/\/www.pnl.ch\/college-entreprise\/wp-content\/uploads\/sites\/5\/2019\/10\/monde-en-transformation.jpg","width":300,"height":300,"caption":"Agir avec s\u00e9r\u00e9nit\u00e9 dans un monde en transformation"},{"@type":"BreadcrumbList","@id":"http:\/\/www.pnl.ch\/college-entreprise\/formations-intra-entreprise\/serenite-monde-en-transformation\/#breadcrumb","itemListElement":[{"@type":"ListItem","position":1,"name":"Accueil","item":"https:\/\/www.pnl.ch\/college-entreprise\/"},{"@type":"ListItem","position":2,"name":"Formations intra-entreprise","item":"http:\/\/www.pnl.ch\/college-entreprise\/formations-intra-entreprise\/"},{"@type":"ListItem","position":3,"name":"Agir avec s\u00e9r\u00e9nit\u00e9 dans un monde en transformation"}]},{"@type":"WebSite","@id":"https:\/\/www.pnl.ch\/college-entreprise\/#website","url":"https:\/\/www.pnl.ch\/college-entreprise\/","name":"Coll\u00e8ge Entreprise","description":"Formations certifiantes en d\u00e9veloppement de l\u2019Humain dans l\u2019Entreprise","publisher":{"@id":"https:\/\/www.pnl.ch\/college-entreprise\/#organization"},"potentialAction":[{"@type":"SearchAction","target":{"@type":"EntryPoint","urlTemplate":"https:\/\/www.pnl.ch\/college-entreprise\/?s={search_term_string}"},"query-input":{"@type":"PropertyValueSpecification","valueRequired":true,"valueName":"search_term_string"}}],"inLanguage":"fr-FR"},{"@type":"Organization","@id":"https:\/\/www.pnl.ch\/college-entreprise\/#organization","name":"Coll\u00e8ge Romand - Centre de formation d'adultes S\u00e0rl","url":"https:\/\/www.pnl.ch\/college-entreprise\/","logo":{"@type":"ImageObject","inLanguage":"fr-FR","@id":"https:\/\/www.pnl.ch\/college-entreprise\/#\/schema\/logo\/image\/","url":"https:\/\/www.pnl.ch\/college-entreprise\/wp-content\/uploads\/sites\/5\/2017\/04\/college-entreprise-logo-nc.png","contentUrl":"https:\/\/www.pnl.ch\/college-entreprise\/wp-content\/uploads\/sites\/5\/2017\/04\/college-entreprise-logo-nc.png","width":314,"height":200,"caption":"Coll\u00e8ge Romand - Centre de formation d'adultes S\u00e0rl"},"image":{"@id":"https:\/\/www.pnl.ch\/college-entreprise\/#\/schema\/logo\/image\/"},"sameAs":["https:\/\/www.facebook.com\/college.romand\/","https:\/\/x.com\/CollegeRomand","https:\/\/www.linkedin.com\/school\/college-romand\/","https:\/\/www.instagram.com\/collegeromand\/"]}]}},"_links":{"self":[{"href":"https:\/\/www.pnl.ch\/college-entreprise\/wp-json\/wp\/v2\/pages\/679","targetHints":{"allow":["GET"]}}],"collection":[{"href":"https:\/\/www.pnl.ch\/college-entreprise\/wp-json\/wp\/v2\/pages"}],"about":[{"href":"https:\/\/www.pnl.ch\/college-entreprise\/wp-json\/wp\/v2\/types\/page"}],"author":[{"embeddable":true,"href":"https:\/\/www.pnl.ch\/college-entreprise\/wp-json\/wp\/v2\/users\/1"}],"replies":[{"embeddable":true,"href":"https:\/\/www.pnl.ch\/college-entreprise\/wp-json\/wp\/v2\/comments?post=679"}],"version-history":[{"count":15,"href":"https:\/\/www.pnl.ch\/college-entreprise\/wp-json\/wp\/v2\/pages\/679\/revisions"}],"predecessor-version":[{"id":1144,"href":"https:\/\/www.pnl.ch\/college-entreprise\/wp-json\/wp\/v2\/pages\/679\/revisions\/1144"}],"up":[{"embeddable":true,"href":"https:\/\/www.pnl.ch\/college-entreprise\/wp-json\/wp\/v2\/pages\/46"}],"wp:featuredmedia":[{"embeddable":true,"href":"https:\/\/www.pnl.ch\/college-entreprise\/wp-json\/wp\/v2\/media\/714"}],"wp:attachment":[{"href":"https:\/\/www.pnl.ch\/college-entreprise\/wp-json\/wp\/v2\/media?parent=679"}],"curies":[{"name":"wp","href":"https:\/\/api.w.org\/{rel}","templated":true}]}}