{"id":963,"date":"2023-11-16T11:15:42","date_gmt":"2023-11-16T10:15:42","guid":{"rendered":"https:\/\/www.pnl.ch\/college-entreprise\/?page_id=963"},"modified":"2024-11-11T19:05:54","modified_gmt":"2024-11-11T18:05:54","slug":"reussir-en-equipe","status":"publish","type":"page","link":"https:\/\/www.pnl.ch\/college-entreprise\/formations-intra-entreprise\/reussir-en-equipe\/","title":{"rendered":"R\u00e9ussir en \u00e9quipe"},"content":{"rendered":"<div class=\"wpb-content-wrapper\"><p>[vc_row margin_top=\u00a0\u00bb-20&Prime;][vc_column width=\u00a0\u00bb1\/4&Prime;]<style type=\"text\/css\" data-type=\"the7_shortcodes-inline-css\">.shortcode-single-image-wrap.shortcode-single-image-5a69dafd8418e8e09529436ceaa594d2.enable-bg-rollover .rollover i,\n.shortcode-single-image-wrap.shortcode-single-image-5a69dafd8418e8e09529436ceaa594d2.enable-bg-rollover .rollover-video i {\n  background: -webkit-linear-gradient();\n  background: linear-gradient();\n}\n.shortcode-single-image-wrap.shortcode-single-image-5a69dafd8418e8e09529436ceaa594d2 .rollover-icon {\n  font-size: 32px;\n  color: #ffffff;\n  min-width: 44px;\n  min-height: 44px;\n  line-height: 44px;\n  border-radius: 100px;\n  border-style: solid;\n  border-width: 0px;\n}\n.dt-icon-bg-on.shortcode-single-image-wrap.shortcode-single-image-5a69dafd8418e8e09529436ceaa594d2 .rollover-icon {\n  background: rgba(255,255,255,0.3);\n  box-shadow: none;\n}<\/style><div class=\"shortcode-single-image-wrap shortcode-single-image-5a69dafd8418e8e09529436ceaa594d2 alignnone zoomIn animate-element caption-on  enable-bg-rollover dt-icon-bg-off\" style=\"margin-top:0px; margin-bottom:0px; margin-left:0px; margin-right:0px; width:250px;\"><div class=\"shortcode-single-image\"><div class=\"fancy-media-wrap  layzr-bg\" style=\"\"><img fetchpriority=\"high\" decoding=\"async\" class=\"preload-me lazy-load aspect\" src=\"data:image\/svg+xml,%3Csvg%20xmlns%3D&#39;http%3A%2F%2Fwww.w3.org%2F2000%2Fsvg&#39;%20viewBox%3D&#39;0%200%20250%20250&#39;%2F%3E\" data-src=\"https:\/\/www.pnl.ch\/college-entreprise\/wp-content\/uploads\/sites\/5\/2024\/04\/reussir-en-equipe-2-jpg-250x250.webp\" data-srcset=\"https:\/\/www.pnl.ch\/college-entreprise\/wp-content\/uploads\/sites\/5\/2024\/04\/reussir-en-equipe-2-jpg-250x250.webp 250w, https:\/\/www.pnl.ch\/college-entreprise\/wp-content\/uploads\/sites\/5\/2024\/04\/reussir-en-equipe-2-jpg.webp 300w\" loading=\"eager\" sizes=\"(max-width: 250px) 100vw, 250px\" width=\"250\" height=\"250\"  data-dt-location=\"https:\/\/www.pnl.ch\/college-entreprise\/formations-intra-entreprise\/reussir-en-equipe\/reussir-en-equipe-2-2\/\" style=\"--ratio: 250 \/ 250;\" alt=\"R\u00e9ussir en \u00e9quipe\" \/><\/div><\/div><div class=\"shortcode-single-caption\">S\u00e9minaire R\u00e9ussir en \u00e9quipe au Coll\u00e8ge Romand pr\u00e8s de Lausanne<\/div><\/div>[\/vc_column][vc_column width=\u00a0\u00bb3\/4&Prime;][vc_column_text css=\u00a0\u00bb\u00a0\u00bb]<\/p>\n<p class=\"date-formation\">Formation intra-entreprise sur demande<\/p>\n<ul class=\"puce-entreprise\">\n<li>Vous voulez accompagner votre \u00e9quipe vers la synergie au service de la performance durable\u202f?<\/li>\n<li>La gestion de pressions contradictoires et des conflits au sein de l\u2019\u00e9quipe vous \u00e9puise\u202f?<\/li>\n<li>Vous aimeriez coop\u00e9rer efficacement et am\u00e9liorer la prise de d\u00e9cision\u202f?<\/li>\n<\/ul>\n<p>Amener une \u00e9quipe vers l\u2019excellence est une t\u00e2che complexe. Il faut savoir g\u00e9rer plusieurs pressions contradictoires et s\u2019adapter aux diff\u00e9rents profils pour cr\u00e9er des synergies et conduire avec fluidit\u00e9 et tonicit\u00e9.<\/p>\n<p>Beaucoup de managers sont aujourd\u2019hui confront\u00e9s \u00e0 des probl\u00e8mes relationnels qui ont un impact n\u00e9faste sur la productivit\u00e9 et le bien-\u00eatre au travail\u202f: <strong>des difficult\u00e9s de communication, des conflits \u00e0 r\u00e9p\u00e9tition, un processus de prise de d\u00e9cision inefficace et une incompr\u00e9hension des dynamiques\/profils diff\u00e9rents entre les personnes<\/strong>. Tout cela g\u00e9n\u00e8re un stress n\u00e9gatif, source d\u2019\u00e9nergie toxique et d&rsquo;agressivit\u00e9 au lieu de cr\u00e9er un environnement tonique qui favorise la croissance. Comment alors faire \u00e9merger et faire vivre un esprit d\u2019\u00e9quipe constructif en lien avec la mission et les enjeux de l\u2019entreprise\u202f?<\/p>\n<p>Il est essentiel de cr\u00e9er une nouvelle dynamique d\u2019\u00e9quipe bas\u00e9e sur\u202f:<\/p>\n<ul class=\"puce-entreprise\">\n<li>La possibilit\u00e9 d\u2019exprimer ses besoins.<\/li>\n<li>La capacit\u00e9 \u00e0 g\u00e9rer efficacement ses \u00e9motions.<\/li>\n<li>L\u2019engagement \u00e0 partager et vivre des valeurs communes.<\/li>\n<li>La capacit\u00e9 \u00e0 communiquer de fa\u00e7on transparente.<\/li>\n<li>L\u2019esprit de collaboration et de coop\u00e9ration.<\/li>\n<li>Une coordination qui permet d\u2019arriver \u00e0 une efficience durable.<\/li>\n<\/ul>\n<p>Cr\u00e9er la r\u00e9ussite signifie partager une vision commune en cr\u00e9ant une coh\u00e9sion d\u2019\u00e9quipe qui se base sur la raison d\u2019\u00eatre de cette \u00e9quipe. Deux \u00e9l\u00e9ments deviennent alors indispensables\u202f:<\/p>\n<ul class=\"puce-entreprise\">\n<li>Un cadre commun, bas\u00e9 sur la s\u00e9curit\u00e9 et la confiance, pour permettre aux personnes de s\u2019exprimer de fa\u00e7on authentique.<\/li>\n<li>Un objectif\/but commun, pour permettre \u00e0 l\u2019\u00e9quipe de rester motiv\u00e9e et avancer vers une mission commune.<\/li>\n<\/ul>\n<p>[\/vc_column_text][vc_btn title=\u00a0\u00bbProposer cette formation \u00e0 vos \u00e9quipes\u00a0\u00bb color=\u00a0\u00bbdanger\u00a0\u00bb align=\u00a0\u00bbleft\u00a0\u00bb css=\u00a0\u00bb\u00a0\u00bb link=\u00a0\u00bburl:https%3A%2F%2Fwww.pnl.ch%2Fcollege-entreprise%2Finscription%2F|title:Proposer%20cette%20formation%20%C3%A0%20vos%20%C3%A9quipes\u00a0\u00bb][vc_column_text css=\u00a0\u00bb\u00a0\u00bb]Au travers de ce s\u00e9minaire, vous pourrez b\u00e9n\u00e9ficier d\u2019outils indispensables pour d\u00e9couvrir chaque personne de l\u2019\u00e9quipe dans sa diff\u00e9rence et cr\u00e9er un cadre de compl\u00e9mentarit\u00e9. Vous repartirez avec <strong>une charte identitaire \u00e0 vivre ensemble<\/strong> qui se base sur les quatre principes fondamentaux pour r\u00e9ussir en \u00e9quipe\u202f:<\/p>\n<ul class=\"puce-entreprise\">\n<li>Partager une vision commune.<\/li>\n<li>Tirer profit de la compl\u00e9mentarit\u00e9.<\/li>\n<li>D\u00e9velopper la subsidiarit\u00e9.<\/li>\n<li>D\u00e9velopper l\u2019auto-organisation par la coop\u00e9ration et la coordination.<\/li>\n<\/ul>\n<p>et mettre en place un \u00ab\u00a0Rituel\u00a0\u00bb sur 5 th\u00e9matiques\u00a0:<\/p>\n<ul>\n<li>Respecter les valeurs et les accords de l\u2019\u00e9quipe\u00a0;<\/li>\n<li>Promouvoir le d\u00e9veloppement de l\u2019\u00e9quipe\u00a0;<\/li>\n<li>Aider l\u2019\u00e9quipe \u00e0 prendre des d\u00e9cisions\u00a0;<\/li>\n<li>Coordonner et mener \u00e0 bien les t\u00e2ches de l\u2019\u00e9quipe<\/li>\n<li>Solutionner les situations difficiles en \u00e9quipes<\/li>\n<\/ul>\n<p>Vous apprendrez un processus mod\u00e9lis\u00e9 suite \u00e0 26 ans de pratique sur le terrain dans plusieurs pays. Vous pourrez vous appuyer sur diff\u00e9rentes grilles d&rsquo;analyse et permettre des prises de conscience favorisant l\u2019\u00e9mergence des \u00e9quipes, pour les f\u00e9d\u00e9rer et les autonomiser \u00e0 devenir acteurs du changement.<\/p>\n<p>Gr\u00e2ce \u00e0 ce s\u00e9minaire, vous pourrez accompagner vos collaborateurs dans la mise en valeur des talents naturels. Cela vous permettra de participer \u00e0 la construction d\u2019une alliance solide, \u00e0 l\u2019am\u00e9lioration des performances et au d\u00e9veloppement des ressources de fa\u00e7on durable dans le temps.[\/vc_column_text][vc_btn title=\u00a0\u00bbProposer cette formation \u00e0 vos \u00e9quipes\u00a0\u00bb color=\u00a0\u00bbdanger\u00a0\u00bb align=\u00a0\u00bbleft\u00a0\u00bb css=\u00a0\u00bb\u00a0\u00bb link=\u00a0\u00bburl:https%3A%2F%2Fwww.pnl.ch%2Fcollege-entreprise%2Finscription%2F|title:Proposer%20cette%20formation%20%C3%A0%20vos%20%C3%A9quipes\u00a0\u00bb][\/vc_column][\/vc_row][vc_row margin_top=\u00a0\u00bb40px\u00a0\u00bb][vc_column]\n\t\t\t<!-- START R\u00e9ussir en \u00e9quipe REVOLUTION SLIDER 6.7.38 --><p class=\"rs-p-wp-fix\"><\/p>\n\t\t\t<rs-module-wrap id=\"rev_slider_4_1_wrapper\" data-source=\"gallery\" style=\"visibility:hidden;background:transparent;padding:0;margin:0px auto;margin-top:0;margin-bottom:0;\">\n\t\t\t\t<rs-module id=\"rev_slider_4_1\" style=\"\" data-version=\"6.7.38\">\n\t\t\t\t\t<rs-slides style=\"overflow: hidden; position: absolute;\">\n\t\t\t\t\t\t<rs-slide style=\"position: absolute;\" data-key=\"rs-25\" data-title=\"Slide\" data-thumb=\"\/\/www.pnl.ch\/college-entreprise\/wp-content\/uploads\/sites\/5\/2023\/11\/bestof2019_004-100x50.jpg\" data-anim=\"adpr:false;\" data-in=\"o:0;\" data-out=\"a:false;\">\n\t\t\t\t\t\t\t<img decoding=\"async\" src=\"\/\/www.pnl.ch\/college-entreprise\/wp-content\/plugins\/revslider\/sr6\/assets\/assets\/dummy.png\" alt=\"\" title=\"bestof2019_004\" width=\"1500\" height=\"900\" class=\"rev-slidebg tp-rs-img rs-lazyload\" data-lazyload=\"\/\/www.pnl.ch\/college-entreprise\/wp-content\/uploads\/sites\/5\/2023\/11\/bestof2019_004.jpg\" data-no-retina>\n<!---->\t\t\t\t\t<\/rs-slide>\n\t\t\t\t\t\t<rs-slide style=\"position: absolute;\" data-key=\"rs-24\" data-title=\"Slide\" data-thumb=\"\/\/www.pnl.ch\/college-entreprise\/wp-content\/uploads\/sites\/5\/2023\/11\/best-of-2018-14-100x50.jpg\" data-anim=\"adpr:false;\" data-in=\"o:0;\" data-out=\"a:false;\">\n\t\t\t\t\t\t\t<img decoding=\"async\" src=\"\/\/www.pnl.ch\/college-entreprise\/wp-content\/plugins\/revslider\/sr6\/assets\/assets\/dummy.png\" alt=\"\" title=\"best-of-2018-14\" width=\"1500\" height=\"900\" class=\"rev-slidebg tp-rs-img rs-lazyload\" data-lazyload=\"\/\/www.pnl.ch\/college-entreprise\/wp-content\/uploads\/sites\/5\/2023\/11\/best-of-2018-14.jpg\" data-no-retina>\n<!---->\t\t\t\t\t<\/rs-slide>\n\t\t\t\t\t\t<rs-slide style=\"position: absolute;\" data-key=\"rs-23\" data-title=\"Slide\" data-thumb=\"\/\/www.pnl.ch\/college-entreprise\/wp-content\/uploads\/sites\/5\/2023\/11\/PA21-22-1-100x50.jpg\" data-anim=\"adpr:false;\" data-in=\"o:0;\" data-out=\"a:false;\">\n\t\t\t\t\t\t\t<img decoding=\"async\" src=\"\/\/www.pnl.ch\/college-entreprise\/wp-content\/plugins\/revslider\/sr6\/assets\/assets\/dummy.png\" alt=\"\" title=\"PA21-22-1\" width=\"1500\" height=\"900\" class=\"rev-slidebg tp-rs-img rs-lazyload\" data-lazyload=\"\/\/www.pnl.ch\/college-entreprise\/wp-content\/uploads\/sites\/5\/2023\/11\/PA21-22-1.jpg\" data-no-retina>\n<!---->\t\t\t\t\t<\/rs-slide>\n\t\t\t\t\t\t<rs-slide style=\"position: absolute;\" data-key=\"rs-27\" data-title=\"Slide\" data-thumb=\"\/\/www.pnl.ch\/college-entreprise\/wp-content\/uploads\/sites\/5\/2023\/11\/IMG_0190-100x50.jpg\" data-anim=\"adpr:false;\" data-in=\"o:0;\" data-out=\"a:false;\">\n\t\t\t\t\t\t\t<img loading=\"lazy\" decoding=\"async\" src=\"\/\/www.pnl.ch\/college-entreprise\/wp-content\/plugins\/revslider\/sr6\/assets\/assets\/dummy.png\" alt=\"\" title=\"IMG_0190\" width=\"1500\" height=\"900\" class=\"rev-slidebg tp-rs-img rs-lazyload\" data-lazyload=\"\/\/www.pnl.ch\/college-entreprise\/wp-content\/uploads\/sites\/5\/2023\/11\/IMG_0190.jpg\" data-no-retina>\n<!---->\t\t\t\t\t<\/rs-slide>\n\t\t\t\t\t\t<rs-slide style=\"position: absolute;\" data-key=\"rs-28\" data-title=\"Slide\" data-thumb=\"\/\/www.pnl.ch\/college-entreprise\/wp-content\/uploads\/sites\/5\/2023\/11\/IMG_1875-100x50.jpg\" data-anim=\"adpr:false;\" data-in=\"o:0;\" data-out=\"a:false;\">\n\t\t\t\t\t\t\t<img loading=\"lazy\" decoding=\"async\" src=\"\/\/www.pnl.ch\/college-entreprise\/wp-content\/plugins\/revslider\/sr6\/assets\/assets\/dummy.png\" alt=\"\" title=\"IMG_1875\" width=\"1500\" height=\"900\" class=\"rev-slidebg tp-rs-img rs-lazyload\" data-lazyload=\"\/\/www.pnl.ch\/college-entreprise\/wp-content\/uploads\/sites\/5\/2023\/11\/IMG_1875.jpg\" data-no-retina>\n<!---->\t\t\t\t\t<\/rs-slide>\n\t\t\t\t\t\t<rs-slide style=\"position: absolute;\" data-key=\"rs-31\" data-title=\"Slide\" data-thumb=\"\/\/www.pnl.ch\/college-entreprise\/wp-content\/uploads\/sites\/5\/2023\/11\/PP22P-Photos-368-100x50.jpg\" data-anim=\"adpr:false;\" data-in=\"o:0;\" data-out=\"a:false;\">\n\t\t\t\t\t\t\t<img loading=\"lazy\" decoding=\"async\" src=\"\/\/www.pnl.ch\/college-entreprise\/wp-content\/plugins\/revslider\/sr6\/assets\/assets\/dummy.png\" alt=\"\" title=\"PP22P-Photos&#8212;-368\" width=\"1500\" height=\"900\" class=\"rev-slidebg tp-rs-img rs-lazyload\" data-lazyload=\"\/\/www.pnl.ch\/college-entreprise\/wp-content\/uploads\/sites\/5\/2023\/11\/PP22P-Photos-368.jpg\" data-no-retina>\n<!---->\t\t\t\t\t<\/rs-slide>\n\t\t\t\t\t\t<rs-slide style=\"position: absolute;\" data-key=\"rs-29\" data-title=\"Slide\" data-thumb=\"\/\/www.pnl.ch\/college-entreprise\/wp-content\/uploads\/sites\/5\/2023\/11\/IMG_1928-100x50.jpg\" data-anim=\"adpr:false;\" data-in=\"o:0;\" data-out=\"a:false;\">\n\t\t\t\t\t\t\t<img loading=\"lazy\" decoding=\"async\" src=\"\/\/www.pnl.ch\/college-entreprise\/wp-content\/plugins\/revslider\/sr6\/assets\/assets\/dummy.png\" alt=\"\" title=\"IMG_1928\" width=\"1500\" height=\"900\" class=\"rev-slidebg tp-rs-img rs-lazyload\" data-lazyload=\"\/\/www.pnl.ch\/college-entreprise\/wp-content\/uploads\/sites\/5\/2023\/11\/IMG_1928.jpg\" data-no-retina>\n<!---->\t\t\t\t\t<\/rs-slide>\n\t\t\t\t\t\t<rs-slide style=\"position: absolute;\" data-key=\"rs-32\" data-title=\"Slide\" data-thumb=\"\/\/www.pnl.ch\/college-entreprise\/wp-content\/uploads\/sites\/5\/2023\/11\/PP22P-Photos-298-100x50.jpg\" data-anim=\"adpr:false;\" data-in=\"o:0;\" data-out=\"a:false;\">\n\t\t\t\t\t\t\t<img loading=\"lazy\" decoding=\"async\" src=\"\/\/www.pnl.ch\/college-entreprise\/wp-content\/plugins\/revslider\/sr6\/assets\/assets\/dummy.png\" alt=\"\" title=\"PP22P-Photos-298\" width=\"1500\" height=\"900\" class=\"rev-slidebg tp-rs-img rs-lazyload\" data-lazyload=\"\/\/www.pnl.ch\/college-entreprise\/wp-content\/uploads\/sites\/5\/2023\/11\/PP22P-Photos-298.jpg\" data-no-retina>\n<!---->\t\t\t\t\t<\/rs-slide>\n\t\t\t\t\t\t<rs-slide style=\"position: absolute;\" data-key=\"rs-30\" data-title=\"Slide\" data-thumb=\"\/\/www.pnl.ch\/college-entreprise\/wp-content\/uploads\/sites\/5\/2023\/11\/IMG_9993-2-100x50.jpg\" data-anim=\"adpr:false;\" data-in=\"o:0;\" data-out=\"a:false;\">\n\t\t\t\t\t\t\t<img loading=\"lazy\" decoding=\"async\" src=\"\/\/www.pnl.ch\/college-entreprise\/wp-content\/plugins\/revslider\/sr6\/assets\/assets\/dummy.png\" alt=\"\" title=\"IMG_9993-2\" width=\"1500\" height=\"900\" class=\"rev-slidebg tp-rs-img rs-lazyload\" data-lazyload=\"\/\/www.pnl.ch\/college-entreprise\/wp-content\/uploads\/sites\/5\/2023\/11\/IMG_9993-2.jpg\" data-no-retina>\n<!---->\t\t\t\t\t<\/rs-slide>\n\t\t\t\t\t\t<rs-slide style=\"position: absolute;\" data-key=\"rs-34\" data-title=\"Slide\" data-thumb=\"\/\/www.pnl.ch\/college-entreprise\/wp-content\/uploads\/sites\/5\/2023\/11\/PP22P-Photos-373-100x50.jpg\" data-anim=\"adpr:false;\" data-in=\"o:0;\" data-out=\"a:false;\">\n\t\t\t\t\t\t\t<img loading=\"lazy\" decoding=\"async\" src=\"\/\/www.pnl.ch\/college-entreprise\/wp-content\/plugins\/revslider\/sr6\/assets\/assets\/dummy.png\" alt=\"R\u00e9ussir en \u00e9quipe\" title=\"R\u00e9ussir en \u00e9quipe\" width=\"1500\" height=\"900\" class=\"rev-slidebg tp-rs-img rs-lazyload\" data-lazyload=\"\/\/www.pnl.ch\/college-entreprise\/wp-content\/uploads\/sites\/5\/2023\/11\/PP22P-Photos-373.jpg\" data-no-retina>\n<!---->\t\t\t\t\t<\/rs-slide>\n\t\t\t\t\t\t<rs-slide style=\"position: absolute;\" data-key=\"rs-33\" data-title=\"Slide\" data-thumb=\"\/\/www.pnl.ch\/college-entreprise\/wp-content\/uploads\/sites\/5\/2023\/11\/PPA22_Divers-modules-06-100x50.jpg\" data-anim=\"adpr:false;\" data-in=\"o:0;\" data-out=\"a:false;\">\n\t\t\t\t\t\t\t<img loading=\"lazy\" decoding=\"async\" src=\"\/\/www.pnl.ch\/college-entreprise\/wp-content\/plugins\/revslider\/sr6\/assets\/assets\/dummy.png\" alt=\"\" title=\"PPA22_Divers-modules-06\" width=\"1500\" height=\"900\" class=\"rev-slidebg tp-rs-img rs-lazyload\" data-lazyload=\"\/\/www.pnl.ch\/college-entreprise\/wp-content\/uploads\/sites\/5\/2023\/11\/PPA22_Divers-modules-06.jpg\" data-no-retina>\n<!---->\t\t\t\t\t<\/rs-slide>\n\t\t\t\t\t<\/rs-slides>\n\t\t\t\t<\/rs-module>\n\t\t\t\t<script>\n\t\t\t\t\tsetREVStartSize({c: 'rev_slider_4_1',rl:[1240,1024,778,480],el:[868],gw:[1240],gh:[868],type:'standard',justify:'',layout:'fullwidth',mh:\"0\"});if (window.RS_MODULES!==undefined && window.RS_MODULES.modules!==undefined && window.RS_MODULES.modules[\"revslider41\"]!==undefined) {window.RS_MODULES.modules[\"revslider41\"].once = false;window.revapi4 = undefined;if (window.RS_MODULES.checkMinimal!==undefined) window.RS_MODULES.checkMinimal()}\n\t\t\t\t<\/script>\n\t\t\t<\/rs-module-wrap>\n\t\t\t<!-- END REVOLUTION SLIDER -->\n[\/vc_column][\/vc_row][vc_row margin_top=\u00a0\u00bb40&Prime; margin_bottom=\u00a0\u00bb40&Prime;][vc_column][vc_tta_tabs style=\u00a0\u00bbmodern\u00a0\u00bb spacing=\u00a0\u00bb4&Prime; gap=\u00a0\u00bb4&Prime; active_section=\u00a0\u00bb1&Prime;][vc_tta_section title=\u00a0\u00bbObjectifs\u00a0\u00bb tab_id=\u00a0\u00bbobjectifs\u00a0\u00bb][vc_column_text]<\/p>\n<ul class=\"puce-entreprise\">\n<li>Favoriser la communication et l\u2019appropriation de la mission \u00e0 chaque niveau de l\u2019\u00e9quipe.<\/li>\n<li>Clarifier les r\u00f4les et responsabilit\u00e9s de l\u2019\u00e9quipe.<\/li>\n<li>Faire \u00e9voluer la confiance.<\/li>\n<li>Envisager les plans d\u2019action d\u2019\u00e9volution selon 2 dynamiques\u202f:<br \/>\n\u2013 pr\u00e9server l\u2019essentiel\u202f: mettre en avant l\u2019identit\u00e9 de l\u2019\u00e9quipe et ses points forts.<br \/>\n\u2013 stimuler le progr\u00e8s\u202f: faire \u00e9voluer l\u2019\u00e9quipe et d\u00e9velopper de nouvelles bonnes pratiques.<\/li>\n<li>Faire \u00e9merger et vivre un esprit d\u2019\u00e9quipe constructif en lien avec la mission du service.<\/li>\n<li>D\u00e9crire et vivre les 5 principes fondamentaux qui contribuent \u00e0 la r\u00e9ussite d&rsquo;une \u00e9quipe.<\/li>\n<li>Concevoir, communiquer, concr\u00e9tiser une dynamique de plan d\u2019action profitable au d\u00e9veloppement des affaires de mani\u00e8re durables.<\/li>\n<\/ul>\n<p>[\/vc_column_text][\/vc_tta_section][vc_tta_section title=\u00a0\u00bbContenu\u00a0\u00bb tab_id=\u00a0\u00bbcontenu\u00a0\u00bb][vc_column_text]<\/p>\n<h5>Mettre en place un \u00ab\u202fRituel\u202f\u00bb sur 5 th\u00e9matiques\u202f:<\/h5>\n<ul class=\"puce-entreprise\">\n<li style=\"font-weight: 400;\">Respecter les valeurs et les accords de l\u2019\u00e9quipe.<\/li>\n<li style=\"font-weight: 400;\">Promouvoir le d\u00e9veloppement de l\u2019\u00e9quipe.<\/li>\n<li style=\"font-weight: 400;\">Aider l\u2019\u00e9quipe \u00e0 prendre des d\u00e9cisions.<\/li>\n<li style=\"font-weight: 400;\">Coordonner et mener \u00e0 bien les t\u00e2ches de l\u2019\u00e9quipe.<\/li>\n<li style=\"font-weight: 400;\">Solutionner les situations difficiles en \u00e9quipes.<\/li>\n<\/ul>\n<p>[\/vc_column_text][\/vc_tta_section][vc_tta_section title=\u00a0\u00bbM\u00e9thode\u00a0\u00bb tab_id=\u00a0\u00bbmethode\u00a0\u00bb][vc_column_text]<\/p>\n<h5 style=\"margin-top: 5px;\">Personnes concern\u00e9es<\/h5>\n<p>Managers, responsables RH, n\u00e9gociateurs, formateurs, consultants, coachs, th\u00e9rapeutes, etc.<\/p>\n<h5>P\u00e9dagogie<\/h5>\n<p>Notre approche\u00a0s&rsquo;inspire des techniques d\u2019apprentissage acc\u00e9l\u00e9r\u00e9. Elle favorise\u00a0l\u2019int\u00e9gration rapide des connaissances et des savoir-faire. Nous favorisons la mise en application imm\u00e9diate\u00a0des acquis gr\u00e2ce \u00e0 un\u00a0<a href=\"https:\/\/www.pnl.ch\/e-learning\/\">espace virtuel d\u2019apprentissage<\/a>.[\/vc_column_text][\/vc_tta_section][vc_tta_section title=\u00a0\u00bbInfos et tarifs\u00a0\u00bb tab_id=\u00a0\u00bbinfo-et-tarifs\u00a0\u00bb][vc_column_text]<\/p>\n<h5 style=\"margin-top: 5px;\">ANIMATION<\/h5>\n<p><a href=\"https:\/\/www.pnl.ch\/formateurs\/roger-blumenthal\/\">Roger Blumenthal.<\/a> Enseignant en PNL, Coach ICF PCC, formateur et conf\u00e9rencier international, MAS en Human System Engineering.<\/p>\n<h5>LANGUE<\/h5>\n<p>Francais<\/p>\n<h5>PR\u00c9REQUIS<\/h5>\n<p>Aucun. Entretien t\u00e9l\u00e9phonique conseill\u00e9.<\/p>\n<h5>PRIX<\/h5>\n<p>Sur demande<\/p>\n<h5>LIEU<\/h5>\n<p>Centre de formation\u00a0<a title=\"Coll\u00e8ge Romand, Denges\" href=\"https:\/\/www.pnl.ch\/lieux\/centre-de-formation-college-romand\/\">Coll\u00e8ge Romand<\/a>, Denges[\/vc_column_text][\/vc_tta_section][vc_tta_section title=\u00a0\u00bbEt apr\u00e8s?\u00a0\u00bb tab_id=\u00a0\u00bbet-apres\u00a0\u00bb][vc_column_text]<\/p>\n<h5 style=\"margin-top: 5px;\">Praticien en PNL<\/h5>\n<ul class=\"puce-entreprise\">\n<li>Le stress, les conflits, le manque de confiance p\u00e8sent sur votre vie?<\/li>\n<li>Vous aimeriez vous reconnecter avec le meilleur de vous-m\u00eame et acc\u00e9der \u00e0 la richesse de votre personnalit\u00e9?<\/li>\n<li>Vous d\u00e9sirez prendre les r\u00eanes de vos \u00e9motions et de vos comportements?<\/li>\n<\/ul>\n<h3>De nombreux outils vous apporteront une autonomie par rapport \u00e0 votre propre d\u00e9veloppement.<\/h3>\n<p>Gr\u00e2ce \u00e0 cette puissante m\u00e9thode d&rsquo;\u00e9volution, vous sortirez de cette spirale o\u00f9 vous subissez les \u00e9v\u00e9nements de votre vie. Vous obtiendrez des outils pour prendre les r\u00eanes de votre d\u00e9veloppement personnel et professionnel! <strong><a title=\"Praticien en PNL\" href=\"https:\/\/www.pnl.ch\/college-entreprise\/formations\/praticien-en-pnl\/\">D\u00e9couvrez les plus de cette formation\u2026<\/a><\/strong>[\/vc_column_text][\/vc_tta_section][\/vc_tta_tabs][\/vc_column][\/vc_row][vc_row margin_top=\u00a0\u00bb50&Prime;][vc_column][vc_column_text]Nous vous conseillons volontiers sur cette formation, contactez directement le Coll\u00e8ge Entreprise au <a href=\"tel:+41227369862\">+41 22 736 98 62<\/a> les lundi, mardis, jeudis et vendredis.[\/vc_column_text][vc_btn title=\u00a0\u00bbProposer cette formation \u00e0 vos \u00e9quipes\u00a0\u00bb color=\u00a0\u00bbdanger\u00a0\u00bb align=\u00a0\u00bbleft\u00a0\u00bb css=\u00a0\u00bb\u00a0\u00bb link=\u00a0\u00bburl:https%3A%2F%2Fwww.pnl.ch%2Fcollege-entreprise%2Finscription%2F|title:Proposer%20cette%20formation%20%C3%A0%20vos%20%C3%A9quipes\u00a0\u00bb][\/vc_column][\/vc_row][vc_column][\/vc_column]<\/p>\n<\/div>","protected":false},"excerpt":{"rendered":"<p>[vc_row margin_top=\u00a0\u00bb-20&Prime;][vc_column width=\u00a0\u00bb1\/4&Prime;][\/vc_column][vc_column width=\u00a0\u00bb3\/4&Prime;][vc_column_text css=\u00a0\u00bb\u00a0\u00bb] Formation intra-entreprise sur demande Vous voulez accompagner votre \u00e9quipe vers la synergie au service de la performance durable\u202f? La gestion de pressions contradictoires et des conflits au sein de l\u2019\u00e9quipe vous \u00e9puise\u202f? Vous aimeriez coop\u00e9rer efficacement et am\u00e9liorer la prise de d\u00e9cision\u202f? Amener une \u00e9quipe vers l\u2019excellence est une t\u00e2che&hellip;<\/p>\n","protected":false},"author":36,"featured_media":1039,"parent":46,"menu_order":0,"comment_status":"closed","ping_status":"closed","template":"","meta":{"_acf_changed":false,"footnotes":""},"class_list":["post-963","page","type-page","status-publish","has-post-thumbnail","hentry","description-off"],"acf":[],"yoast_head":"<!-- This site is optimized with the Yoast SEO Premium plugin v27.4 (Yoast SEO v27.4) - https:\/\/yoast.com\/product\/yoast-seo-premium-wordpress\/ -->\n<title>R\u00e9ussir en \u00e9quipe | Coll\u00e8ge Entreprise<\/title>\n<meta name=\"description\" content=\"Cette formation est sp\u00e9cialement con\u00e7ue pour amener les \u00e9quipes vers l\u2019excellence en lien avec la mission de et les enjeux de l\u2019entreprise\" \/>\n<meta name=\"robots\" content=\"index, follow, max-snippet:-1, max-image-preview:large, max-video-preview:-1\" \/>\n<link rel=\"canonical\" href=\"http:\/\/www.pnl.ch\/college-entreprise\/formations-intra-entreprise\/reussir-en-equipe\/\" \/>\n<meta property=\"og:locale\" content=\"fr_FR\" \/>\n<meta property=\"og:type\" content=\"article\" \/>\n<meta property=\"og:title\" content=\"R\u00e9ussir en \u00e9quipe\" \/>\n<meta property=\"og:description\" content=\"Cette formation est sp\u00e9cialement con\u00e7ue pour amener les \u00e9quipes vers l\u2019excellence en lien avec la mission de et les enjeux de l\u2019entreprise\" \/>\n<meta property=\"og:url\" content=\"http:\/\/www.pnl.ch\/college-entreprise\/formations-intra-entreprise\/reussir-en-equipe\/\" \/>\n<meta property=\"og:site_name\" content=\"Coll\u00e8ge Entreprise\" \/>\n<meta property=\"article:publisher\" content=\"https:\/\/www.facebook.com\/college.romand\/\" \/>\n<meta property=\"article:modified_time\" content=\"2024-11-11T18:05:54+00:00\" \/>\n<meta property=\"og:image\" content=\"http:\/\/www.pnl.ch\/college-entreprise\/wp-content\/uploads\/sites\/5\/2024\/04\/reussir-en-equipe-jpg.webp\" \/>\n\t<meta property=\"og:image:width\" content=\"1200\" \/>\n\t<meta property=\"og:image:height\" content=\"675\" \/>\n\t<meta property=\"og:image:type\" content=\"image\/jpeg\" \/>\n<meta name=\"twitter:card\" content=\"summary_large_image\" \/>\n<meta name=\"twitter:description\" content=\"Cette formation est sp\u00e9cialement con\u00e7ue pour amener les \u00e9quipes vers l\u2019excellence en lien avec la mission de et les enjeux de l\u2019entreprise\" \/>\n<meta name=\"twitter:site\" content=\"@CollegeRomand\" \/>\n<meta name=\"twitter:label1\" content=\"Dur\u00e9e de lecture estim\u00e9e\" \/>\n\t<meta name=\"twitter:data1\" content=\"5 minutes\" \/>\n<script type=\"application\/ld+json\" class=\"yoast-schema-graph\">{\"@context\":\"https:\\\/\\\/schema.org\",\"@graph\":[{\"@type\":\"WebPage\",\"@id\":\"http:\\\/\\\/www.pnl.ch\\\/college-entreprise\\\/formations-intra-entreprise\\\/reussir-en-equipe\\\/\",\"url\":\"http:\\\/\\\/www.pnl.ch\\\/college-entreprise\\\/formations-intra-entreprise\\\/reussir-en-equipe\\\/\",\"name\":\"R\u00e9ussir en \u00e9quipe | Coll\u00e8ge Entreprise\",\"isPartOf\":{\"@id\":\"https:\\\/\\\/www.pnl.ch\\\/college-entreprise\\\/#website\"},\"primaryImageOfPage\":{\"@id\":\"http:\\\/\\\/www.pnl.ch\\\/college-entreprise\\\/formations-intra-entreprise\\\/reussir-en-equipe\\\/#primaryimage\"},\"image\":{\"@id\":\"http:\\\/\\\/www.pnl.ch\\\/college-entreprise\\\/formations-intra-entreprise\\\/reussir-en-equipe\\\/#primaryimage\"},\"thumbnailUrl\":\"https:\\\/\\\/www.pnl.ch\\\/college-entreprise\\\/wp-content\\\/uploads\\\/sites\\\/5\\\/2024\\\/04\\\/reussir-en-equipe-2-jpg.webp\",\"datePublished\":\"2023-11-16T10:15:42+00:00\",\"dateModified\":\"2024-11-11T18:05:54+00:00\",\"description\":\"Cette formation est sp\u00e9cialement con\u00e7ue pour amener les \u00e9quipes vers l\u2019excellence en lien avec la mission de et les enjeux de l\u2019entreprise\",\"breadcrumb\":{\"@id\":\"http:\\\/\\\/www.pnl.ch\\\/college-entreprise\\\/formations-intra-entreprise\\\/reussir-en-equipe\\\/#breadcrumb\"},\"inLanguage\":\"fr-FR\",\"potentialAction\":[{\"@type\":\"ReadAction\",\"target\":[\"http:\\\/\\\/www.pnl.ch\\\/college-entreprise\\\/formations-intra-entreprise\\\/reussir-en-equipe\\\/\"]}]},{\"@type\":\"ImageObject\",\"inLanguage\":\"fr-FR\",\"@id\":\"http:\\\/\\\/www.pnl.ch\\\/college-entreprise\\\/formations-intra-entreprise\\\/reussir-en-equipe\\\/#primaryimage\",\"url\":\"https:\\\/\\\/www.pnl.ch\\\/college-entreprise\\\/wp-content\\\/uploads\\\/sites\\\/5\\\/2024\\\/04\\\/reussir-en-equipe-2-jpg.webp\",\"contentUrl\":\"https:\\\/\\\/www.pnl.ch\\\/college-entreprise\\\/wp-content\\\/uploads\\\/sites\\\/5\\\/2024\\\/04\\\/reussir-en-equipe-2-jpg.webp\",\"width\":300,\"height\":300,\"caption\":\"R\u00e9ussir en \u00e9quipe\"},{\"@type\":\"BreadcrumbList\",\"@id\":\"http:\\\/\\\/www.pnl.ch\\\/college-entreprise\\\/formations-intra-entreprise\\\/reussir-en-equipe\\\/#breadcrumb\",\"itemListElement\":[{\"@type\":\"ListItem\",\"position\":1,\"name\":\"Accueil\",\"item\":\"https:\\\/\\\/www.pnl.ch\\\/college-entreprise\\\/\"},{\"@type\":\"ListItem\",\"position\":2,\"name\":\"Formations intra-entreprise\",\"item\":\"http:\\\/\\\/www.pnl.ch\\\/college-entreprise\\\/formations-intra-entreprise\\\/\"},{\"@type\":\"ListItem\",\"position\":3,\"name\":\"R\u00e9ussir en \u00e9quipe\"}]},{\"@type\":\"WebSite\",\"@id\":\"https:\\\/\\\/www.pnl.ch\\\/college-entreprise\\\/#website\",\"url\":\"https:\\\/\\\/www.pnl.ch\\\/college-entreprise\\\/\",\"name\":\"Coll\u00e8ge Entreprise\",\"description\":\"Formations certifiantes en d\u00e9veloppement de l\u2019Humain dans l\u2019Entreprise\",\"publisher\":{\"@id\":\"https:\\\/\\\/www.pnl.ch\\\/college-entreprise\\\/#organization\"},\"potentialAction\":[{\"@type\":\"SearchAction\",\"target\":{\"@type\":\"EntryPoint\",\"urlTemplate\":\"https:\\\/\\\/www.pnl.ch\\\/college-entreprise\\\/?s={search_term_string}\"},\"query-input\":{\"@type\":\"PropertyValueSpecification\",\"valueRequired\":true,\"valueName\":\"search_term_string\"}}],\"inLanguage\":\"fr-FR\"},{\"@type\":\"Organization\",\"@id\":\"https:\\\/\\\/www.pnl.ch\\\/college-entreprise\\\/#organization\",\"name\":\"Coll\u00e8ge Romand - Centre de formation d'adultes S\u00e0rl\",\"url\":\"https:\\\/\\\/www.pnl.ch\\\/college-entreprise\\\/\",\"logo\":{\"@type\":\"ImageObject\",\"inLanguage\":\"fr-FR\",\"@id\":\"https:\\\/\\\/www.pnl.ch\\\/college-entreprise\\\/#\\\/schema\\\/logo\\\/image\\\/\",\"url\":\"https:\\\/\\\/www.pnl.ch\\\/college-entreprise\\\/wp-content\\\/uploads\\\/sites\\\/5\\\/2017\\\/04\\\/college-entreprise-logo-nc.png\",\"contentUrl\":\"https:\\\/\\\/www.pnl.ch\\\/college-entreprise\\\/wp-content\\\/uploads\\\/sites\\\/5\\\/2017\\\/04\\\/college-entreprise-logo-nc.png\",\"width\":314,\"height\":200,\"caption\":\"Coll\u00e8ge Romand - Centre de formation d'adultes S\u00e0rl\"},\"image\":{\"@id\":\"https:\\\/\\\/www.pnl.ch\\\/college-entreprise\\\/#\\\/schema\\\/logo\\\/image\\\/\"},\"sameAs\":[\"https:\\\/\\\/www.facebook.com\\\/college.romand\\\/\",\"https:\\\/\\\/x.com\\\/CollegeRomand\",\"https:\\\/\\\/www.linkedin.com\\\/school\\\/college-romand\\\/\",\"https:\\\/\\\/www.instagram.com\\\/collegeromand\\\/\"]}]}<\/script>\n<!-- \/ Yoast SEO Premium plugin. -->","yoast_head_json":{"title":"R\u00e9ussir en \u00e9quipe | Coll\u00e8ge Entreprise","description":"Cette formation est sp\u00e9cialement con\u00e7ue pour amener les \u00e9quipes vers l\u2019excellence en lien avec la mission de et les enjeux de l\u2019entreprise","robots":{"index":"index","follow":"follow","max-snippet":"max-snippet:-1","max-image-preview":"max-image-preview:large","max-video-preview":"max-video-preview:-1"},"canonical":"http:\/\/www.pnl.ch\/college-entreprise\/formations-intra-entreprise\/reussir-en-equipe\/","og_locale":"fr_FR","og_type":"article","og_title":"R\u00e9ussir en \u00e9quipe","og_description":"Cette formation est sp\u00e9cialement con\u00e7ue pour amener les \u00e9quipes vers l\u2019excellence en lien avec la mission de et les enjeux de l\u2019entreprise","og_url":"http:\/\/www.pnl.ch\/college-entreprise\/formations-intra-entreprise\/reussir-en-equipe\/","og_site_name":"Coll\u00e8ge Entreprise","article_publisher":"https:\/\/www.facebook.com\/college.romand\/","article_modified_time":"2024-11-11T18:05:54+00:00","og_image":[{"width":1200,"height":675,"url":"http:\/\/www.pnl.ch\/college-entreprise\/wp-content\/uploads\/sites\/5\/2024\/04\/reussir-en-equipe-jpg.webp","type":"image\/jpeg"}],"twitter_card":"summary_large_image","twitter_description":"Cette formation est sp\u00e9cialement con\u00e7ue pour amener les \u00e9quipes vers l\u2019excellence en lien avec la mission de et les enjeux de l\u2019entreprise","twitter_site":"@CollegeRomand","twitter_misc":{"Dur\u00e9e de lecture estim\u00e9e":"5 minutes"},"schema":{"@context":"https:\/\/schema.org","@graph":[{"@type":"WebPage","@id":"http:\/\/www.pnl.ch\/college-entreprise\/formations-intra-entreprise\/reussir-en-equipe\/","url":"http:\/\/www.pnl.ch\/college-entreprise\/formations-intra-entreprise\/reussir-en-equipe\/","name":"R\u00e9ussir en \u00e9quipe | Coll\u00e8ge Entreprise","isPartOf":{"@id":"https:\/\/www.pnl.ch\/college-entreprise\/#website"},"primaryImageOfPage":{"@id":"http:\/\/www.pnl.ch\/college-entreprise\/formations-intra-entreprise\/reussir-en-equipe\/#primaryimage"},"image":{"@id":"http:\/\/www.pnl.ch\/college-entreprise\/formations-intra-entreprise\/reussir-en-equipe\/#primaryimage"},"thumbnailUrl":"https:\/\/www.pnl.ch\/college-entreprise\/wp-content\/uploads\/sites\/5\/2024\/04\/reussir-en-equipe-2-jpg.webp","datePublished":"2023-11-16T10:15:42+00:00","dateModified":"2024-11-11T18:05:54+00:00","description":"Cette formation est sp\u00e9cialement con\u00e7ue pour amener les \u00e9quipes vers l\u2019excellence en lien avec la mission de et les enjeux de l\u2019entreprise","breadcrumb":{"@id":"http:\/\/www.pnl.ch\/college-entreprise\/formations-intra-entreprise\/reussir-en-equipe\/#breadcrumb"},"inLanguage":"fr-FR","potentialAction":[{"@type":"ReadAction","target":["http:\/\/www.pnl.ch\/college-entreprise\/formations-intra-entreprise\/reussir-en-equipe\/"]}]},{"@type":"ImageObject","inLanguage":"fr-FR","@id":"http:\/\/www.pnl.ch\/college-entreprise\/formations-intra-entreprise\/reussir-en-equipe\/#primaryimage","url":"https:\/\/www.pnl.ch\/college-entreprise\/wp-content\/uploads\/sites\/5\/2024\/04\/reussir-en-equipe-2-jpg.webp","contentUrl":"https:\/\/www.pnl.ch\/college-entreprise\/wp-content\/uploads\/sites\/5\/2024\/04\/reussir-en-equipe-2-jpg.webp","width":300,"height":300,"caption":"R\u00e9ussir en \u00e9quipe"},{"@type":"BreadcrumbList","@id":"http:\/\/www.pnl.ch\/college-entreprise\/formations-intra-entreprise\/reussir-en-equipe\/#breadcrumb","itemListElement":[{"@type":"ListItem","position":1,"name":"Accueil","item":"https:\/\/www.pnl.ch\/college-entreprise\/"},{"@type":"ListItem","position":2,"name":"Formations intra-entreprise","item":"http:\/\/www.pnl.ch\/college-entreprise\/formations-intra-entreprise\/"},{"@type":"ListItem","position":3,"name":"R\u00e9ussir en \u00e9quipe"}]},{"@type":"WebSite","@id":"https:\/\/www.pnl.ch\/college-entreprise\/#website","url":"https:\/\/www.pnl.ch\/college-entreprise\/","name":"Coll\u00e8ge Entreprise","description":"Formations certifiantes en d\u00e9veloppement de l\u2019Humain dans l\u2019Entreprise","publisher":{"@id":"https:\/\/www.pnl.ch\/college-entreprise\/#organization"},"potentialAction":[{"@type":"SearchAction","target":{"@type":"EntryPoint","urlTemplate":"https:\/\/www.pnl.ch\/college-entreprise\/?s={search_term_string}"},"query-input":{"@type":"PropertyValueSpecification","valueRequired":true,"valueName":"search_term_string"}}],"inLanguage":"fr-FR"},{"@type":"Organization","@id":"https:\/\/www.pnl.ch\/college-entreprise\/#organization","name":"Coll\u00e8ge Romand - Centre de formation d'adultes S\u00e0rl","url":"https:\/\/www.pnl.ch\/college-entreprise\/","logo":{"@type":"ImageObject","inLanguage":"fr-FR","@id":"https:\/\/www.pnl.ch\/college-entreprise\/#\/schema\/logo\/image\/","url":"https:\/\/www.pnl.ch\/college-entreprise\/wp-content\/uploads\/sites\/5\/2017\/04\/college-entreprise-logo-nc.png","contentUrl":"https:\/\/www.pnl.ch\/college-entreprise\/wp-content\/uploads\/sites\/5\/2017\/04\/college-entreprise-logo-nc.png","width":314,"height":200,"caption":"Coll\u00e8ge Romand - Centre de formation d'adultes S\u00e0rl"},"image":{"@id":"https:\/\/www.pnl.ch\/college-entreprise\/#\/schema\/logo\/image\/"},"sameAs":["https:\/\/www.facebook.com\/college.romand\/","https:\/\/x.com\/CollegeRomand","https:\/\/www.linkedin.com\/school\/college-romand\/","https:\/\/www.instagram.com\/collegeromand\/"]}]}},"_links":{"self":[{"href":"https:\/\/www.pnl.ch\/college-entreprise\/wp-json\/wp\/v2\/pages\/963","targetHints":{"allow":["GET"]}}],"collection":[{"href":"https:\/\/www.pnl.ch\/college-entreprise\/wp-json\/wp\/v2\/pages"}],"about":[{"href":"https:\/\/www.pnl.ch\/college-entreprise\/wp-json\/wp\/v2\/types\/page"}],"author":[{"embeddable":true,"href":"https:\/\/www.pnl.ch\/college-entreprise\/wp-json\/wp\/v2\/users\/36"}],"replies":[{"embeddable":true,"href":"https:\/\/www.pnl.ch\/college-entreprise\/wp-json\/wp\/v2\/comments?post=963"}],"version-history":[{"count":15,"href":"https:\/\/www.pnl.ch\/college-entreprise\/wp-json\/wp\/v2\/pages\/963\/revisions"}],"predecessor-version":[{"id":1138,"href":"https:\/\/www.pnl.ch\/college-entreprise\/wp-json\/wp\/v2\/pages\/963\/revisions\/1138"}],"up":[{"embeddable":true,"href":"https:\/\/www.pnl.ch\/college-entreprise\/wp-json\/wp\/v2\/pages\/46"}],"wp:featuredmedia":[{"embeddable":true,"href":"https:\/\/www.pnl.ch\/college-entreprise\/wp-json\/wp\/v2\/media\/1039"}],"wp:attachment":[{"href":"https:\/\/www.pnl.ch\/college-entreprise\/wp-json\/wp\/v2\/media?parent=963"}],"curies":[{"name":"wp","href":"https:\/\/api.w.org\/{rel}","templated":true}]}}