{"id":1688,"date":"2019-08-19T17:14:54","date_gmt":"2019-08-19T15:14:54","guid":{"rendered":"https:\/\/www.pnl.ch\/college-pnl\/?page_id=1688"},"modified":"2024-11-04T00:38:39","modified_gmt":"2024-11-03T23:38:39","slug":"pnl-et-enneagramme-integration","status":"publish","type":"page","link":"https:\/\/www.pnl.ch\/college-pnl\/seminaires\/pnl-et-enneagramme-integration\/","title":{"rendered":"PNL et Enn\u00e9agramme 2 : int\u00e9gration et transformation"},"content":{"rendered":"<div class=\"wpb-content-wrapper\"><p>[vc_row margin_top=\u00a0\u00bb-20&Prime;][vc_column width=\u00a0\u00bb1\/4&Prime;][vc_single_image image=\u00a0\u00bb51&Prime; img_size=\u00a0\u00bb250&#215;250&Prime; css_animation=\u00a0\u00bbzoomIn\u00a0\u00bb][\/vc_column][vc_column width=\u00a0\u00bb3\/4&Prime;][vc_column_text css=\u00a0\u00bb\u00a0\u00bb]<\/p>\n<p class=\"date-formation\">Date \u00e0 venir<\/p>\n<p><strong>L&rsquo;Enn\u00e9agramme nous permet d&rsquo;identifier nos sch\u00e9mas comportementaux et \u00e9motionnels dans lesquels nous nous sommes rigidifi\u00e9s. En prendre conscience, nous permettra de les remplacer par la spontan\u00e9it\u00e9 et l&rsquo;authenticit\u00e9 de l\u2019\u00ab\u202f\u00eatre\u202f\u00bb.<\/strong><\/p>\n<h3>Quelle armure avons-nous rev\u00eatue \u00e0 un certain moment de notre histoire, confondue ensuite avec notre peau\u202f? Quel masque avons-nous confondu avec notre vrai visage\u202f?<\/h3>\n<p>Dans le s\u00e9minaire \u00ab<a href=\"https:\/\/www.pnl.ch\/college-pnl\/seminaires\/pnl-enneagramme\/\">PNL et Enn\u00e9agramme 1<\/a>\u00bb, vous avez d\u00e9couvert le fonctionnement de l&rsquo;Enn\u00e9agramme et de chacun des neuf enn\u00e9atype. Vous avez identifi\u00e9 votre enn\u00e9atype et ses ailes et d\u00e9marr\u00e9 un travail de connaissance profonde de vous-m\u00eame pour mieux comprendre votre essence et votre comportement \u00e9gotique.<\/p>\n<p>Avec \u00abPNL et Enn\u00e9agramme : int\u00e9gration et transformation\u00bb, vous irez plus loin dans la compr\u00e9hension de cet outil si puissant: vous approfondirez les sous-types, les centres d&rsquo;expression, les styles des comportements sociaux et les styles de conflits typiques pour chaque enn\u00e9atype. <strong>Vous travaillerez sur l&rsquo;int\u00e9gration et la transformation de votre enn\u00e9atype pour continuer \u00e0 d\u00e9velopper la version de vous-m\u00eame la plus vraie et \u00e9panouie.<\/strong><\/p>\n<p>D\u00e9couvrir votre armure ou votre masque, vous permettra de reconna\u00eetre votre personnalit\u00e9 et de la distinguer de votre vrai soi.\u00a0<strong>En comprenant cette distinction, vous commencerez \u00e0 comprendre que vous \u00eates bien plus que ce que vous semblez \u00eatre. <\/strong>Il sera\u00a0\u00e9vident pour vous que vous n&rsquo;\u00eates pas vos comportements et que vous pouvez \u00e9voluer pour vous\u00a0lib\u00e9rer de la souffrance qui\u00a0vient des blessures en lien avec votre enn\u00e9atype\u00a0sp\u00e9cifique.\u00a0En effet, votre personnalit\u00e9 n\u2019est pas seulement la fa\u00e7on dont vous vous r\u00e9v\u00e9lez dans et pour le monde, mais \u00e9galement la fa\u00e7on dont vous avez cach\u00e9 ou perdu le contact avec une grande partie de ce que vous pensez et ressentez, et emp\u00each\u00e9 la libre expression de votre vrai soi.<\/p>\n<p><strong>Vous pourrez alors commencer \u00e0 vous demander comment cela pourrait \u00eatre d\u2019\u00ab\u202f\u00eatre en dehors ou au-del\u00e0\u202f\u00bb de la personnalit\u00e9, et de faire la lumi\u00e8re sur votre \u00eatre rest\u00e9 dans l\u2019ombre.<\/strong>[\/vc_column_text][vc_btn title=\u00a0\u00bbVous inscrire\u00a0\u00bb color=\u00a0\u00bbinfo\u00a0\u00bb align=\u00a0\u00bbleft\u00a0\u00bb css=\u00a0\u00bb\u00a0\u00bb link=\u00a0\u00bburl:https%3A%2F%2Fwww.pnl.ch%2Fcollege-pnl%2Finscription\u00a0\u00bb][\/vc_column][\/vc_row][vc_row margin_top=\u00a0\u00bb40&Prime; margin_bottom=\u00a0\u00bb40&Prime;][vc_column][vc_tta_tabs style=\u00a0\u00bbmodern\u00a0\u00bb spacing=\u00a0\u00bb4&Prime; gap=\u00a0\u00bb4&Prime; active_section=\u00a0\u00bb1&Prime;][vc_tta_section title=\u00a0\u00bbObjectifs\u00a0\u00bb tab_id=\u00a0\u00bb1499940780377-eb0ebb9d-8ce2&Prime;][vc_column_text]<\/p>\n<ul class=\"puce-pnl\">\n<li>Int\u00e9grer au travers de l&rsquo;exp\u00e9rience en bin\u00f4me ou en mini-groupe les enn\u00e9atypes et les sous-types.<\/li>\n<li>Sur un 2\u00e8me niveau, comprendre l&rsquo;interaction des diff\u00e9rents sous-types \u00e0 travers les triades horneviennes (style social) et harmonique (style de conflit).<\/li>\n<li>Sur un 3\u00e8me niveau, s&rsquo;exercer \u00e0 accompagner en coaching ou en relation d&rsquo;aide un individu avec un questionnement puissant et avec l&rsquo;aide du protocol du ciseau. Ce dernier conduit \u00e0 des prises de conscience \u00e9tonnante de mani\u00e8re simple.<\/li>\n<\/ul>\n<p>[\/vc_column_text][\/vc_tta_section][vc_tta_section title=\u00a0\u00bbContenus\u00a0\u00bb tab_id=\u00a0\u00bb1499940780561-a1617689-5fdc\u00a0\u00bb][vc_column_text]<\/p>\n<ul class=\"puce-pnl\">\n<li>Int\u00e9gration des enn\u00e9atypes \u00e0 travers un support audio visuel.<\/li>\n<li>Pr\u00e9sentation des sous-types, puis leur compr\u00e9hension avec l&rsquo;exp\u00e9rience collective.<\/li>\n<li>Pr\u00e9sentation des centres et des ailes.<\/li>\n<li>Pr\u00e9sentation des triades horneviennes.<\/li>\n<li>Pr\u00e9sentation des triades harmoniques.<\/li>\n<li>Protocole du ciseau.<\/li>\n<\/ul>\n<p>[\/vc_column_text][\/vc_tta_section][vc_tta_section title=\u00a0\u00bbM\u00e9thode\u00a0\u00bb tab_id=\u00a0\u00bb1499940841696-2560ddc8-766c\u00a0\u00bb][vc_column_text]<\/p>\n<h5 style=\"margin-top: 5px;\">Personnes concern\u00e9es<\/h5>\n<p>Toutes personnes int\u00e9ress\u00e9es par une \u00e9volution personnelle, familiale, sociale ou professionnelle.<\/p>\n<p>Ce, s\u00e9minaire PNL et Enn\u00e9agramme, apporte un b\u00e9n\u00e9fice tout particulier aux professionnels de l\u2019accompagnement (coach, th\u00e9rapeute, psychoth\u00e9rapeute, psychologue, psychologue clinique et psychiatre). Il augmente la pr\u00e9sence dans la relation professionnelle, la relation d\u2019intimit\u00e9 ainsi que l\u2019enrichissement d\u2019hypoth\u00e8ses de travail et du profilage comportemental.<\/p>\n<h5>P\u00e9dagogie<\/h5>\n<p>Notre approche\u00a0s&rsquo;inspire des techniques d\u2019apprentissage acc\u00e9l\u00e9r\u00e9. Elle favorise\u00a0l\u2019int\u00e9gration rapide des connaissances et des savoir-faire.[\/vc_column_text][\/vc_tta_section][vc_tta_section title=\u00a0\u00bbInfos &amp; tarifs\u00a0\u00bb tab_id=\u00a0\u00bb1499940860989-62da19ac-8797&Prime;][vc_column_text css=\u00a0\u00bb\u00a0\u00bb]<\/p>\n<h5 style=\"margin-top: 5px;\">LANGUE<\/h5>\n<p>Fran\u00e7ais<\/p>\n<h5>ANIMATION<\/h5>\n<p><a href=\"https:\/\/www.pnl.ch\/formateurs\/giorgios-bouronikos\/\">Giorgios Bouronikos<\/a><br \/>\nSociologue &#8211; Expert en CBCA (Communication, Behavior and Credibility Analysis), Coach ICF MCC et Formateur en PNL.<\/p>\n<h5>PR\u00c9REQUIS<\/h5>\n<p>Le s\u00e9minaire PNL et Enn\u00e9agramme ou une bonne connaissance de l&rsquo;Enn\u00e9agramme.<\/p>\n<h5>PRIX<\/h5>\n<p>CHF 747.-<span style=\"color: #38761d;\">\u00a0<\/span><\/p>\n<h5>LIEU<\/h5>\n<p>Centre de formation\u00a0<a href=\"https:\/\/www.pnl.ch\/lieux\/centre-de-formation-college-romand\/\">Coll\u00e8ge Romand de PNL<\/a>, Denges[\/vc_column_text][\/vc_tta_section][vc_tta_section title=\u00a0\u00bbEt apr\u00e8s?\u00a0\u00bb tab_id=\u00a0\u00bb1499940880090-1e9a454d-1304&Prime;][vc_column_text]<\/p>\n<h5 style=\"margin-top: 5px;\">Ma\u00eetre Praticien en PNL<\/h5>\n<h3>Devenez un virtuose de la PNL gr\u00e2ce aux outils de personnalisation et un travail applicable au quotidien. Vous constaterez par vous-m\u00eame la performance dans vos interventions.<\/h3>\n<p>Dans le <a href=\"https:\/\/www.pnl.ch\/college-pnl\/formations\/praticien-en-pnl\/\">Praticien en PNL<\/a>, vous avez acquis de nombreux outils de communication et appris des techniques pour travailler sur le fonctionnement humain. Dans le <a href=\"https:\/\/www.pnl.ch\/college-pnl\/formations\/maitre-praticien-en-pnl\/\">Ma\u00eetre Praticien en PNL<\/a>, vous devenez un PNListe, capable de mod\u00e9liser naturellement.<\/p>\n<p>Vous \u00eates accompagn\u00e9 par un <a href=\"https:\/\/www.pnl.ch\/formateurs\/\" target=\"_blank\" rel=\"noopener noreferrer\">choix d&rsquo;experts<\/a> dans le domaine de la PNL, le coaching et l&rsquo;hypnose ericksonienne, plus de 100 ans d&rsquo;exp\u00e9rience cumul\u00e9e. Un nouveau programme combinant les piliers du <a href=\"https:\/\/www.pnl.ch\/college-pnl\/formations\/maitre-praticien-en-pnl\/\" target=\"_blank\" rel=\"noopener noreferrer\">Ma\u00eetre Praticien en PNL<\/a> et des domaines compl\u00e9mentaires, le tout pour vous permettre de cr\u00e9er des interventions sur mesure.<\/p>\n<p>En participant \u00e0 cette formation, vous b\u00e9n\u00e9ficiez de:<\/p>\n<ul class=\"puce-pnl\">\n<li>Un prix avantageux sur votre\u00a0<strong><a href=\"https:\/\/www.pnl.ch\/college-entreprise\/etes-vous-fait-pour-votre-travail\/\">profil professionnel L\u00e9onardo 3-4-5<\/a> avec un entretien de restitution<\/strong>.<\/li>\n<li>Un <strong>bilan de suivi \u00e9crit sur vos\u00a0comp\u00e9tences PNL<\/strong>\u00a0(si vous avez\u00a0particip\u00e9 au\u00a0<a href=\"https:\/\/www.pnl.ch\/college-pnl\/formations\/praticien-en-pnl\/\">Praticien en PNL<\/a> au Coll\u00e8ge Romand et encha\u00eenez directement avec le <a href=\"https:\/\/www.pnl.ch\/college-pnl\/formations\/maitre-praticien-en-pnl\/\">Ma\u00eetre Praticien en PNL<\/a>).<\/li>\n<li><strong>Deux coachings sur un travail pratique<\/strong> d&rsquo;application avec un formateur.<\/li>\n<\/ul>\n<p>Ce module, PNL et Enn\u00e9agramme, fait partie de la formation de <a href=\"https:\/\/www.pnl.ch\/college-pnl\/formations\/maitre-praticien-en-pnl\/\">Ma\u00eetre Praticien en PNL<\/a>, certifi\u00e9e par la maison m\u00e8re aux USA\u202f:\u00a0<em>The Society of NLP<\/em>. Cette formation peut \u00eatre suivie par modules ou sur deux ans.<\/p>\n<p><a href=\"https:\/\/www.pnl.ch\/college-pnl\/formations\/maitre-praticien-en-pnl\/\"><strong>D\u00e9couvrez les plus de cette formation\u2026<\/strong><\/a>[\/vc_column_text][\/vc_tta_section][\/vc_tta_tabs][\/vc_column][\/vc_row][vc_row margin_top=\u00a0\u00bb50&Prime;][vc_column][vc_column_text css=\u00a0\u00bb\u00a0\u00bb]Nous vous conseillons volontiers sur cette formation, contactez directement le Coll\u00e8ge PNL au <a href=\"tel:+41227369862\">+41 22 736 98 62<\/a> les lundi, mardi, jeudi et vendredi ou <a href=\"https:\/\/www.pnl.ch\/college-pnl\/entretien-d-orientation\">r\u00e9servez un entretien d&rsquo;orientation gratuit<\/a>.<br \/>\n[\/vc_column_text][vc_btn title=\u00a0\u00bbVous inscrire\u00a0\u00bb color=\u00a0\u00bbinfo\u00a0\u00bb align=\u00a0\u00bbleft\u00a0\u00bb css=\u00a0\u00bb\u00a0\u00bb link=\u00a0\u00bburl:https%3A%2F%2Fwww.pnl.ch%2Fcollege-pnl%2Finscription\u00a0\u00bb][\/vc_column][\/vc_row][vc_column][vc_column_text]<br \/>\n[\/vc_column_text][\/vc_column]<\/p>\n<\/div>","protected":false},"excerpt":{"rendered":"<p>[vc_row margin_top=\u00a0\u00bb-20&Prime;][vc_column width=\u00a0\u00bb1\/4&Prime;][vc_single_image image=\u00a0\u00bb51&Prime; img_size=\u00a0\u00bb250&#215;250&Prime; css_animation=\u00a0\u00bbzoomIn\u00a0\u00bb][\/vc_column][vc_column width=\u00a0\u00bb3\/4&Prime;][vc_column_text css=\u00a0\u00bb\u00a0\u00bb] Date \u00e0 venir L&rsquo;Enn\u00e9agramme nous permet d&rsquo;identifier nos sch\u00e9mas comportementaux et \u00e9motionnels dans lesquels nous nous sommes rigidifi\u00e9s. En prendre conscience, nous permettra de les remplacer par la spontan\u00e9it\u00e9 et l&rsquo;authenticit\u00e9 de l\u2019\u00ab\u202f\u00eatre\u202f\u00bb. Quelle armure avons-nous rev\u00eatue \u00e0 un certain moment de notre histoire, confondue ensuite avec&hellip;<\/p>\n","protected":false},"author":44,"featured_media":51,"parent":74,"menu_order":0,"comment_status":"closed","ping_status":"closed","template":"","meta":{"_acf_changed":false,"footnotes":""},"class_list":["post-1688","page","type-page","status-publish","has-post-thumbnail","hentry","description-off"],"acf":[],"yoast_head":"<!-- This site is optimized with the Yoast SEO Premium plugin v27.4 (Yoast SEO v27.4) - https:\/\/yoast.com\/product\/yoast-seo-premium-wordpress\/ -->\n<title>PNL et Enn\u00e9agramme 2 : int\u00e9gration et transformation | Coll\u00e8ge PNL<\/title>\n<meta name=\"description\" content=\"PNL et Enn\u00e9agramme: quelle armure avons-nous rev\u00eatue \u00e0 un certain moment de notre histoire, confondue ensuite avec notre peau\u202f?\" \/>\n<meta name=\"robots\" content=\"index, follow, max-snippet:-1, max-image-preview:large, max-video-preview:-1\" \/>\n<link rel=\"canonical\" href=\"https:\/\/www.pnl.ch\/college-pnl\/seminaires\/pnl-et-enneagramme-integration\/\" \/>\n<meta property=\"og:locale\" content=\"fr_FR\" \/>\n<meta property=\"og:type\" content=\"article\" \/>\n<meta property=\"og:title\" content=\"PNL et Enn\u00e9agramme 2 : int\u00e9gration et transformation\" \/>\n<meta property=\"og:description\" content=\"PNL et Enn\u00e9agramme: quelle armure avons-nous rev\u00eatue \u00e0 un certain moment de notre histoire, confondue ensuite avec notre peau\u202f?\" \/>\n<meta property=\"og:url\" content=\"https:\/\/www.pnl.ch\/college-pnl\/seminaires\/pnl-et-enneagramme-integration\/\" \/>\n<meta property=\"og:site_name\" content=\"Coll\u00e8ge PNL\" \/>\n<meta property=\"article:publisher\" content=\"https:\/\/www.facebook.com\/college.romand\/\" \/>\n<meta property=\"article:modified_time\" content=\"2024-11-03T23:38:39+00:00\" \/>\n<meta property=\"og:image\" content=\"https:\/\/www.pnl.ch\/college-pnl\/wp-content\/uploads\/sites\/2\/2024\/03\/enneagramme-jpg.webp\" \/>\n\t<meta property=\"og:image:width\" content=\"1200\" \/>\n\t<meta property=\"og:image:height\" content=\"675\" \/>\n\t<meta property=\"og:image:type\" content=\"image\/jpeg\" \/>\n<meta name=\"twitter:card\" content=\"summary_large_image\" \/>\n<meta name=\"twitter:description\" content=\"PNL et Enn\u00e9agramme: quelle armure avons-nous rev\u00eatue \u00e0 un certain moment de notre histoire, confondue ensuite avec notre peau\u202f?\" \/>\n<meta name=\"twitter:site\" content=\"@CollegeRomand\" \/>\n<meta name=\"twitter:label1\" content=\"Dur\u00e9e de lecture estim\u00e9e\" \/>\n\t<meta name=\"twitter:data1\" content=\"5 minutes\" \/>\n<script type=\"application\/ld+json\" class=\"yoast-schema-graph\">{\"@context\":\"https:\\\/\\\/schema.org\",\"@graph\":[{\"@type\":\"WebPage\",\"@id\":\"https:\\\/\\\/www.pnl.ch\\\/college-pnl\\\/seminaires\\\/pnl-et-enneagramme-integration\\\/\",\"url\":\"https:\\\/\\\/www.pnl.ch\\\/college-pnl\\\/seminaires\\\/pnl-et-enneagramme-integration\\\/\",\"name\":\"PNL et Enn\u00e9agramme 2 : int\u00e9gration et transformation | Coll\u00e8ge PNL\",\"isPartOf\":{\"@id\":\"https:\\\/\\\/www.pnl.ch\\\/college-pnl\\\/#website\"},\"primaryImageOfPage\":{\"@id\":\"https:\\\/\\\/www.pnl.ch\\\/college-pnl\\\/seminaires\\\/pnl-et-enneagramme-integration\\\/#primaryimage\"},\"image\":{\"@id\":\"https:\\\/\\\/www.pnl.ch\\\/college-pnl\\\/seminaires\\\/pnl-et-enneagramme-integration\\\/#primaryimage\"},\"thumbnailUrl\":\"https:\\\/\\\/www.pnl.ch\\\/college-pnl\\\/wp-content\\\/uploads\\\/sites\\\/2\\\/2017\\\/04\\\/pnl-enneagramme.jpg\",\"datePublished\":\"2019-08-19T15:14:54+00:00\",\"dateModified\":\"2024-11-03T23:38:39+00:00\",\"description\":\"PNL et Enn\u00e9agramme: quelle armure avons-nous rev\u00eatue \u00e0 un certain moment de notre histoire, confondue ensuite avec notre peau\u202f?\",\"breadcrumb\":{\"@id\":\"https:\\\/\\\/www.pnl.ch\\\/college-pnl\\\/seminaires\\\/pnl-et-enneagramme-integration\\\/#breadcrumb\"},\"inLanguage\":\"fr-FR\",\"potentialAction\":[{\"@type\":\"ReadAction\",\"target\":[\"https:\\\/\\\/www.pnl.ch\\\/college-pnl\\\/seminaires\\\/pnl-et-enneagramme-integration\\\/\"]}]},{\"@type\":\"ImageObject\",\"inLanguage\":\"fr-FR\",\"@id\":\"https:\\\/\\\/www.pnl.ch\\\/college-pnl\\\/seminaires\\\/pnl-et-enneagramme-integration\\\/#primaryimage\",\"url\":\"https:\\\/\\\/www.pnl.ch\\\/college-pnl\\\/wp-content\\\/uploads\\\/sites\\\/2\\\/2017\\\/04\\\/pnl-enneagramme.jpg\",\"contentUrl\":\"https:\\\/\\\/www.pnl.ch\\\/college-pnl\\\/wp-content\\\/uploads\\\/sites\\\/2\\\/2017\\\/04\\\/pnl-enneagramme.jpg\",\"width\":300,\"height\":300,\"caption\":\"S\u00e9minaire PNL et Enn\u00e9agramme\"},{\"@type\":\"BreadcrumbList\",\"@id\":\"https:\\\/\\\/www.pnl.ch\\\/college-pnl\\\/seminaires\\\/pnl-et-enneagramme-integration\\\/#breadcrumb\",\"itemListElement\":[{\"@type\":\"ListItem\",\"position\":1,\"name\":\"Accueil\",\"item\":\"https:\\\/\\\/www.pnl.ch\\\/college-pnl\\\/\"},{\"@type\":\"ListItem\",\"position\":2,\"name\":\"Seminaires\",\"item\":\"http:\\\/\\\/www.pnl.ch\\\/college-pnl\\\/seminaires\\\/\"},{\"@type\":\"ListItem\",\"position\":3,\"name\":\"PNL et Enn\u00e9agramme 2 : int\u00e9gration et transformation\"}]},{\"@type\":\"WebSite\",\"@id\":\"https:\\\/\\\/www.pnl.ch\\\/college-pnl\\\/#website\",\"url\":\"https:\\\/\\\/www.pnl.ch\\\/college-pnl\\\/\",\"name\":\"Coll\u00e8ge PNL\",\"description\":\"Formations certifiantes en Programmation Neuro Linguistique (PNL)\",\"publisher\":{\"@id\":\"https:\\\/\\\/www.pnl.ch\\\/college-pnl\\\/#organization\"},\"potentialAction\":[{\"@type\":\"SearchAction\",\"target\":{\"@type\":\"EntryPoint\",\"urlTemplate\":\"https:\\\/\\\/www.pnl.ch\\\/college-pnl\\\/?s={search_term_string}\"},\"query-input\":{\"@type\":\"PropertyValueSpecification\",\"valueRequired\":true,\"valueName\":\"search_term_string\"}}],\"inLanguage\":\"fr-FR\"},{\"@type\":\"Organization\",\"@id\":\"https:\\\/\\\/www.pnl.ch\\\/college-pnl\\\/#organization\",\"name\":\"Coll\u00e8ge Romand - Centre de formation d'adultes S\u00e0rl\",\"url\":\"https:\\\/\\\/www.pnl.ch\\\/college-pnl\\\/\",\"logo\":{\"@type\":\"ImageObject\",\"inLanguage\":\"fr-FR\",\"@id\":\"https:\\\/\\\/www.pnl.ch\\\/college-pnl\\\/#\\\/schema\\\/logo\\\/image\\\/\",\"url\":\"https:\\\/\\\/www.pnl.ch\\\/college-pnl\\\/wp-content\\\/uploads\\\/sites\\\/2\\\/2017\\\/04\\\/college-pnl-logo-nc.png\",\"contentUrl\":\"https:\\\/\\\/www.pnl.ch\\\/college-pnl\\\/wp-content\\\/uploads\\\/sites\\\/2\\\/2017\\\/04\\\/college-pnl-logo-nc.png\",\"width\":314,\"height\":200,\"caption\":\"Coll\u00e8ge Romand - Centre de formation d'adultes S\u00e0rl\"},\"image\":{\"@id\":\"https:\\\/\\\/www.pnl.ch\\\/college-pnl\\\/#\\\/schema\\\/logo\\\/image\\\/\"},\"sameAs\":[\"https:\\\/\\\/www.facebook.com\\\/college.romand\\\/\",\"https:\\\/\\\/x.com\\\/CollegeRomand\",\"https:\\\/\\\/www.linkedin.com\\\/school\\\/college-romand\\\/\",\"https:\\\/\\\/www.instagram.com\\\/collegeromand\\\/\"]}]}<\/script>\n<!-- \/ Yoast SEO Premium plugin. -->","yoast_head_json":{"title":"PNL et Enn\u00e9agramme 2 : int\u00e9gration et transformation | Coll\u00e8ge PNL","description":"PNL et Enn\u00e9agramme: quelle armure avons-nous rev\u00eatue \u00e0 un certain moment de notre histoire, confondue ensuite avec notre peau\u202f?","robots":{"index":"index","follow":"follow","max-snippet":"max-snippet:-1","max-image-preview":"max-image-preview:large","max-video-preview":"max-video-preview:-1"},"canonical":"https:\/\/www.pnl.ch\/college-pnl\/seminaires\/pnl-et-enneagramme-integration\/","og_locale":"fr_FR","og_type":"article","og_title":"PNL et Enn\u00e9agramme 2 : int\u00e9gration et transformation","og_description":"PNL et Enn\u00e9agramme: quelle armure avons-nous rev\u00eatue \u00e0 un certain moment de notre histoire, confondue ensuite avec notre peau\u202f?","og_url":"https:\/\/www.pnl.ch\/college-pnl\/seminaires\/pnl-et-enneagramme-integration\/","og_site_name":"Coll\u00e8ge PNL","article_publisher":"https:\/\/www.facebook.com\/college.romand\/","article_modified_time":"2024-11-03T23:38:39+00:00","og_image":[{"width":1200,"height":675,"url":"https:\/\/www.pnl.ch\/college-pnl\/wp-content\/uploads\/sites\/2\/2024\/03\/enneagramme-jpg.webp","type":"image\/jpeg"}],"twitter_card":"summary_large_image","twitter_description":"PNL et Enn\u00e9agramme: quelle armure avons-nous rev\u00eatue \u00e0 un certain moment de notre histoire, confondue ensuite avec notre peau\u202f?","twitter_site":"@CollegeRomand","twitter_misc":{"Dur\u00e9e de lecture estim\u00e9e":"5 minutes"},"schema":{"@context":"https:\/\/schema.org","@graph":[{"@type":"WebPage","@id":"https:\/\/www.pnl.ch\/college-pnl\/seminaires\/pnl-et-enneagramme-integration\/","url":"https:\/\/www.pnl.ch\/college-pnl\/seminaires\/pnl-et-enneagramme-integration\/","name":"PNL et Enn\u00e9agramme 2 : int\u00e9gration et transformation | Coll\u00e8ge PNL","isPartOf":{"@id":"https:\/\/www.pnl.ch\/college-pnl\/#website"},"primaryImageOfPage":{"@id":"https:\/\/www.pnl.ch\/college-pnl\/seminaires\/pnl-et-enneagramme-integration\/#primaryimage"},"image":{"@id":"https:\/\/www.pnl.ch\/college-pnl\/seminaires\/pnl-et-enneagramme-integration\/#primaryimage"},"thumbnailUrl":"https:\/\/www.pnl.ch\/college-pnl\/wp-content\/uploads\/sites\/2\/2017\/04\/pnl-enneagramme.jpg","datePublished":"2019-08-19T15:14:54+00:00","dateModified":"2024-11-03T23:38:39+00:00","description":"PNL et Enn\u00e9agramme: quelle armure avons-nous rev\u00eatue \u00e0 un certain moment de notre histoire, confondue ensuite avec notre peau\u202f?","breadcrumb":{"@id":"https:\/\/www.pnl.ch\/college-pnl\/seminaires\/pnl-et-enneagramme-integration\/#breadcrumb"},"inLanguage":"fr-FR","potentialAction":[{"@type":"ReadAction","target":["https:\/\/www.pnl.ch\/college-pnl\/seminaires\/pnl-et-enneagramme-integration\/"]}]},{"@type":"ImageObject","inLanguage":"fr-FR","@id":"https:\/\/www.pnl.ch\/college-pnl\/seminaires\/pnl-et-enneagramme-integration\/#primaryimage","url":"https:\/\/www.pnl.ch\/college-pnl\/wp-content\/uploads\/sites\/2\/2017\/04\/pnl-enneagramme.jpg","contentUrl":"https:\/\/www.pnl.ch\/college-pnl\/wp-content\/uploads\/sites\/2\/2017\/04\/pnl-enneagramme.jpg","width":300,"height":300,"caption":"S\u00e9minaire PNL et Enn\u00e9agramme"},{"@type":"BreadcrumbList","@id":"https:\/\/www.pnl.ch\/college-pnl\/seminaires\/pnl-et-enneagramme-integration\/#breadcrumb","itemListElement":[{"@type":"ListItem","position":1,"name":"Accueil","item":"https:\/\/www.pnl.ch\/college-pnl\/"},{"@type":"ListItem","position":2,"name":"Seminaires","item":"http:\/\/www.pnl.ch\/college-pnl\/seminaires\/"},{"@type":"ListItem","position":3,"name":"PNL et Enn\u00e9agramme 2 : int\u00e9gration et transformation"}]},{"@type":"WebSite","@id":"https:\/\/www.pnl.ch\/college-pnl\/#website","url":"https:\/\/www.pnl.ch\/college-pnl\/","name":"Coll\u00e8ge PNL","description":"Formations certifiantes en Programmation Neuro Linguistique (PNL)","publisher":{"@id":"https:\/\/www.pnl.ch\/college-pnl\/#organization"},"potentialAction":[{"@type":"SearchAction","target":{"@type":"EntryPoint","urlTemplate":"https:\/\/www.pnl.ch\/college-pnl\/?s={search_term_string}"},"query-input":{"@type":"PropertyValueSpecification","valueRequired":true,"valueName":"search_term_string"}}],"inLanguage":"fr-FR"},{"@type":"Organization","@id":"https:\/\/www.pnl.ch\/college-pnl\/#organization","name":"Coll\u00e8ge Romand - Centre de formation d'adultes S\u00e0rl","url":"https:\/\/www.pnl.ch\/college-pnl\/","logo":{"@type":"ImageObject","inLanguage":"fr-FR","@id":"https:\/\/www.pnl.ch\/college-pnl\/#\/schema\/logo\/image\/","url":"https:\/\/www.pnl.ch\/college-pnl\/wp-content\/uploads\/sites\/2\/2017\/04\/college-pnl-logo-nc.png","contentUrl":"https:\/\/www.pnl.ch\/college-pnl\/wp-content\/uploads\/sites\/2\/2017\/04\/college-pnl-logo-nc.png","width":314,"height":200,"caption":"Coll\u00e8ge Romand - Centre de formation d'adultes S\u00e0rl"},"image":{"@id":"https:\/\/www.pnl.ch\/college-pnl\/#\/schema\/logo\/image\/"},"sameAs":["https:\/\/www.facebook.com\/college.romand\/","https:\/\/x.com\/CollegeRomand","https:\/\/www.linkedin.com\/school\/college-romand\/","https:\/\/www.instagram.com\/collegeromand\/"]}]}},"_links":{"self":[{"href":"https:\/\/www.pnl.ch\/college-pnl\/wp-json\/wp\/v2\/pages\/1688","targetHints":{"allow":["GET"]}}],"collection":[{"href":"https:\/\/www.pnl.ch\/college-pnl\/wp-json\/wp\/v2\/pages"}],"about":[{"href":"https:\/\/www.pnl.ch\/college-pnl\/wp-json\/wp\/v2\/types\/page"}],"author":[{"embeddable":true,"href":"https:\/\/www.pnl.ch\/college-pnl\/wp-json\/wp\/v2\/users\/44"}],"replies":[{"embeddable":true,"href":"https:\/\/www.pnl.ch\/college-pnl\/wp-json\/wp\/v2\/comments?post=1688"}],"version-history":[{"count":28,"href":"https:\/\/www.pnl.ch\/college-pnl\/wp-json\/wp\/v2\/pages\/1688\/revisions"}],"predecessor-version":[{"id":3121,"href":"https:\/\/www.pnl.ch\/college-pnl\/wp-json\/wp\/v2\/pages\/1688\/revisions\/3121"}],"up":[{"embeddable":true,"href":"https:\/\/www.pnl.ch\/college-pnl\/wp-json\/wp\/v2\/pages\/74"}],"wp:featuredmedia":[{"embeddable":true,"href":"https:\/\/www.pnl.ch\/college-pnl\/wp-json\/wp\/v2\/media\/51"}],"wp:attachment":[{"href":"https:\/\/www.pnl.ch\/college-pnl\/wp-json\/wp\/v2\/media?parent=1688"}],"curies":[{"name":"wp","href":"https:\/\/api.w.org\/{rel}","templated":true}]}}