{"id":83,"date":"2017-04-06T13:23:29","date_gmt":"2017-04-06T11:23:29","guid":{"rendered":"https:\/\/www.pnl.ch\/college-pnl\/?page_id=83"},"modified":"2025-06-16T11:15:13","modified_gmt":"2025-06-16T09:15:13","slug":"pnl-enneagramme","status":"publish","type":"page","link":"https:\/\/www.pnl.ch\/college-pnl\/seminaires\/pnl-enneagramme\/","title":{"rendered":"PNL et Enn\u00e9agramme 1"},"content":{"rendered":"<div class=\"wpb-content-wrapper\"><p>[vc_row margin_top=\u00a0\u00bb-20&Prime;][vc_column width=\u00a0\u00bb1\/4&Prime;][vc_single_image image=\u00a0\u00bb51&Prime; img_size=\u00a0\u00bb250&#215;250&Prime; css_animation=\u00a0\u00bbzoomIn\u00a0\u00bb][\/vc_column][vc_column width=\u00a0\u00bb3\/4&Prime;][vc_column_text css=\u00a0\u00bb\u00a0\u00bb]<\/p>\n<p class=\"date-formation\">Du 29 et 30 ao\u00fbt 2026<img data-dominant-color=\"dce9ec\" data-has-transparency=\"false\" style=\"--dominant-color: #dce9ec;\" decoding=\"async\" class=\"wp-image-3218 alignright not-transparent\" src=\"http:\/\/www.pnl.ch\/college-pnl\/wp-content\/uploads\/sites\/2\/2025\/06\/Image-Logo-ICF-CCEU-300x300.jpg\" alt=\"\" width=\"150\" height=\"150\" srcset=\"https:\/\/www.pnl.ch\/college-pnl\/wp-content\/uploads\/sites\/2\/2025\/06\/Image-Logo-ICF-CCEU-300x300.jpg 300w, https:\/\/www.pnl.ch\/college-pnl\/wp-content\/uploads\/sites\/2\/2025\/06\/Image-Logo-ICF-CCEU-1024x1024.jpg 1024w, https:\/\/www.pnl.ch\/college-pnl\/wp-content\/uploads\/sites\/2\/2025\/06\/Image-Logo-ICF-CCEU-150x150.jpg 150w, https:\/\/www.pnl.ch\/college-pnl\/wp-content\/uploads\/sites\/2\/2025\/06\/Image-Logo-ICF-CCEU-768x768.jpg 768w, https:\/\/www.pnl.ch\/college-pnl\/wp-content\/uploads\/sites\/2\/2025\/06\/Image-Logo-ICF-CCEU.jpg 1200w\" sizes=\"(max-width: 150px) 100vw, 150px\" \/><\/p>\n<p><strong>Nos sch\u00e9mas les plus profonds agissent dans l&rsquo;ombre et passent inaper\u00e7us. En y mettant de la lumi\u00e8re, nous pouvons agir directement sur les pivots de notre personnalit\u00e9.<\/strong><\/p>\n<h3>L\u2019Enn\u00e9agramme est une grille de lecture de connaissance de soi et de l\u2019autre qui surprend par sa pertinence et sa justesse.<\/h3>\n<p>Au fil des si\u00e8cles, l\u2019enn\u00e9agramme (du grec ennea: \u00abneuf\u00bb et gramma: \u00ab\u00e9crit\u00bb\/\u00abd\u00e9sign\u00e9\u00bb) a \u00e9t\u00e9 <strong>pens\u00e9 et fa\u00e7onn\u00e9 \u00e0 partir de l\u2019observation attentive des comportements humains<\/strong>. Image symbolique de notre \u00e9volution psychologique et spirituelle, il s\u2019agit d\u2019une \u00e9toile \u00e0 neuf branches, repr\u00e9sentant neuf types de personnalit\u00e9s, neuf \u00abtendances\u00bb qui cohabitent en chacun de nous et qui vont \u00eatre d\u00e9terminantes dans la construction de notre personnalit\u00e9.[\/vc_column_text][vc_btn title=\u00a0\u00bbVous inscrire\u00a0\u00bb color=\u00a0\u00bbinfo\u00a0\u00bb align=\u00a0\u00bbleft\u00a0\u00bb css=\u00a0\u00bb\u00a0\u00bb link=\u00a0\u00bburl:https%3A%2F%2Fwww.pnl.ch%2Fcollege-pnl%2Finscription\u00a0\u00bb][vc_column_text css=\u00a0\u00bb\u00a0\u00bb]Transmis par voie orale, et de fa\u00e7on secr\u00e8te, il a ensuite \u00e9t\u00e9 d\u00e9velopp\u00e9 par les soufis. Au XXe si\u00e8cle, il a \u00e9t\u00e9 introduit en Occident par le ma\u00eetre spirituel Georges Gurdjieff (1872-1949), qui l\u2019utilisait pour <strong>mieux cerner la personnalit\u00e9 de ses \u00e9l\u00e8ves et apprendre \u00e0 chacun d\u2019entre eux<\/strong> <strong>comment se situer plus pr\u00e9cis\u00e9ment dans son \u00e9volution<\/strong>.<\/p>\n<p>C\u2019est au cours des ann\u00e9es 1960 que le psychologue Oscar Ichazo et le psychiatre Claudio Naranjo, d\u2019origine chilienne, l\u2019ont adapt\u00e9 \u00e0 la psychologie contemporaine. Depuis une bonne dizaine d\u2019ann\u00e9es, <strong>l\u2019enn\u00e9agramme est devenu un outil de connaissance de soi et de d\u00e9veloppement humain de plus en plus pris\u00e9, non seulement en psychoth\u00e9rapie, mais aussi en gestion du capital humain en entreprise<\/strong>.<\/p>\n<p>Le s\u00e9minaire PNL et Enn\u00e9agramme nous permet d&rsquo;identifier nos \u00e9motions et nos comportements. Il nous apporte un \u00e9clairage sur:<\/p>\n<ul class=\"puce-pnl\">\n<li>Les moteurs\u00a0de nos actions.<\/li>\n<li>L\u2019image que l\u2019on refl\u00e8te aux autres.<\/li>\n<li>L\u2019identification, l\u2019\u00e9valuation et la gestion de nos \u00e9motions: tristesse, peur, col\u00e8re, surprise, m\u00e9pris, etc.<\/li>\n<li>La gestion du stress.<\/li>\n<li>Le lien entre nos points forts et nos points faibles.<\/li>\n<li>Les comportements \u00e9gotiques et les axes de travail.<\/li>\n<\/ul>\n<p>Au travers d\u2019une m\u00e9thodologie interactive et en mettant \u00e0 contribution l\u2019intelligence et l\u2019exp\u00e9rience collective, cette formation permettra de:<\/p>\n<ul class=\"puce-pnl\">\n<li>Mieux se comprendre et comprendre les autres.<\/li>\n<li>D\u00e9velopper votre potentiel et celui des autres.<\/li>\n<li>Am\u00e9liorer l\u2019impact de votre communication.<\/li>\n<li>Vous affirmer positivement.<\/li>\n<li>R\u00e9soudre des conflits.<\/li>\n<li>Prendre des d\u00e9cisions.<\/li>\n<li>N\u00e9gocier ou g\u00e9rer des dynamiques d\u2019\u00e9quipes.<\/li>\n<\/ul>\n<p>[\/vc_column_text][\/vc_column][\/vc_row][vc_row margin_top=\u00a0\u00bb40&Prime; margin_bottom=\u00a0\u00bb40&Prime;][vc_column][vc_tta_tabs style=\u00a0\u00bbmodern\u00a0\u00bb spacing=\u00a0\u00bb4&Prime; gap=\u00a0\u00bb4&Prime; active_section=\u00a0\u00bb1&Prime;][vc_tta_section title=\u00a0\u00bbObjectifs\u00a0\u00bb tab_id=\u00a0\u00bbenneagramme-objectifs\u00a0\u00bb][vc_column_text]<\/p>\n<ul class=\"puce-pnl\">\n<li>Identifier son Enn\u00e9atype.<\/li>\n<li>Identifier les caract\u00e9ristiques propres \u00e0 chaque Enn\u00e9atype.<\/li>\n<li>Se situer au niveau de son propre d\u00e9veloppement personnel.<\/li>\n<li>Appliquer l&rsquo;Enn\u00e9agramme pour accompagner les autres.<\/li>\n<\/ul>\n<p>[\/vc_column_text][\/vc_tta_section][vc_tta_section title=\u00a0\u00bbContenus\u00a0\u00bb tab_id=\u00a0\u00bbenneagramme-contenus\u00a0\u00bb][vc_column_text]<\/p>\n<ul class=\"puce-pnl\">\n<li>Leur typologie de base selon les 9 Enn\u00e9atypes.<\/li>\n<li>Leurs ailes.<\/li>\n<li>Les peurs et les d\u00e9sirs propres \u00e0 chacun.<\/li>\n<li>Les niveaux de d\u00e9veloppement.<\/li>\n<li>La compulsion de base et ses cons\u00e9quences.<\/li>\n<li>Les voies d\u2019int\u00e9gration et de d\u00e9sint\u00e9gration\/polarisation.<\/li>\n<li>Les voies d\u2019harmonisation.<\/li>\n<li>Les voies de r\u00e9alisations directes.<\/li>\n<\/ul>\n<p>[\/vc_column_text][\/vc_tta_section][vc_tta_section title=\u00a0\u00bbM\u00e9thode\u00a0\u00bb tab_id=\u00a0\u00bbenneagramme-methode\u00a0\u00bb][vc_column_text]<\/p>\n<h5 style=\"margin-top: 5px;\">Personnes concern\u00e9es<\/h5>\n<p>Toutes personnes int\u00e9ress\u00e9es par une \u00e9volution personnelle, familiale, sociale ou professionnelle.<\/p>\n<p>Ce, s\u00e9minaire PNL et Enn\u00e9agramme, apporte un b\u00e9n\u00e9fice tout particulier aux professionnels de l\u2019accompagnement (coach, th\u00e9rapeute, psychoth\u00e9rapeute, psychologue, psychologue clinique et psychiatre). Il augmente la pr\u00e9sence dans la relation professionnelle, la relation d\u2019intimit\u00e9 ainsi que l\u2019enrichissement d\u2019hypoth\u00e8ses de travail et du profilage comportemental.<\/p>\n<h5>P\u00e9dagogie<\/h5>\n<p>Notre approche\u00a0s&rsquo;inspire des techniques d\u2019apprentissage acc\u00e9l\u00e9r\u00e9. Elle favorise\u00a0l\u2019int\u00e9gration rapide des connaissances et des savoir-faire. Nous soutenons\u00a0la mise en application imm\u00e9diate\u00a0des acquis gr\u00e2ce \u00e0 un\u00a0<a href=\"https:\/\/www.pnl.ch\/e-learning\/\">espace virtuel d\u2019apprentissage<\/a>.[\/vc_column_text][\/vc_tta_section][vc_tta_section title=\u00a0\u00bbInfos &amp; tarifs\u00a0\u00bb tab_id=\u00a0\u00bbenneagramme-infos\u00a0\u00bb][vc_column_text]<\/p>\n<h5 style=\"margin-top: 5px;\">LANGUE<\/h5>\n<p>Fran\u00e7ais<\/p>\n<h5>ANIMATION<\/h5>\n<p><a href=\"https:\/\/www.pnl.ch\/formateurs\/giorgios-bouronikos\/\">Giorgios Bouronikos<\/a><br \/>\nSociologue &#8211; Expert en CBCA (Communication, Behavior and Credibility Analysis), Coach ICF MCC et Formateur en PNL.<\/p>\n<h5>PR\u00c9REQUIS<\/h5>\n<p>Aucun<\/p>\n<h5>PRIX<\/h5>\n<p>CHF 747.-<\/p>\n<h5>LIEU<\/h5>\n<p><a href=\"https:\/\/www.pnl.ch\/lieux\/centre-de-formation-college-romand\/\">Centre de formation Coll\u00e8ge Romand<\/a>, Denges[\/vc_column_text][\/vc_tta_section][vc_tta_section title=\u00a0\u00bbEt apr\u00e8s?\u00a0\u00bb tab_id=\u00a0\u00bbenneagramme-et-apres\u00a0\u00bb][vc_column_text]<\/p>\n<h5 style=\"margin-top: 5px;\">Ma\u00eetre Praticien en PNL<\/h5>\n<h3>Devenez un virtuose de la PNL gr\u00e2ce aux outils de personnalisation et un travail applicable au quotidien. Vous constaterez par vous-m\u00eame la performance dans vos interventions.<\/h3>\n<p>Dans le <a href=\"https:\/\/www.pnl.ch\/college-pnl\/formations\/praticien-en-pnl\/\">Praticien en PNL<\/a>, vous avez acquis de nombreux outils de communication et appris des techniques pour travailler sur le fonctionnement humain. Dans le <a href=\"https:\/\/www.pnl.ch\/college-pnl\/formations\/maitre-praticien-en-pnl\/\">Ma\u00eetre Praticien en PNL<\/a>, vous devenez un PNListe, capable de mod\u00e9liser naturellement.<\/p>\n<p>Vous \u00eates accompagn\u00e9 par un <a href=\"https:\/\/www.pnl.ch\/formateurs\/\" target=\"_blank\" rel=\"noopener noreferrer\">choix d&rsquo;experts<\/a> dans le domaine de la PNL, le coaching et l&rsquo;hypnose ericksonienne, plus de 100 ans d&rsquo;exp\u00e9rience cumul\u00e9e. Un nouveau programme combinant les piliers du <a href=\"https:\/\/www.pnl.ch\/college-pnl\/formations\/maitre-praticien-en-pnl\/\" target=\"_blank\" rel=\"noopener noreferrer\">Ma\u00eetre Praticien en PNL<\/a> et des domaines compl\u00e9mentaires, le tout pour vous permettre de cr\u00e9er des interventions sur mesure.<\/p>\n<p>En participant \u00e0 cette formation, vous b\u00e9n\u00e9ficiez de:<\/p>\n<ul class=\"puce-pnl\">\n<li>Un prix avantageux sur votre\u00a0<strong><a href=\"https:\/\/www.pnl.ch\/college-entreprise\/etes-vous-fait-pour-votre-travail\/\">profil professionnel L\u00e9onardo 3-4-5<\/a> avec un entretien de restitution<\/strong>.<\/li>\n<li>Un <strong>bilan de suivi \u00e9crit sur vos\u00a0comp\u00e9tences PNL<\/strong>\u00a0(si vous avez\u00a0particip\u00e9 au\u00a0<a href=\"https:\/\/www.pnl.ch\/college-pnl\/formations\/praticien-en-pnl\/\">Praticien en PNL<\/a> au Coll\u00e8ge Romand et encha\u00eenez directement avec le <a href=\"https:\/\/www.pnl.ch\/college-pnl\/formations\/maitre-praticien-en-pnl\/\">Ma\u00eetre Praticien en PNL<\/a>).<\/li>\n<li><strong>Deux coachings sur un travail pratique<\/strong> d&rsquo;application avec un formateur.<\/li>\n<\/ul>\n<p>Ce module, PNL et Enn\u00e9agramme, fait partie de la formation de <a href=\"https:\/\/www.pnl.ch\/college-pnl\/formations\/maitre-praticien-en-pnl\/\">Ma\u00eetre Praticien en PNL<\/a>, certifi\u00e9e par la maison m\u00e8re aux USA\u202f:\u00a0<em>The Society of NLP<\/em>. Cette formation peut \u00eatre suivie par modules ou sur deux ans.<\/p>\n<p><a href=\"https:\/\/www.pnl.ch\/college-pnl\/formations\/maitre-praticien-en-pnl\/\"><strong>D\u00e9couvrez les plus de cette formation\u2026<\/strong><\/a>[\/vc_column_text][\/vc_tta_section][\/vc_tta_tabs][\/vc_column][\/vc_row][vc_row margin_top=\u00a0\u00bb50&Prime;][vc_column][vc_column_text css=\u00a0\u00bb\u00a0\u00bb]<strong>Nous vous conseillons volontiers sur cette formation, contactez directement le Coll\u00e8ge PNL au <a href=\"tel:+41227369862\">+41 22 736 98 62<\/a> les lundi, mardi, jeudi et vendredi.<\/strong>[\/vc_column_text][vc_btn title=\u00a0\u00bbVous inscrire\u00a0\u00bb color=\u00a0\u00bbinfo\u00a0\u00bb align=\u00a0\u00bbleft\u00a0\u00bb css=\u00a0\u00bb\u00a0\u00bb link=\u00a0\u00bburl:https%3A%2F%2Fwww.pnl.ch%2Fcollege-pnl%2Finscription\u00a0\u00bb][\/vc_column][\/vc_row][vc_column][vc_column_text]<br \/>\n[\/vc_column_text][\/vc_column]<\/p>\n<\/div>","protected":false},"excerpt":{"rendered":"<p>[vc_row margin_top=\u00a0\u00bb-20&Prime;][vc_column width=\u00a0\u00bb1\/4&Prime;][vc_single_image image=\u00a0\u00bb51&Prime; img_size=\u00a0\u00bb250&#215;250&Prime; css_animation=\u00a0\u00bbzoomIn\u00a0\u00bb][\/vc_column][vc_column width=\u00a0\u00bb3\/4&Prime;][vc_column_text css=\u00a0\u00bb\u00a0\u00bb] Du 29 et 30 ao\u00fbt 2026 Nos sch\u00e9mas les plus profonds agissent dans l&rsquo;ombre et passent inaper\u00e7us. En y mettant de la lumi\u00e8re, nous pouvons agir directement sur les pivots de notre personnalit\u00e9. L\u2019Enn\u00e9agramme est une grille de lecture de connaissance de soi et de l\u2019autre qui&hellip;<\/p>\n","protected":false},"author":1,"featured_media":51,"parent":74,"menu_order":0,"comment_status":"closed","ping_status":"closed","template":"","meta":{"_acf_changed":false,"footnotes":""},"class_list":["post-83","page","type-page","status-publish","has-post-thumbnail","hentry","description-off"],"acf":[],"yoast_head":"<!-- This site is optimized with the Yoast SEO Premium plugin v27.4 (Yoast SEO v27.4) - https:\/\/yoast.com\/product\/yoast-seo-premium-wordpress\/ -->\n<title>S\u00e9minaire PNL et Enn\u00e9agramme \u00e0 Lausanne | Coll\u00e8ge PNL<\/title>\n<meta name=\"description\" content=\"PNL et Enneagramme \u00e0 Lausanne: d\u00e9couvrez votre vraie personnalit\u00e9 en mettant de la lumi\u00e8re sur vos sch\u00e9mas les plus profonds\u2026\" \/>\n<meta name=\"robots\" content=\"index, follow, max-snippet:-1, max-image-preview:large, max-video-preview:-1\" \/>\n<link rel=\"canonical\" href=\"https:\/\/www.pnl.ch\/college-pnl\/seminaires\/pnl-enneagramme\/\" \/>\n<meta property=\"og:locale\" content=\"fr_FR\" \/>\n<meta property=\"og:type\" content=\"article\" \/>\n<meta property=\"og:title\" content=\"PNL et Enn\u00e9agramme 1\" \/>\n<meta property=\"og:description\" content=\"PNL et Enneagramme \u00e0 Lausanne: d\u00e9couvrez votre vraie personnalit\u00e9 en mettant de la lumi\u00e8re sur vos sch\u00e9mas les plus profonds\u2026\" \/>\n<meta property=\"og:url\" content=\"https:\/\/www.pnl.ch\/college-pnl\/seminaires\/pnl-enneagramme\/\" \/>\n<meta property=\"og:site_name\" content=\"Coll\u00e8ge PNL\" \/>\n<meta property=\"article:publisher\" content=\"https:\/\/www.facebook.com\/college.romand\/\" \/>\n<meta property=\"article:modified_time\" content=\"2025-06-16T09:15:13+00:00\" \/>\n<meta property=\"og:image\" content=\"http:\/\/www.pnl.ch\/college-pnl\/wp-content\/uploads\/sites\/2\/2024\/03\/enneagramme-jpg.webp\" \/>\n\t<meta property=\"og:image:width\" content=\"1200\" \/>\n\t<meta property=\"og:image:height\" content=\"675\" \/>\n\t<meta property=\"og:image:type\" content=\"image\/jpeg\" \/>\n<meta name=\"twitter:card\" content=\"summary_large_image\" \/>\n<meta name=\"twitter:description\" content=\"PNL et Enneagramme \u00e0 Lausanne: d\u00e9couvrez votre vraie personnalit\u00e9 en mettant de la lumi\u00e8re sur vos sch\u00e9mas les plus profonds\u2026\" \/>\n<meta name=\"twitter:site\" content=\"@CollegeRomand\" \/>\n<meta name=\"twitter:label1\" content=\"Dur\u00e9e de lecture estim\u00e9e\" \/>\n\t<meta name=\"twitter:data1\" content=\"5 minutes\" \/>\n<script type=\"application\/ld+json\" class=\"yoast-schema-graph\">{\"@context\":\"https:\\\/\\\/schema.org\",\"@graph\":[{\"@type\":\"WebPage\",\"@id\":\"https:\\\/\\\/www.pnl.ch\\\/college-pnl\\\/seminaires\\\/pnl-enneagramme\\\/\",\"url\":\"https:\\\/\\\/www.pnl.ch\\\/college-pnl\\\/seminaires\\\/pnl-enneagramme\\\/\",\"name\":\"S\u00e9minaire PNL et Enn\u00e9agramme \u00e0 Lausanne | Coll\u00e8ge PNL\",\"isPartOf\":{\"@id\":\"https:\\\/\\\/www.pnl.ch\\\/college-pnl\\\/#website\"},\"primaryImageOfPage\":{\"@id\":\"https:\\\/\\\/www.pnl.ch\\\/college-pnl\\\/seminaires\\\/pnl-enneagramme\\\/#primaryimage\"},\"image\":{\"@id\":\"https:\\\/\\\/www.pnl.ch\\\/college-pnl\\\/seminaires\\\/pnl-enneagramme\\\/#primaryimage\"},\"thumbnailUrl\":\"https:\\\/\\\/www.pnl.ch\\\/college-pnl\\\/wp-content\\\/uploads\\\/sites\\\/2\\\/2017\\\/04\\\/pnl-enneagramme.jpg\",\"datePublished\":\"2017-04-06T11:23:29+00:00\",\"dateModified\":\"2025-06-16T09:15:13+00:00\",\"description\":\"PNL et Enneagramme \u00e0 Lausanne: d\u00e9couvrez votre vraie personnalit\u00e9 en mettant de la lumi\u00e8re sur vos sch\u00e9mas les plus profonds\u2026\",\"breadcrumb\":{\"@id\":\"https:\\\/\\\/www.pnl.ch\\\/college-pnl\\\/seminaires\\\/pnl-enneagramme\\\/#breadcrumb\"},\"inLanguage\":\"fr-FR\",\"potentialAction\":[{\"@type\":\"ReadAction\",\"target\":[\"https:\\\/\\\/www.pnl.ch\\\/college-pnl\\\/seminaires\\\/pnl-enneagramme\\\/\"]}]},{\"@type\":\"ImageObject\",\"inLanguage\":\"fr-FR\",\"@id\":\"https:\\\/\\\/www.pnl.ch\\\/college-pnl\\\/seminaires\\\/pnl-enneagramme\\\/#primaryimage\",\"url\":\"https:\\\/\\\/www.pnl.ch\\\/college-pnl\\\/wp-content\\\/uploads\\\/sites\\\/2\\\/2017\\\/04\\\/pnl-enneagramme.jpg\",\"contentUrl\":\"https:\\\/\\\/www.pnl.ch\\\/college-pnl\\\/wp-content\\\/uploads\\\/sites\\\/2\\\/2017\\\/04\\\/pnl-enneagramme.jpg\",\"width\":300,\"height\":300,\"caption\":\"S\u00e9minaire PNL et Enn\u00e9agramme\"},{\"@type\":\"BreadcrumbList\",\"@id\":\"https:\\\/\\\/www.pnl.ch\\\/college-pnl\\\/seminaires\\\/pnl-enneagramme\\\/#breadcrumb\",\"itemListElement\":[{\"@type\":\"ListItem\",\"position\":1,\"name\":\"Accueil\",\"item\":\"https:\\\/\\\/www.pnl.ch\\\/college-pnl\\\/\"},{\"@type\":\"ListItem\",\"position\":2,\"name\":\"Seminaires\",\"item\":\"http:\\\/\\\/www.pnl.ch\\\/college-pnl\\\/seminaires\\\/\"},{\"@type\":\"ListItem\",\"position\":3,\"name\":\"PNL et Enn\u00e9agramme 1\"}]},{\"@type\":\"WebSite\",\"@id\":\"https:\\\/\\\/www.pnl.ch\\\/college-pnl\\\/#website\",\"url\":\"https:\\\/\\\/www.pnl.ch\\\/college-pnl\\\/\",\"name\":\"Coll\u00e8ge PNL\",\"description\":\"Formations certifiantes en Programmation Neuro Linguistique (PNL)\",\"publisher\":{\"@id\":\"https:\\\/\\\/www.pnl.ch\\\/college-pnl\\\/#organization\"},\"potentialAction\":[{\"@type\":\"SearchAction\",\"target\":{\"@type\":\"EntryPoint\",\"urlTemplate\":\"https:\\\/\\\/www.pnl.ch\\\/college-pnl\\\/?s={search_term_string}\"},\"query-input\":{\"@type\":\"PropertyValueSpecification\",\"valueRequired\":true,\"valueName\":\"search_term_string\"}}],\"inLanguage\":\"fr-FR\"},{\"@type\":\"Organization\",\"@id\":\"https:\\\/\\\/www.pnl.ch\\\/college-pnl\\\/#organization\",\"name\":\"Coll\u00e8ge Romand - Centre de formation d'adultes S\u00e0rl\",\"url\":\"https:\\\/\\\/www.pnl.ch\\\/college-pnl\\\/\",\"logo\":{\"@type\":\"ImageObject\",\"inLanguage\":\"fr-FR\",\"@id\":\"https:\\\/\\\/www.pnl.ch\\\/college-pnl\\\/#\\\/schema\\\/logo\\\/image\\\/\",\"url\":\"https:\\\/\\\/www.pnl.ch\\\/college-pnl\\\/wp-content\\\/uploads\\\/sites\\\/2\\\/2017\\\/04\\\/college-pnl-logo-nc.png\",\"contentUrl\":\"https:\\\/\\\/www.pnl.ch\\\/college-pnl\\\/wp-content\\\/uploads\\\/sites\\\/2\\\/2017\\\/04\\\/college-pnl-logo-nc.png\",\"width\":314,\"height\":200,\"caption\":\"Coll\u00e8ge Romand - Centre de formation d'adultes S\u00e0rl\"},\"image\":{\"@id\":\"https:\\\/\\\/www.pnl.ch\\\/college-pnl\\\/#\\\/schema\\\/logo\\\/image\\\/\"},\"sameAs\":[\"https:\\\/\\\/www.facebook.com\\\/college.romand\\\/\",\"https:\\\/\\\/x.com\\\/CollegeRomand\",\"https:\\\/\\\/www.linkedin.com\\\/school\\\/college-romand\\\/\",\"https:\\\/\\\/www.instagram.com\\\/collegeromand\\\/\"]}]}<\/script>\n<!-- \/ Yoast SEO Premium plugin. -->","yoast_head_json":{"title":"S\u00e9minaire PNL et Enn\u00e9agramme \u00e0 Lausanne | Coll\u00e8ge PNL","description":"PNL et Enneagramme \u00e0 Lausanne: d\u00e9couvrez votre vraie personnalit\u00e9 en mettant de la lumi\u00e8re sur vos sch\u00e9mas les plus profonds\u2026","robots":{"index":"index","follow":"follow","max-snippet":"max-snippet:-1","max-image-preview":"max-image-preview:large","max-video-preview":"max-video-preview:-1"},"canonical":"https:\/\/www.pnl.ch\/college-pnl\/seminaires\/pnl-enneagramme\/","og_locale":"fr_FR","og_type":"article","og_title":"PNL et Enn\u00e9agramme 1","og_description":"PNL et Enneagramme \u00e0 Lausanne: d\u00e9couvrez votre vraie personnalit\u00e9 en mettant de la lumi\u00e8re sur vos sch\u00e9mas les plus profonds\u2026","og_url":"https:\/\/www.pnl.ch\/college-pnl\/seminaires\/pnl-enneagramme\/","og_site_name":"Coll\u00e8ge PNL","article_publisher":"https:\/\/www.facebook.com\/college.romand\/","article_modified_time":"2025-06-16T09:15:13+00:00","og_image":[{"width":1200,"height":675,"url":"http:\/\/www.pnl.ch\/college-pnl\/wp-content\/uploads\/sites\/2\/2024\/03\/enneagramme-jpg.webp","type":"image\/jpeg"}],"twitter_card":"summary_large_image","twitter_description":"PNL et Enneagramme \u00e0 Lausanne: d\u00e9couvrez votre vraie personnalit\u00e9 en mettant de la lumi\u00e8re sur vos sch\u00e9mas les plus profonds\u2026","twitter_site":"@CollegeRomand","twitter_misc":{"Dur\u00e9e de lecture estim\u00e9e":"5 minutes"},"schema":{"@context":"https:\/\/schema.org","@graph":[{"@type":"WebPage","@id":"https:\/\/www.pnl.ch\/college-pnl\/seminaires\/pnl-enneagramme\/","url":"https:\/\/www.pnl.ch\/college-pnl\/seminaires\/pnl-enneagramme\/","name":"S\u00e9minaire PNL et Enn\u00e9agramme \u00e0 Lausanne | Coll\u00e8ge PNL","isPartOf":{"@id":"https:\/\/www.pnl.ch\/college-pnl\/#website"},"primaryImageOfPage":{"@id":"https:\/\/www.pnl.ch\/college-pnl\/seminaires\/pnl-enneagramme\/#primaryimage"},"image":{"@id":"https:\/\/www.pnl.ch\/college-pnl\/seminaires\/pnl-enneagramme\/#primaryimage"},"thumbnailUrl":"https:\/\/www.pnl.ch\/college-pnl\/wp-content\/uploads\/sites\/2\/2017\/04\/pnl-enneagramme.jpg","datePublished":"2017-04-06T11:23:29+00:00","dateModified":"2025-06-16T09:15:13+00:00","description":"PNL et Enneagramme \u00e0 Lausanne: d\u00e9couvrez votre vraie personnalit\u00e9 en mettant de la lumi\u00e8re sur vos sch\u00e9mas les plus profonds\u2026","breadcrumb":{"@id":"https:\/\/www.pnl.ch\/college-pnl\/seminaires\/pnl-enneagramme\/#breadcrumb"},"inLanguage":"fr-FR","potentialAction":[{"@type":"ReadAction","target":["https:\/\/www.pnl.ch\/college-pnl\/seminaires\/pnl-enneagramme\/"]}]},{"@type":"ImageObject","inLanguage":"fr-FR","@id":"https:\/\/www.pnl.ch\/college-pnl\/seminaires\/pnl-enneagramme\/#primaryimage","url":"https:\/\/www.pnl.ch\/college-pnl\/wp-content\/uploads\/sites\/2\/2017\/04\/pnl-enneagramme.jpg","contentUrl":"https:\/\/www.pnl.ch\/college-pnl\/wp-content\/uploads\/sites\/2\/2017\/04\/pnl-enneagramme.jpg","width":300,"height":300,"caption":"S\u00e9minaire PNL et Enn\u00e9agramme"},{"@type":"BreadcrumbList","@id":"https:\/\/www.pnl.ch\/college-pnl\/seminaires\/pnl-enneagramme\/#breadcrumb","itemListElement":[{"@type":"ListItem","position":1,"name":"Accueil","item":"https:\/\/www.pnl.ch\/college-pnl\/"},{"@type":"ListItem","position":2,"name":"Seminaires","item":"http:\/\/www.pnl.ch\/college-pnl\/seminaires\/"},{"@type":"ListItem","position":3,"name":"PNL et Enn\u00e9agramme 1"}]},{"@type":"WebSite","@id":"https:\/\/www.pnl.ch\/college-pnl\/#website","url":"https:\/\/www.pnl.ch\/college-pnl\/","name":"Coll\u00e8ge PNL","description":"Formations certifiantes en Programmation Neuro Linguistique (PNL)","publisher":{"@id":"https:\/\/www.pnl.ch\/college-pnl\/#organization"},"potentialAction":[{"@type":"SearchAction","target":{"@type":"EntryPoint","urlTemplate":"https:\/\/www.pnl.ch\/college-pnl\/?s={search_term_string}"},"query-input":{"@type":"PropertyValueSpecification","valueRequired":true,"valueName":"search_term_string"}}],"inLanguage":"fr-FR"},{"@type":"Organization","@id":"https:\/\/www.pnl.ch\/college-pnl\/#organization","name":"Coll\u00e8ge Romand - Centre de formation d'adultes S\u00e0rl","url":"https:\/\/www.pnl.ch\/college-pnl\/","logo":{"@type":"ImageObject","inLanguage":"fr-FR","@id":"https:\/\/www.pnl.ch\/college-pnl\/#\/schema\/logo\/image\/","url":"https:\/\/www.pnl.ch\/college-pnl\/wp-content\/uploads\/sites\/2\/2017\/04\/college-pnl-logo-nc.png","contentUrl":"https:\/\/www.pnl.ch\/college-pnl\/wp-content\/uploads\/sites\/2\/2017\/04\/college-pnl-logo-nc.png","width":314,"height":200,"caption":"Coll\u00e8ge Romand - Centre de formation d'adultes S\u00e0rl"},"image":{"@id":"https:\/\/www.pnl.ch\/college-pnl\/#\/schema\/logo\/image\/"},"sameAs":["https:\/\/www.facebook.com\/college.romand\/","https:\/\/x.com\/CollegeRomand","https:\/\/www.linkedin.com\/school\/college-romand\/","https:\/\/www.instagram.com\/collegeromand\/"]}]}},"_links":{"self":[{"href":"https:\/\/www.pnl.ch\/college-pnl\/wp-json\/wp\/v2\/pages\/83","targetHints":{"allow":["GET"]}}],"collection":[{"href":"https:\/\/www.pnl.ch\/college-pnl\/wp-json\/wp\/v2\/pages"}],"about":[{"href":"https:\/\/www.pnl.ch\/college-pnl\/wp-json\/wp\/v2\/types\/page"}],"author":[{"embeddable":true,"href":"https:\/\/www.pnl.ch\/college-pnl\/wp-json\/wp\/v2\/users\/1"}],"replies":[{"embeddable":true,"href":"https:\/\/www.pnl.ch\/college-pnl\/wp-json\/wp\/v2\/comments?post=83"}],"version-history":[{"count":32,"href":"https:\/\/www.pnl.ch\/college-pnl\/wp-json\/wp\/v2\/pages\/83\/revisions"}],"predecessor-version":[{"id":3226,"href":"https:\/\/www.pnl.ch\/college-pnl\/wp-json\/wp\/v2\/pages\/83\/revisions\/3226"}],"up":[{"embeddable":true,"href":"https:\/\/www.pnl.ch\/college-pnl\/wp-json\/wp\/v2\/pages\/74"}],"wp:featuredmedia":[{"embeddable":true,"href":"https:\/\/www.pnl.ch\/college-pnl\/wp-json\/wp\/v2\/media\/51"}],"wp:attachment":[{"href":"https:\/\/www.pnl.ch\/college-pnl\/wp-json\/wp\/v2\/media?parent=83"}],"curies":[{"name":"wp","href":"https:\/\/api.w.org\/{rel}","templated":true}]}}